{"id":107562,"date":"2019-09-30T06:39:25","date_gmt":"2019-09-30T06:39:25","guid":{"rendered":"https:\/\/www.storevan.com\/?page_id=107562"},"modified":"2019-09-30T06:39:25","modified_gmt":"2019-09-30T06:39:25","slug":"protector-paso-de-rueda","status":"publish","type":"page","link":"https:\/\/www.storevan.com\/es\/productos\/protector-paso-de-rueda\/","title":{"rendered":"Protector del paso de rueda"},"content":{"rendered":"<h1 class=\"customblackTitleSmall\">Protector del paso de rueda para furgonetas<\/h1>\n<h2 class=\"txtUp\">Proteja la carrocer\u00eda del veh\u00edculo con el protector del paso de rueda para furgonetas Store Van<\/h2>\n<p>El protector del paso de rueda para furgonetas de Store Van nace de la necesidad de proteger y, al mismo tiempo, mejorar el revestimiento interior de cualquier furgoneta.<\/p>\n<div id=\"cf3a\">\n<div id=\"galleryPassaruota\">\n\t<img decoding=\"async\" src=\"https:\/\/www.storevan.com\/wp-content\/uploads\/2019\/09\/copripassaruota-ani-03.jpg\" alt=\"Protector del paso de rueda\" style=\"width:100%; opacity:0;\"\/>\n\t<\/div>\n<\/div>\n<div class=\"clearboth\"><\/div>\n<div class=\"ts-gallery col-md-10 col-md-offset-1 galleryEffect class=\">\n<div class=\"borderTitleCenterOrange\"><\/div>\n<div class=\"col-xs-4 col-md-2 galleryPage\"><a title=\"Marco lateral perforado para accesorios\" href=\"https:\/\/www.storevan.com\/wp-content\/uploads\/2019\/09\/e-accessori.jpg\"><span class=\"testoImgSfondo text-center\">1<\/span><img decoding=\"async\" loading=\"lazy\" class=\"aligncenter size-thumbnail wp-image-107309\" src=\"https:\/\/www.storevan.com\/wp-content\/uploads\/2019\/09\/e-accessori-150x150.jpg\" alt=\"Marco lateral perforado para accesorios\" width=\"150\" height=\"150\" srcset=\"https:\/\/www.storevan.com\/wp-content\/uploads\/2019\/09\/e-accessori-150x150.jpg 150w, https:\/\/www.storevan.com\/wp-content\/uploads\/2019\/09\/e-accessori-300x300.jpg 300w, https:\/\/www.storevan.com\/wp-content\/uploads\/2019\/09\/e-accessori-768x768.jpg 768w, https:\/\/www.storevan.com\/wp-content\/uploads\/2019\/09\/e-accessori-48x48.jpg 48w, https:\/\/www.storevan.com\/wp-content\/uploads\/2019\/09\/e-accessori-480x480.jpg 480w, https:\/\/www.storevan.com\/wp-content\/uploads\/2019\/09\/e-accessori.jpg 800w\" sizes=\"(max-width: 150px) 100vw, 150px\" \/><\/a><\/div>\n<div class=\"col-xs-4 col-md-2 galleryPage\"><a title=\"Compartimento t\u00e9cnico de carga con barra de sujeci\u00f3n correspondiente\" href=\"https:\/\/www.storevan.com\/wp-content\/uploads\/2019\/09\/e-barra-fermacarico.jpg\"><span class=\"testoImgSfondo text-center\">2<\/span><img decoding=\"async\" loading=\"lazy\" class=\"aligncenter size-thumbnail wp-image-107315\" src=\"https:\/\/www.storevan.com\/wp-content\/uploads\/2019\/09\/e-barra-fermacarico-150x150.jpg\" alt=\"Compartimento t\u00e9cnico de carga con barra de sujeci\u00f3n correspondiente\" width=\"150\" height=\"150\" srcset=\"https:\/\/www.storevan.com\/wp-content\/uploads\/2019\/09\/e-barra-fermacarico-150x150.jpg 150w, https:\/\/www.storevan.com\/wp-content\/uploads\/2019\/09\/e-barra-fermacarico-300x300.jpg 300w, https:\/\/www.storevan.com\/wp-content\/uploads\/2019\/09\/e-barra-fermacarico-768x768.jpg 768w, https:\/\/www.storevan.com\/wp-content\/uploads\/2019\/09\/e-barra-fermacarico-48x48.jpg 48w, https:\/\/www.storevan.com\/wp-content\/uploads\/2019\/09\/e-barra-fermacarico-480x480.jpg 480w, https:\/\/www.storevan.com\/wp-content\/uploads\/2019\/09\/e-barra-fermacarico.jpg 800w\" sizes=\"(max-width: 150px) 100vw, 150px\" \/><\/a><\/div>\n<div class=\"col-xs-4 col-md-2 galleryPage\"><a title=\"Cobertura frontal antigolpes de madera o acero\" href=\"https:\/\/www.storevan.com\/wp-content\/uploads\/2019\/09\/e-metallo-legno.jpg\"><span class=\"testoImgSfondo text-center\">3<\/span><img decoding=\"async\" loading=\"lazy\" class=\"aligncenter size-thumbnail wp-image-107321\" src=\"https:\/\/www.storevan.com\/wp-content\/uploads\/2019\/09\/e-metallo-legno-150x150.jpg\" alt=\"Cobertura frontal antigolpes de madera o acero\" width=\"150\" height=\"150\" srcset=\"https:\/\/www.storevan.com\/wp-content\/uploads\/2019\/09\/e-metallo-legno-150x150.jpg 150w, https:\/\/www.storevan.com\/wp-content\/uploads\/2019\/09\/e-metallo-legno-300x300.jpg 300w, https:\/\/www.storevan.com\/wp-content\/uploads\/2019\/09\/e-metallo-legno-768x768.jpg 768w, https:\/\/www.storevan.com\/wp-content\/uploads\/2019\/09\/e-metallo-legno-48x48.jpg 48w, https:\/\/www.storevan.com\/wp-content\/uploads\/2019\/09\/e-metallo-legno-480x480.jpg 480w, https:\/\/www.storevan.com\/wp-content\/uploads\/2019\/09\/e-metallo-legno.jpg 800w\" sizes=\"(max-width: 150px) 100vw, 150px\" \/><\/a><\/div>\n<div class=\"col-xs-4 col-md-2 galleryPage\"><a title=\"Pintura de cataforesis anticorrosiva\" href=\"https:\/\/www.storevan.com\/wp-content\/uploads\/2019\/09\/e-vernice.jpg\"><span class=\"testoImgSfondo text-center\">4<\/span><img decoding=\"async\" loading=\"lazy\" class=\"aligncenter size-thumbnail wp-image-107621\" src=\"https:\/\/www.storevan.com\/wp-content\/uploads\/2019\/09\/e-vernice-150x150.jpg\" alt=\"Pintura de cataforesis anticorrosiva\" width=\"150\" height=\"150\" srcset=\"https:\/\/www.storevan.com\/wp-content\/uploads\/2019\/09\/e-vernice-150x150.jpg 150w, https:\/\/www.storevan.com\/wp-content\/uploads\/2019\/09\/e-vernice-300x300.jpg 300w, https:\/\/www.storevan.com\/wp-content\/uploads\/2019\/09\/e-vernice-768x768.jpg 768w, https:\/\/www.storevan.com\/wp-content\/uploads\/2019\/09\/e-vernice-48x48.jpg 48w, https:\/\/www.storevan.com\/wp-content\/uploads\/2019\/09\/e-vernice-480x480.jpg 480w, https:\/\/www.storevan.com\/wp-content\/uploads\/2019\/09\/e-vernice.jpg 800w\" sizes=\"(max-width: 150px) 100vw, 150px\" \/><\/a><\/div>\n<div class=\"col-xs-4 col-md-2 galleryPage\"><a title=\"Sistema de fijaci\u00f3n oculta\" href=\"https:\/\/www.storevan.com\/wp-content\/uploads\/2019\/09\/e-fissaggi-a-scomparsa.jpg\"><span class=\"testoImgSfondo text-center\">5<\/span><img decoding=\"async\" loading=\"lazy\" class=\"aligncenter size-thumbnail wp-image-107615\" src=\"https:\/\/www.storevan.com\/wp-content\/uploads\/2019\/09\/e-fissaggi-a-scomparsa-150x150.jpg\" alt=\"Sistema de fijaci\u00f3n oculta\" width=\"150\" height=\"150\" srcset=\"https:\/\/www.storevan.com\/wp-content\/uploads\/2019\/09\/e-fissaggi-a-scomparsa-150x150.jpg 150w, https:\/\/www.storevan.com\/wp-content\/uploads\/2019\/09\/e-fissaggi-a-scomparsa-300x300.jpg 300w, https:\/\/www.storevan.com\/wp-content\/uploads\/2019\/09\/e-fissaggi-a-scomparsa-768x768.jpg 768w, https:\/\/www.storevan.com\/wp-content\/uploads\/2019\/09\/e-fissaggi-a-scomparsa-48x48.jpg 48w, https:\/\/www.storevan.com\/wp-content\/uploads\/2019\/09\/e-fissaggi-a-scomparsa-480x480.jpg 480w, https:\/\/www.storevan.com\/wp-content\/uploads\/2019\/09\/e-fissaggi-a-scomparsa.jpg 800w\" sizes=\"(max-width: 150px) 100vw, 150px\" \/><\/a><\/div>\n<div class=\"col-xs-4 col-md-2 galleryPage\"><a title=\"Bandeja superior con alfombrilla antideslizante\" href=\"https:\/\/www.storevan.com\/wp-content\/uploads\/2019\/09\/e-tappetino.jpg\"><span class=\"testoImgSfondo text-center\">6<\/span><img decoding=\"async\" loading=\"lazy\" class=\"aligncenter size-thumbnail wp-image-107303\" src=\"https:\/\/www.storevan.com\/wp-content\/uploads\/2019\/09\/e-tappetino-150x150.jpg\" alt=\"Bandeja superior con alfombrilla antideslizante\" width=\"150\" height=\"150\" srcset=\"https:\/\/www.storevan.com\/wp-content\/uploads\/2019\/09\/e-tappetino-150x150.jpg 150w, https:\/\/www.storevan.com\/wp-content\/uploads\/2019\/09\/e-tappetino-300x300.jpg 300w, https:\/\/www.storevan.com\/wp-content\/uploads\/2019\/09\/e-tappetino-768x768.jpg 768w, https:\/\/www.storevan.com\/wp-content\/uploads\/2019\/09\/e-tappetino-48x48.jpg 48w, https:\/\/www.storevan.com\/wp-content\/uploads\/2019\/09\/e-tappetino-480x480.jpg 480w, https:\/\/www.storevan.com\/wp-content\/uploads\/2019\/09\/e-tappetino.jpg 800w\" sizes=\"(max-width: 150px) 100vw, 150px\" \/><\/a><\/div>\n<hr class=\"noColor break\" \/>\n<div class=\"borderTitleCenterOrange\"><\/div>\n<\/div>\n<hr class=\"noColor break\" \/>\n<p>El paso de rueda es un componente del veh\u00edculo que normalmente no se tiene en cuenta al instalar un equipamiento para furgoneta. De hecho, es frecuente que las ruedas traseras se engloben en la parte inferior de la estanter\u00eda. El compartimento resultante se puede utilizar tambi\u00e9n para guardar maletines y equipos de tama\u00f1o medio y puede cerrarse con puertas abatibles o cierres met\u00e1licos.<\/p>\n<p>En caso de un equipamiento para furgoneta compuesto \u00fanicamente por suelo y paneles, el paso de rueda permanece al descubierto, lo que aumenta la probabilidad de que se produzcan da\u00f1os por impactos o desgaste. Para evitar este problema, Store Van ha desarrollado un nuevo revestimiento interior: el protector del paso de rueda con tres lados cerrados y bandeja superior. La facilidad de montaje est\u00e1 garantizada gracias a un sistema de encastrado del angular con el suelo a los lados del paso de rueda y gracias a la fijaci\u00f3n oculta al suelo.<\/p>\n<div class=\"demo-sep\" style=\"margin-top: 40px;\"><\/div>\n<h3 class=\"txtGrey customblackTitleExtraSmall\">Protector del paso de rueda con paneles frontales de chapa o madera<\/h3>\n<div class=\"one_half\">\n<div id=\"attachment_106707\" style=\"width: 510px\" class=\"wp-caption aligncenter\"><img aria-describedby=\"caption-attachment-106707\" decoding=\"async\" loading=\"lazy\" class=\"size-full wp-image-106707\" title=\"Protector del paso de rueda con paneles frontales de chapa\" src=\"https:\/\/www.storevan.com\/wp-content\/uploads\/2019\/09\/01-copripassaruota-acciaio.jpg\" alt=\"Protector del paso de rueda con paneles frontales de chapa\" width=\"500\" height=\"489\" srcset=\"https:\/\/www.storevan.com\/wp-content\/uploads\/2019\/09\/01-copripassaruota-acciaio.jpg 500w, https:\/\/www.storevan.com\/wp-content\/uploads\/2019\/09\/01-copripassaruota-acciaio-300x293.jpg 300w, https:\/\/www.storevan.com\/wp-content\/uploads\/2019\/09\/01-copripassaruota-acciaio-48x48.jpg 48w\" sizes=\"(max-width: 500px) 100vw, 500px\" \/><p id=\"caption-attachment-106707\" class=\"wp-caption-text\">Protector del paso de rueda con paneles frontales de chapa<\/p><\/div>\n<\/div><div class=\"one_half last\">\n<div id=\"attachment_106713\" style=\"width: 510px\" class=\"wp-caption aligncenter\"><img aria-describedby=\"caption-attachment-106713\" decoding=\"async\" loading=\"lazy\" class=\"size-full wp-image-106713\" title=\"Protector del paso de rueda con paneles frontales de madera\" src=\"https:\/\/www.storevan.com\/wp-content\/uploads\/2019\/09\/02-copripassaruota-legno.jpg\" alt=\"Protector del paso de rueda con paneles frontales de madera\" width=\"500\" height=\"489\" srcset=\"https:\/\/www.storevan.com\/wp-content\/uploads\/2019\/09\/02-copripassaruota-legno.jpg 500w, https:\/\/www.storevan.com\/wp-content\/uploads\/2019\/09\/02-copripassaruota-legno-300x293.jpg 300w, https:\/\/www.storevan.com\/wp-content\/uploads\/2019\/09\/02-copripassaruota-legno-48x48.jpg 48w\" sizes=\"(max-width: 500px) 100vw, 500px\" \/><p id=\"caption-attachment-106713\" class=\"wp-caption-text\">Protector del paso de rueda con paneles frontales de madera<\/p><\/div>\n<\/div><div class=\"clearboth\"><\/div>\n<h3 class=\"txtGrey customblackTitleExtraSmall\">CARACTER\u00cdSTICAS<\/h3>\n<p>El protector del paso de rueda para furgonetas se convierte en un \u00fatil componente del equipamiento que permite contar con un m\u00f3dulo en el que fijar accesorios o apoyar equipos de peque\u00f1o y mediano tama\u00f1o. La estructura del protector del paso de rueda consiste en:<\/p>\n<ul class=\"arrow\">\n<li>Marcos laterales: fabricados en acero galvanizado 12\/10 para autom\u00f3viles, son robustos refuerzos nervados con un panel perforado para la fijaci\u00f3n de accesorios como portaaerosoles, portadocumentos y portagomas.<\/li>\n<li>Cobertura frontal: el panel frontal que cubre el paso de rueda puede ser de acero galvanizado 12\/10 para autom\u00f3viles o de madera contrachapada de abedul de 9 mm con revestimiento fen\u00f3lico gris.<\/li>\n<li>Dep\u00f3sito superior: puede cubrirse con una goma antideslizante sobre la que poder apoyar equipos de peque\u00f1o y mediano tama\u00f1o. En presencia de una barra de sujeci\u00f3n de carga en la parte superior del panel lateral, los instrumentos como escaleras, rampas de carga y carros pueden fijarse f\u00e1cilmente mediante el uso de correas de sujeci\u00f3n de carga.<\/li>\n<\/ul>\n<hr \/>\n<div class=\"col-xs-12 col-sm-12 col-md-6\">\n<div class=\"text-center\"><a class=\"btn btn-download\" href=\"tel:+390424585455\"><i class=\"fa fa-phone\"><\/i> <span class=\"spanBtn\">LLAME AHORA<\/span><br \/>\npara cualquier informaci\u00f3n<\/a><\/div>\n<\/div>\n<div class=\"col-xs-12 col-sm-12 col-md-6\">\n<div class=\"text-center\"><a class=\"btn btn-download btnToggle\" href=\"#formcontatto\"><i class=\"fa fa-envelope\"><\/i> <span class=\"spanBtn\">ESCR\u00cdBANOS<\/span><br \/>\nle contactaremos lo antes posible<\/a><\/div>\n<\/div>\n<div class=\"break\"><\/div>\n<hr \/>\n<p><a class=\"destination\" name=\"formcontatto\"><\/a><\/p>\n<div class=\"formToggle\">\n<h4 class=\"bigTxt text-center txtBkOrange\">\u00bfQUIERES SABER M\u00c1S?<\/h4>\n\n<div class=\"wpcf7 no-js\" id=\"wpcf7-f67674-o1\" lang=\"it-IT\" dir=\"ltr\">\n<div class=\"screen-reader-response\"><p role=\"status\" aria-live=\"polite\" aria-atomic=\"true\"><\/p> <ul><\/ul><\/div>\n<form action=\"\/es\/wp-json\/wp\/v2\/pages\/107562#wpcf7-f67674-o1\" method=\"post\" class=\"wpcf7-form init\" aria-label=\"Modulo di contatto\" novalidate=\"novalidate\" data-status=\"init\">\n<div style=\"display: none;\">\n<input type=\"hidden\" name=\"_wpcf7\" value=\"67674\" \/>\n<input type=\"hidden\" name=\"_wpcf7_version\" value=\"5.7.7\" \/>\n<input type=\"hidden\" name=\"_wpcf7_locale\" value=\"it_IT\" \/>\n<input type=\"hidden\" name=\"_wpcf7_unit_tag\" value=\"wpcf7-f67674-o1\" \/>\n<input type=\"hidden\" name=\"_wpcf7_container_post\" value=\"0\" \/>\n<input type=\"hidden\" name=\"_wpcf7_posted_data_hash\" value=\"\" \/>\n<input type=\"hidden\" name=\"_wpcf7_recaptcha_response\" value=\"\" \/>\n<\/div>\n<span class=\"wpcf7-form-control-wrap url\" data-name=\"url\"><input type=\"hidden\" name=\"url\" size=\"40\" class=\"wpcf7-form-control wpcf7-hidden wpcf7dtx wpcf7dtx-hidden\" aria-invalid=\"false\" value=\"protector-paso-de-rueda\" autocomplete=\"off\" \/><\/span>\n<p>Complete los siguientes campos para recibir m\u00e1s informaci\u00f3n. Uno de nuestros operadores se pondr\u00e1 en contacto con usted lo antes posible (* campos obligatorios):\n<\/p>\n<div class=\"col-xs-12 col-md-6\">\n\t<p><span class='titoli'>Nombre (*)<\/span>\n\t<\/p>\n\t<p><span class=\"wpcf7-form-control-wrap\" data-name=\"your-name\"><input size=\"40\" class=\"wpcf7-form-control wpcf7-text wpcf7-validates-as-required form-control\" aria-required=\"true\" aria-invalid=\"false\" value=\"\" type=\"text\" name=\"your-name\" \/><\/span>\n\t<\/p>\n<\/div>\n<div class=\"col-xs-12 col-md-6\">\n\t<p><span class='titoli'>Apellidos (*)<\/span>\n\t<\/p>\n\t<p><span class=\"wpcf7-form-control-wrap\" data-name=\"your-last-name\"><input size=\"40\" class=\"wpcf7-form-control wpcf7-text wpcf7-validates-as-required form-control\" aria-required=\"true\" aria-invalid=\"false\" value=\"\" type=\"text\" name=\"your-last-name\" \/><\/span>\n\t<\/p>\n<\/div>\n<div class=\"col-xs-12 col-md-6\">\n\t<p><span class='titoli'>Empresa(*)<\/span>\n\t<\/p>\n\t<p><span class=\"wpcf7-form-control-wrap\" data-name=\"your-company\"><input size=\"40\" class=\"wpcf7-form-control wpcf7-text wpcf7-validates-as-required form-control\" aria-required=\"true\" aria-invalid=\"false\" value=\"\" type=\"text\" name=\"your-company\" \/><\/span>\n\t<\/p>\n<\/div>\n<div class=\"col-xs-12 col-md-6\">\n\t<p><span class='titoli'>C\u00f3d. NIF<\/span>\n\t<\/p>\n\t<p><span class=\"wpcf7-form-control-wrap\" data-name=\"p-iva\"><input size=\"40\" class=\"wpcf7-form-control wpcf7-text form-control\" aria-invalid=\"false\" value=\"\" type=\"text\" name=\"p-iva\" \/><\/span>\n\t<\/p>\n<\/div>\n<div class=\"clearboth\">\n<\/div>\n<div class=\"col-xs-12 col-md-4\">\n\t<p><span class='titoli'>C\u00f3digo Postal(*)<\/span>\n\t<\/p>\n\t<p><span class=\"wpcf7-form-control-wrap\" data-name=\"your-zip-code\"><input size=\"40\" class=\"wpcf7-form-control wpcf7-text wpcf7-validates-as-required form-control\" aria-required=\"true\" aria-invalid=\"false\" value=\"\" type=\"text\" name=\"your-zip-code\" \/><\/span>\n\t<\/p>\n<\/div>\n<div class=\"col-xs-12 col-md-4\">\n\t<p><span class='titoli'>Direcci\u00f3n (*)<\/span>\n\t<\/p>\n\t<p><span class=\"wpcf7-form-control-wrap\" data-name=\"your-address\"><input size=\"40\" class=\"wpcf7-form-control wpcf7-text wpcf7-validates-as-required form-control\" aria-required=\"true\" aria-invalid=\"false\" value=\"\" type=\"text\" name=\"your-address\" \/><\/span>\n\t<\/p>\n<\/div>\n<div class=\"col-xs-12 col-md-4\">\n\t<p><span class='titoli'>Ciudad (*)<\/span>\n\t<\/p>\n\t<p><span class=\"wpcf7-form-control-wrap\" data-name=\"your-Town\"><input size=\"40\" class=\"wpcf7-form-control wpcf7-text wpcf7-validates-as-required form-control\" aria-required=\"true\" aria-invalid=\"false\" value=\"\" type=\"text\" name=\"your-Town\" \/><\/span>\n\t<\/p>\n<\/div>\n<div class=\"clearboth\">\n<\/div>\n<div class=\"col-xs-12 col-md-6\">\n\t<p><span class='titoli'>email (*)<\/span>\n\t<\/p>\n\t<p><span class=\"wpcf7-form-control-wrap\" data-name=\"your-email\"><input size=\"40\" class=\"wpcf7-form-control wpcf7-text wpcf7-email wpcf7-validates-as-required wpcf7-validates-as-email form-control\" aria-required=\"true\" aria-invalid=\"false\" value=\"\" type=\"email\" name=\"your-email\" \/><\/span>\n\t<\/p>\n<\/div>\n<div class=\"col-xs-12 col-md-6\">\n\t<p><span class='titoli'>Tel\u00e9fono (*)<\/span>\n\t<\/p>\n\t<p><span class=\"wpcf7-form-control-wrap\" data-name=\"telefono\"><input size=\"40\" class=\"wpcf7-form-control wpcf7-text wpcf7-tel wpcf7-validates-as-required wpcf7-validates-as-tel form-control\" aria-required=\"true\" aria-invalid=\"false\" value=\"\" type=\"tel\" name=\"telefono\" \/><\/span>\n\t<\/p>\n<\/div>\n<div class=\"clearboth\">\n<\/div>\n<div class=\"col-xs-12 col-md-6\">\n\t<p><span class='titoli'>Objeto <\/span>\n\t<\/p>\n\t<p><span class=\"wpcf7-form-control-wrap\" data-name=\"oggetto\"><select class=\"wpcf7-form-control wpcf7-select wpcf7-validates-as-required\" aria-required=\"true\" aria-invalid=\"false\" name=\"oggetto\"><option value=\"Solicitud de presupuesto\">Solicitud de presupuesto<\/option><option value=\"Informaci\u00f3n t\u00e9cnica\">Informaci\u00f3n t\u00e9cnica<\/option><option value=\"Cita\">Cita<\/option><\/select><\/span>\n\t<\/p>\n<\/div>\n<div class=\"col-xs-12 col-md-6\">\n\t<p><br \/>\n<span class=\"titoli\"> <span class=\"wpcf7-form-control-wrap\" data-name=\"cliente\"><span class=\"wpcf7-form-control wpcf7-checkbox\"><span class=\"wpcf7-list-item first last\"><label><span class=\"wpcf7-list-item-label\">Soy un cliente<\/span><input type=\"checkbox\" name=\"cliente[]\" value=\"Soy un cliente\" \/><\/label><\/span><\/span><\/span><\/span>\n\t<\/p>\n<\/div>\n<div class=\"col-xs-12 col-md-12\">\n\t<p><span class='titoli'>Mensaje (*)<\/span>\n\t<\/p>\n\t<p><span class=\"wpcf7-form-control-wrap\" data-name=\"your-message\"><textarea cols=\"40\" rows=\"10\" class=\"wpcf7-form-control wpcf7-textarea wpcf7-validates-as-required form-control\" aria-required=\"true\" aria-invalid=\"false\" name=\"your-message\"><\/textarea><\/span>\n\t<\/p>\n<\/div>\n<div class=\"col-xs-12 col-md-12\">\n\t<p><small>Los datos introducidos ser\u00e1n tratados con estricta confidencialidad de acuerdo con la ley y con nuestra <a href=\"https:\/\/www.storevan.com\/es\/privacy-policy\/\">pol\u00edtica de privacidad<\/a>.<\/small>\n\t<\/p>\n\t<p><span class=\"wpcf7-form-control-wrap\" data-name=\"AccettazionePrivacy\"><span class=\"wpcf7-form-control wpcf7-acceptance\"><span class=\"wpcf7-list-item\"><input type=\"checkbox\" name=\"AccettazionePrivacy\" value=\"1\" aria-invalid=\"false\" \/><\/span><\/span><\/span> Declaro haber le\u00eddo la Informaci\u00f3n sobre la <a href=\"https:\/\/www.storevan.com\/es\/privacy-policy\/\">Privacy<\/a> y autorizo el tratamiento de mis datos personales de conformidad con aquello aqu\u00ed descrito.(*)<br \/>\n\t<span class=\"wpcf7-form-control-wrap recaptcha\" data-name=\"recaptcha\"><span data-sitekey=\"6LdfM4AUAAAAAJjsAucux5WVNA3hsk5KP0a03T_n\" class=\"wpcf7-form-control g-recaptcha wpcf7-recaptcha\"><\/span>\r\n<noscript>\r\n\t<div class=\"grecaptcha-noscript\">\r\n\t\t<iframe src=\"https:\/\/www.google.com\/recaptcha\/api\/fallback?k=6LdfM4AUAAAAAJjsAucux5WVNA3hsk5KP0a03T_n\" frameborder=\"0\" scrolling=\"no\" width=\"310\" height=\"430\">\r\n\t\t<\/iframe>\r\n\t\t<textarea name=\"g-recaptcha-response\" rows=\"3\" cols=\"40\" placeholder=\"Aqu\u00ed la respuesta de reCAPTCHA\">\r\n\t\t<\/textarea>\r\n\t<\/div>\r\n<\/noscript>\r\n<\/span>\n\t<\/p>\n<\/div>\n<hr class=\"noColor\" \/>\n<p><input class=\"wpcf7-form-control has-spinner wpcf7-submit\" type=\"submit\" value=\"Env\u00edo\" \/>\n<\/p><div class=\"wpcf7-response-output\" aria-hidden=\"true\"><\/div>\n<\/form>\n<\/div>\n<\/div>\n","protected":false},"excerpt":{"rendered":"<p>Protector del paso de rueda para furgonetas Proteja la carrocer\u00eda del veh\u00edculo con el protector del paso de rueda para furgonetas Store Van El protector del paso de rueda para.<\/p>\n","protected":false},"author":470,"featured_media":108674,"parent":25669,"menu_order":0,"comment_status":"closed","ping_status":"closed","template":"","meta":[],"acf":[],"yoast_head":"<!-- This site is optimized with the Yoast SEO plugin v20.11 - https:\/\/yoast.com\/wordpress\/plugins\/seo\/ -->\n<title>Protector del paso de rueda para furgonetas<\/title>\n<meta name=\"description\" content=\"El protector del paso de rueda Store Van, revestido con paneles de madera o de acero perforado, protege los pasos de rueda y permite fijar ganchos y correas para furgonetas.\" \/>\n<meta name=\"robots\" content=\"index, follow, max-snippet:-1, max-image-preview:large, max-video-preview:-1\" \/>\n<link rel=\"canonical\" href=\"https:\/\/www.storevan.com\/es\/productos\/protector-paso-de-rueda\/\" \/>\n<meta property=\"og:locale\" content=\"es_ES\" \/>\n<meta property=\"og:type\" content=\"article\" \/>\n<meta property=\"og:title\" content=\"Protector del paso de rueda para furgonetas\" \/>\n<meta property=\"og:description\" content=\"El protector del paso de rueda Store Van, revestido con paneles de madera o de acero perforado, protege los pasos de rueda y permite fijar ganchos y correas para furgonetas.\" \/>\n<meta property=\"og:url\" content=\"https:\/\/www.storevan.com\/es\/productos\/protector-paso-de-rueda\/\" \/>\n<meta property=\"og:site_name\" content=\"Store Van\" \/>\n<meta property=\"og:image\" content=\"https:\/\/www.storevan.com\/wp-content\/uploads\/2019\/09\/ACS-copripassaruota.jpg\" \/>\n\t<meta property=\"og:image:width\" content=\"350\" \/>\n\t<meta property=\"og:image:height\" content=\"250\" \/>\n\t<meta property=\"og:image:type\" content=\"image\/jpeg\" \/>\n<meta name=\"twitter:label1\" content=\"Tiempo de lectura\" \/>\n\t<meta name=\"twitter:data1\" content=\"2 minutos\" \/>\n<script type=\"application\/ld+json\" class=\"yoast-schema-graph\">{\"@context\":\"https:\/\/schema.org\",\"@graph\":[{\"@type\":\"WebPage\",\"@id\":\"https:\/\/www.storevan.com\/es\/productos\/protector-paso-de-rueda\/\",\"url\":\"https:\/\/www.storevan.com\/es\/productos\/protector-paso-de-rueda\/\",\"name\":\"Protector del paso de rueda para furgonetas\",\"isPartOf\":{\"@id\":\"https:\/\/www.storevan.com\/pl\/#website\"},\"datePublished\":\"2019-09-30T06:39:25+00:00\",\"dateModified\":\"2019-09-30T06:39:25+00:00\",\"description\":\"El protector del paso de rueda Store Van, revestido con paneles de madera o de acero perforado, protege los pasos de rueda y permite fijar ganchos y correas para furgonetas.\",\"breadcrumb\":{\"@id\":\"https:\/\/www.storevan.com\/es\/productos\/protector-paso-de-rueda\/#breadcrumb\"},\"inLanguage\":\"es\",\"potentialAction\":[{\"@type\":\"ReadAction\",\"target\":[\"https:\/\/www.storevan.com\/es\/productos\/protector-paso-de-rueda\/\"]}]},{\"@type\":\"BreadcrumbList\",\"@id\":\"https:\/\/www.storevan.com\/es\/productos\/protector-paso-de-rueda\/#breadcrumb\",\"itemListElement\":[{\"@type\":\"ListItem\",\"position\":1,\"name\":\"Home\",\"item\":\"https:\/\/www.storevan.com\/es\/\"},{\"@type\":\"ListItem\",\"position\":2,\"name\":\"Productos\",\"item\":\"https:\/\/www.storevan.com\/es\/productos\/\"},{\"@type\":\"ListItem\",\"position\":3,\"name\":\"Protector del paso de rueda\"}]},{\"@type\":\"WebSite\",\"@id\":\"https:\/\/www.storevan.com\/pl\/#website\",\"url\":\"https:\/\/www.storevan.com\/pl\/\",\"name\":\"Store Van\",\"description\":\"Equipamientos furgonetas\",\"potentialAction\":[{\"@type\":\"SearchAction\",\"target\":{\"@type\":\"EntryPoint\",\"urlTemplate\":\"https:\/\/www.storevan.com\/pl\/?s={search_term_string}\"},\"query-input\":\"required name=search_term_string\"}],\"inLanguage\":\"es\"}]}<\/script>\n<!-- \/ Yoast SEO plugin. -->","yoast_head_json":{"title":"Protector del paso de rueda para furgonetas","description":"El protector del paso de rueda Store Van, revestido con paneles de madera o de acero perforado, protege los pasos de rueda y permite fijar ganchos y correas para furgonetas.","robots":{"index":"index","follow":"follow","max-snippet":"max-snippet:-1","max-image-preview":"max-image-preview:large","max-video-preview":"max-video-preview:-1"},"canonical":"https:\/\/www.storevan.com\/es\/productos\/protector-paso-de-rueda\/","og_locale":"es_ES","og_type":"article","og_title":"Protector del paso de rueda para furgonetas","og_description":"El protector del paso de rueda Store Van, revestido con paneles de madera o de acero perforado, protege los pasos de rueda y permite fijar ganchos y correas para furgonetas.","og_url":"https:\/\/www.storevan.com\/es\/productos\/protector-paso-de-rueda\/","og_site_name":"Store Van","og_image":[{"width":350,"height":250,"url":"https:\/\/www.storevan.com\/wp-content\/uploads\/2019\/09\/ACS-copripassaruota.jpg","type":"image\/jpeg"}],"twitter_misc":{"Tiempo de lectura":"2 minutos"},"schema":{"@context":"https:\/\/schema.org","@graph":[{"@type":"WebPage","@id":"https:\/\/www.storevan.com\/es\/productos\/protector-paso-de-rueda\/","url":"https:\/\/www.storevan.com\/es\/productos\/protector-paso-de-rueda\/","name":"Protector del paso de rueda para furgonetas","isPartOf":{"@id":"https:\/\/www.storevan.com\/pl\/#website"},"datePublished":"2019-09-30T06:39:25+00:00","dateModified":"2019-09-30T06:39:25+00:00","description":"El protector del paso de rueda Store Van, revestido con paneles de madera o de acero perforado, protege los pasos de rueda y permite fijar ganchos y correas para furgonetas.","breadcrumb":{"@id":"https:\/\/www.storevan.com\/es\/productos\/protector-paso-de-rueda\/#breadcrumb"},"inLanguage":"es","potentialAction":[{"@type":"ReadAction","target":["https:\/\/www.storevan.com\/es\/productos\/protector-paso-de-rueda\/"]}]},{"@type":"BreadcrumbList","@id":"https:\/\/www.storevan.com\/es\/productos\/protector-paso-de-rueda\/#breadcrumb","itemListElement":[{"@type":"ListItem","position":1,"name":"Home","item":"https:\/\/www.storevan.com\/es\/"},{"@type":"ListItem","position":2,"name":"Productos","item":"https:\/\/www.storevan.com\/es\/productos\/"},{"@type":"ListItem","position":3,"name":"Protector del paso de rueda"}]},{"@type":"WebSite","@id":"https:\/\/www.storevan.com\/pl\/#website","url":"https:\/\/www.storevan.com\/pl\/","name":"Store Van","description":"Equipamientos furgonetas","potentialAction":[{"@type":"SearchAction","target":{"@type":"EntryPoint","urlTemplate":"https:\/\/www.storevan.com\/pl\/?s={search_term_string}"},"query-input":"required name=search_term_string"}],"inLanguage":"es"}]}},"_links":{"self":[{"href":"https:\/\/www.storevan.com\/es\/wp-json\/wp\/v2\/pages\/107562"}],"collection":[{"href":"https:\/\/www.storevan.com\/es\/wp-json\/wp\/v2\/pages"}],"about":[{"href":"https:\/\/www.storevan.com\/es\/wp-json\/wp\/v2\/types\/page"}],"author":[{"embeddable":true,"href":"https:\/\/www.storevan.com\/es\/wp-json\/wp\/v2\/users\/470"}],"replies":[{"embeddable":true,"href":"https:\/\/www.storevan.com\/es\/wp-json\/wp\/v2\/comments?post=107562"}],"version-history":[{"count":14,"href":"https:\/\/www.storevan.com\/es\/wp-json\/wp\/v2\/pages\/107562\/revisions"}],"predecessor-version":[{"id":107951,"href":"https:\/\/www.storevan.com\/es\/wp-json\/wp\/v2\/pages\/107562\/revisions\/107951"}],"up":[{"embeddable":true,"href":"https:\/\/www.storevan.com\/es\/wp-json\/wp\/v2\/pages\/25669"}],"wp:featuredmedia":[{"embeddable":true,"href":"https:\/\/www.storevan.com\/es\/wp-json\/wp\/v2\/media\/108674"}],"wp:attachment":[{"href":"https:\/\/www.storevan.com\/es\/wp-json\/wp\/v2\/media?parent=107562"}],"curies":[{"name":"wp","href":"https:\/\/api.w.org\/{rel}","templated":true}]}}