{"id":107518,"date":"2019-09-04T11:51:03","date_gmt":"2019-09-04T11:51:03","guid":{"rendered":"https:\/\/www.storevan.com\/?page_id=107518"},"modified":"2020-12-18T11:26:25","modified_gmt":"2020-12-18T11:26:25","slug":"protector-mampara","status":"publish","type":"page","link":"https:\/\/www.storevan.com\/es\/productos\/protector-mampara\/","title":{"rendered":"Protector de mampara"},"content":{"rendered":"<h1 class=\"customblackTitleSmall\">Protector de mampara para furgonetas<\/h1>\n<h2>C\u00f3mo proteger las mamparas divisorias de las furgonetas optimizando el espacio<\/h2>\n<div class=\"one_half\">\n<div class=\"iframeContent\">\n<iframe loading=\"lazy\" src=\"https:\/\/www.youtube.com\/embed\/Oqblyt7_hGY\" width=\"560\" height=\"315\" frameborder=\"0\" allowfullscreen=\"allowfullscreen\"><\/iframe><\/div>\n<\/div>\n<div class=\"one_half last\">\n<p>Con el protector de mampara no solo se <strong  class=\"txtBlack bigTxt txtUp\">protege<\/strong> la carrocer\u00eda, \u00a1sino que tambi\u00e9n se <strong  class=\"txtBlack bigTxt txtUp\">optimiza<\/strong> rl espacio transportando los accesorios y equipos con total <strong  class=\"txtBlack bigTxt txtUp\">seguridad<\/strong>!<\/p>\n<hr class=\"noColor\">\n<ul class=\"listDalia\">\n<li><span class=\"numVan\"><i class=\"fa fa-angle-double-right\"><\/i><\/span> <span class=\"txtBlack\">2 alturas disponibles<\/span><\/li>\n<li><span class=\"numVan\"><i class=\"fa fa-angle-double-right\"><\/i><\/span> <span class=\"txtBlack\">3 longitudes disponibles<\/span><\/li>\n<li><span class=\"numVan\"><i class=\"fa fa-angle-double-right\"><\/i><\/span> <span class=\"txtBlack\">Barras \u00abAirline\u00bb para correas y ganchos<\/span><\/li>\n<li><span class=\"numVan\"><i class=\"fa fa-angle-double-right\"><\/i><\/span> <span class=\"txtBlack\">Modularidad de paneles de madera o de acero perforado<\/span><\/li>\n<li><span class=\"numVan\"><i class=\"fa fa-angle-double-right\"><\/i><\/span> <span class=\"txtBlack\">Amplia gama de accesorios para fijar<\/span><\/li>\n<\/ul>\n<\/div><div class=\"clearboth\"><\/div>\n<div class=\"ts-gallery col-md-10 col-md-offset-1 galleryEffect class=\"mai\">\n<div class=\"borderTitleCenterOrange\"><\/div>\n<div class=\"col-xs-4 col-md-2\"><a href=\"https:\/\/www.storevan.com\/wp-content\/uploads\/2019\/09\/01-copriparatia.jpg\"><img decoding=\"async\" loading=\"lazy\" class=\"aligncenter size-thumbnail wp-image-106475\" src=\"https:\/\/www.storevan.com\/wp-content\/uploads\/2019\/09\/01-copriparatia-150x150.jpg\" alt=\"Protector de mampara con paneles de madera y de acero perforado\" width=\"150\" height=\"150\" srcset=\"https:\/\/www.storevan.com\/wp-content\/uploads\/2019\/09\/01-copriparatia-150x150.jpg 150w, https:\/\/www.storevan.com\/wp-content\/uploads\/2019\/09\/01-copriparatia-300x300.jpg 300w, https:\/\/www.storevan.com\/wp-content\/uploads\/2019\/09\/01-copriparatia-768x768.jpg 768w, https:\/\/www.storevan.com\/wp-content\/uploads\/2019\/09\/01-copriparatia-48x48.jpg 48w, https:\/\/www.storevan.com\/wp-content\/uploads\/2019\/09\/01-copriparatia-480x480.jpg 480w, https:\/\/www.storevan.com\/wp-content\/uploads\/2019\/09\/01-copriparatia.jpg 800w\" sizes=\"(max-width: 150px) 100vw, 150px\" \/><\/a><\/div>\n<div class=\"col-xs-4 col-md-2\"><a href=\"https:\/\/www.storevan.com\/wp-content\/uploads\/2019\/09\/02-copriparatia.jpg\"><img decoding=\"async\" loading=\"lazy\" class=\"aligncenter size-thumbnail wp-image-106481\" src=\"https:\/\/www.storevan.com\/wp-content\/uploads\/2019\/09\/02-copriparatia-150x150.jpg\" alt=\"Protector de mampara con paneles de madera y de acero perforado\" width=\"150\" height=\"150\" srcset=\"https:\/\/www.storevan.com\/wp-content\/uploads\/2019\/09\/02-copriparatia-150x150.jpg 150w, https:\/\/www.storevan.com\/wp-content\/uploads\/2019\/09\/02-copriparatia-300x300.jpg 300w, https:\/\/www.storevan.com\/wp-content\/uploads\/2019\/09\/02-copriparatia-768x768.jpg 768w, https:\/\/www.storevan.com\/wp-content\/uploads\/2019\/09\/02-copriparatia-48x48.jpg 48w, https:\/\/www.storevan.com\/wp-content\/uploads\/2019\/09\/02-copriparatia-480x480.jpg 480w, https:\/\/www.storevan.com\/wp-content\/uploads\/2019\/09\/02-copriparatia.jpg 800w\" sizes=\"(max-width: 150px) 100vw, 150px\" \/><\/a><\/div>\n<div class=\"col-xs-4 col-md-2\"><a href=\"https:\/\/www.storevan.com\/wp-content\/uploads\/2019\/09\/03-copriparatia.jpg\"><img decoding=\"async\" loading=\"lazy\" class=\"aligncenter size-thumbnail wp-image-106487\" src=\"https:\/\/www.storevan.com\/wp-content\/uploads\/2019\/09\/03-copriparatia-150x150.jpg\" alt=\"Protector de mampara con paneles de madera y de acero perforado\" width=\"150\" height=\"150\" srcset=\"https:\/\/www.storevan.com\/wp-content\/uploads\/2019\/09\/03-copriparatia-150x150.jpg 150w, https:\/\/www.storevan.com\/wp-content\/uploads\/2019\/09\/03-copriparatia-300x300.jpg 300w, https:\/\/www.storevan.com\/wp-content\/uploads\/2019\/09\/03-copriparatia-768x768.jpg 768w, https:\/\/www.storevan.com\/wp-content\/uploads\/2019\/09\/03-copriparatia-48x48.jpg 48w, https:\/\/www.storevan.com\/wp-content\/uploads\/2019\/09\/03-copriparatia-480x480.jpg 480w, https:\/\/www.storevan.com\/wp-content\/uploads\/2019\/09\/03-copriparatia.jpg 800w\" sizes=\"(max-width: 150px) 100vw, 150px\" \/><\/a><\/div>\n<div class=\"col-xs-4 col-md-2\"><a href=\"https:\/\/www.storevan.com\/wp-content\/uploads\/2019\/09\/05-copriparatia.jpg\"><img decoding=\"async\" loading=\"lazy\" class=\"aligncenter size-thumbnail wp-image-106499\" src=\"https:\/\/www.storevan.com\/wp-content\/uploads\/2019\/09\/05-copriparatia-150x150.jpg\" alt=\"Protector de mampara con accesorios y equipos bien sujetos\" width=\"150\" height=\"150\" srcset=\"https:\/\/www.storevan.com\/wp-content\/uploads\/2019\/09\/05-copriparatia-150x150.jpg 150w, https:\/\/www.storevan.com\/wp-content\/uploads\/2019\/09\/05-copriparatia-300x300.jpg 300w, https:\/\/www.storevan.com\/wp-content\/uploads\/2019\/09\/05-copriparatia-768x768.jpg 768w, https:\/\/www.storevan.com\/wp-content\/uploads\/2019\/09\/05-copriparatia-48x48.jpg 48w, https:\/\/www.storevan.com\/wp-content\/uploads\/2019\/09\/05-copriparatia-480x480.jpg 480w, https:\/\/www.storevan.com\/wp-content\/uploads\/2019\/09\/05-copriparatia.jpg 800w\" sizes=\"(max-width: 150px) 100vw, 150px\" \/><\/a><\/div>\n<div class=\"col-xs-4 col-md-2\"><a href=\"https:\/\/www.storevan.com\/wp-content\/uploads\/2019\/09\/Banco-pieghevole-incastro-rapido.jpg\"><img decoding=\"async\" loading=\"lazy\" src=\"https:\/\/www.storevan.com\/wp-content\/uploads\/2019\/09\/Banco-pieghevole-incastro-rapido-150x150.jpg\" alt=\"Protector de mampara con banco de trabajo plegable\" width=\"150\" height=\"150\" class=\"aligncenter size-thumbnail wp-image-106853\" srcset=\"https:\/\/www.storevan.com\/wp-content\/uploads\/2019\/09\/Banco-pieghevole-incastro-rapido-150x150.jpg 150w, https:\/\/www.storevan.com\/wp-content\/uploads\/2019\/09\/Banco-pieghevole-incastro-rapido-300x300.jpg 300w, https:\/\/www.storevan.com\/wp-content\/uploads\/2019\/09\/Banco-pieghevole-incastro-rapido-768x768.jpg 768w, https:\/\/www.storevan.com\/wp-content\/uploads\/2019\/09\/Banco-pieghevole-incastro-rapido-48x48.jpg 48w, https:\/\/www.storevan.com\/wp-content\/uploads\/2019\/09\/Banco-pieghevole-incastro-rapido-480x480.jpg 480w, https:\/\/www.storevan.com\/wp-content\/uploads\/2019\/09\/Banco-pieghevole-incastro-rapido.jpg 800w\" sizes=\"(max-width: 150px) 100vw, 150px\" \/><\/a><\/div>\n<div class=\"col-xs-4 col-md-2\"><a href=\"https:\/\/www.storevan.com\/wp-content\/uploads\/2019\/09\/banco-02.jpg\"><img decoding=\"async\" loading=\"lazy\" src=\"https:\/\/www.storevan.com\/wp-content\/uploads\/2019\/09\/banco-02-150x150.jpg\" alt=\"Protector de mampara con banco de trabajo plegable\" width=\"150\" height=\"150\" class=\"aligncenter size-thumbnail wp-image-106540\" srcset=\"https:\/\/www.storevan.com\/wp-content\/uploads\/2019\/09\/banco-02-150x150.jpg 150w, https:\/\/www.storevan.com\/wp-content\/uploads\/2019\/09\/banco-02-300x300.jpg 300w, https:\/\/www.storevan.com\/wp-content\/uploads\/2019\/09\/banco-02-768x768.jpg 768w, https:\/\/www.storevan.com\/wp-content\/uploads\/2019\/09\/banco-02-48x48.jpg 48w, https:\/\/www.storevan.com\/wp-content\/uploads\/2019\/09\/banco-02-480x480.jpg 480w, https:\/\/www.storevan.com\/wp-content\/uploads\/2019\/09\/banco-02.jpg 800w\" sizes=\"(max-width: 150px) 100vw, 150px\" \/><\/a><\/div>\n<hr class=\"noColor break\" \/>\n<div class=\"borderTitleCenterOrange\"><\/div>\n<\/div>\n<hr class=\"noColor break\" \/>\n<p>El protector de mampara es uno de los \u00faltimos productos dise\u00f1ados por Store Van para ofrecer a sus clientes <strong>revestimientos interiores cada vez m\u00e1s \u00fatiles e innovadores<\/strong>.  Ideal como pared portaherramientas y para la fijaci\u00f3n de escaleras y rampas de carga, el protector de mampara para furgonetas dise\u00f1ado por Store Van pretende aprovechar al m\u00e1ximo la zona del compartimento de carga adyacente a la mampara de separaci\u00f3n de la parte posterior de la cabina, normalmente dedicada exclusivamente al \u00absube y baja\u00bb del operador.<\/p>\n<p>El protector de mampara para furgonetas potencia al m\u00e1ximo el equipamiento de su veh\u00edculo comercial gracias a los orificios para ganchos y correas y a la versi\u00f3n con banco de trabajo plegable incluido. <strong>Disponible en 3 longitudes y 2 alturas y personalizable con acabado frontal de madera o metal perforado<\/strong>, el protector de mampara Store Van, con fijaci\u00f3n estable, alcanza una capacidad de carga de 200 daN por metro lineal.<\/p>\n<hr class=\"noColor\" \/>\n<hr \/>\n<div class=\"col-xs-12 col-sm-12 col-md-6\">\n<div class=\"text-center\"><a class=\"btn btn-download\" href=\"tel:+390424585455\"><i class=\"fa fa-phone\"><\/i> <span class=\"spanBtn\">LLAME AHORA<\/span><br \/>\npara cualquier informaci\u00f3n<\/a><\/div>\n<\/div>\n<div class=\"col-xs-12 col-sm-12 col-md-6\">\n<div class=\"text-center\"><a class=\"btn btn-download\" href=\"#formcontatto\"><i class=\"fa fa-envelope\"><\/i> <span class=\"spanBtn\">ESCR\u00cdBANOS<\/span><br \/>\nle contactaremos lo antes posible<\/a><\/div>\n<\/div>\n<div class=\"break\"><\/div>\n<hr \/>\n<hr class=\"noColor\" \/>\n<h3 class=\"txtGrey customblackTitleExtraSmall\">Las ventajas<\/h3>\n<p>El protector de mampara para la parte posterior de la cabina dise\u00f1ado por Store Van ofrece tres valiosas funcionalidades:<\/p>\n<hr class=\"noColor\" \/>\n<div class=\"row\">\n<div class=\"contentVantaggi col-md-6\">\n<div class=\"inner_desc\">\n<div class=\"single_area fadeInUp  wow\" data-wow-duration=\".5s\" data-wow-delay=\"1s\"><input id=\"area1\" class=\"read-more-state\" type=\"checkbox\" \/><\/p>\n<div class=\"BigNumber\">1<\/div>\n<h5>PROTEGER LA PARED DE LA FURGONETA DE ABOLLADURAS Y ARA\u00d1AZOS<\/h5>\n<p class=\"read-more-wrap\">\u00bfAlguna vez ha tenido que reemplazar la mampara divisoria de su furgoneta? Esta parte de la carrocer\u00eda, de un espesor realmente irrisorio, suele sustituirse en bloque, lo que supone un gran coste que, en caso de reventa del autom\u00f3vil, debe ser sufragado para mantener el valor del veh\u00edculo. <span class=\"read-more-target\"> Store Van le permite evitar este inconveniente con un producto de calidad innovador y modular. Disponible con paneles de madera o de acero perforado, el protector de mampara para furgonetas es mucho m\u00e1s que una simple protecci\u00f3n para mampara: la integraci\u00f3n de travesa\u00f1os horizontales con <strong>puntos de anclaje \u00abAirline\u00bb de acero y refuerzos laterales nervados<\/strong>, tambi\u00e9n de acero, por una parte aumenta la rigidez de la pared equipada y, por otra, permite disponer de numerosos puntos de fijaci\u00f3n. Los diferentes componentes hacen que el <strong>protector de mampara sea mucho m\u00e1s eficaz que un simple revestimiento interno<\/strong>.<\/span><label class=\"read-more-trigger\" for=\"area1\">Leer m\u00e1s&#8230;<\/label><\/p>\n<\/p><\/div>\n<div class=\"single_area fadeInUp  wow\" data-wow-duration=\".5s\" data-wow-delay=\"1s\"><input id=\"area2\" class=\"read-more-state\" type=\"checkbox\" \/>    <\/p>\n<div class=\"BigNumber\">2<\/div>\n<h5>APROVECHAR AL M\u00c1XIMO EL ESPACIO DEL COMPARTIMENTO DE CARGA<\/h5>\n<p class=\"read-more-wrap\">Como carroceros de furgonetas, el objetivo de optimizar al m\u00e1ximo el espacio dentro del veh\u00edculo comercial es siempre una prioridad. El protector de mampara Store Van, adem\u00e1s de proteger la carrocer\u00eda de la pared de separaci\u00f3n <span class=\"read-more-target\">entre el compartimento de carga y la cabina, permite aprovechar la zona de la parte posterior de la cabina, que normalmente no se utiliza, para organizar los equipos y herramientas de un modo \u00f3ptimo. Las escaleras, rampas de carga, frascos, carros y andamios pueden fijarse con seguridad sin ocupar espacio \u00fatil. Los orificios presentes en los paneles permiten colocar ganchos para furgonetas, portadocumentos, soportes sujetacables, portaerosoles u otros <a href=\"https:\/\/www.storevan.com\/es\/productos\/accesorios-para-furgonetas\/\" title=\"Accesorios\">accesorios Store Van<\/a>, mientras que el banco de trabajo plegable, ubicado en la parte baja del protector de mampara, permite tener siempre a disposici\u00f3n una superficie de trabajo perfecta con una capacidad de carga de 150\u00a0kg dotada de orificios para fijar tornillos de banco y otros equipos.<\/span><label class=\"read-more-trigger\" for=\"area2\">Leer m\u00e1s&#8230;<\/label><\/p>\n<\/p><\/div>\n<div class=\"single_area fadeInUp  wow\" data-wow-duration=\".5s\" data-wow-delay=\"1s\">\n<div class=\"BigNumber\">3<\/div>\n<h5>AUMENTAR LA SEGURIDAD DURANTE EL TRANSPORTE DE MERCANC\u00cdAS<\/h5>\n<p class=\"read-more-wrap\">Gracias a los travesa\u00f1os de acero con puntos de anclaje \u00abAirline\u00bb, es posible <strong>sujetar la carga mediante correas y barras de sujeci\u00f3n<\/strong>. Si no se sujetan, los equipos podr\u00edan moverse por dentro del veh\u00edculo durante su transporte con el riesgo de golpear los paneles laterales o la mampara divisoria de la parte posterior de la cabina.\n<\/p>\n<\/p><\/div>\n<\/p><\/div>\n<\/p><\/div>\n<div class=\"col-md-6\">\n<div class=\"area_img  wow fadeInRight\" data-wow-duration=\"1s\" data-wow-delay=\".5s\">\n\t\t<img decoding=\"async\" src=\"https:\/\/www.storevan.com\/wp-content\/uploads\/2019\/09\/vantaggio-02-copriparatia.jpg\"\/>\n\t   <\/div>\n<\/p><\/div>\n<\/div>\n<div class=\"break\"><\/div>\n<hr class=\"noColor\" \/>\n<h3 class=\"txtGrey customblackTitleExtraSmall\">Ejemplos de protector de mampara para furgonetas<\/h3>\n<hr class=\"noColor\" \/>\n<p>Los protectores de mampara antigolpes de Store Van se caracterizan por su <strong>modularidad y accesoriabilidad<\/strong>. Seg\u00fan la anchura deseada (y la altura), se puede elegir libremente c\u00f3mo componerlo: <strong>paneles lisos de madera contrachapada de abedul o paneles perforados de acero pintado<\/strong>. Los protectores de mampara con una longitud de 1016\u00a0mm y 1524\u00a0mm se pueden completar con la inserci\u00f3n del banco de trabajo plegable:<\/p>\n<hr class=\"noColor\" \/>\n<div class=\"one_third\">\n<h6 class=\"text-center txtUp\">Longitud 1016mm<\/h6>\n<div class=\"easyzoom easyzoom--overlay easyzoom--with-thumbnails id1\"><a href=\"https:\/\/www.storevan.com\/wp-content\/uploads\/2019\/09\/1016_DSC0220.jpg\"><img decoding=\"async\" loading=\"lazy\" src=\"https:\/\/www.storevan.com\/wp-content\/uploads\/2019\/09\/1016_DSC0220.jpg\" alt=\"protector de mampara para furgonetas\" width=\"340\" height=\"248\" \/><\/a><\/div>\n<ul id=\"id1\" class=\"thumbnails thumbsBox\">\n<li><a href=\"https:\/\/www.storevan.com\/wp-content\/uploads\/2019\/09\/1016_DSC0220.jpg\" data-standard=\"https:\/\/www.storevan.com\/wp-content\/uploads\/2019\/09\/1016_DSC0220.jpg\"><img decoding=\"async\" src=\"https:\/\/www.storevan.com\/wp-content\/uploads\/2019\/09\/1016_DSC0220-150x150.jpg\" alt=\"1016_DSC0220\" \/><\/a><\/li>\n<li><a href=\"https:\/\/www.storevan.com\/wp-content\/uploads\/2019\/09\/1016_DSC0216.jpg\" data-standard=\"https:\/\/www.storevan.com\/wp-content\/uploads\/2019\/09\/1016_DSC0216-480x350.jpg\"><img decoding=\"async\" src=\"https:\/\/www.storevan.com\/wp-content\/uploads\/2019\/09\/1016_DSC0216-150x150.jpg\" alt=\"1016_DSC0216\" \/><\/a><\/li>\n<li><a href=\"https:\/\/www.storevan.com\/wp-content\/uploads\/2019\/09\/1016_DSC0218.jpg\" data-standard=\"https:\/\/www.storevan.com\/wp-content\/uploads\/2019\/09\/1016_DSC0218-480x350.jpg\"><img decoding=\"async\" src=\"https:\/\/www.storevan.com\/wp-content\/uploads\/2019\/09\/1016_DSC0218-150x150.jpg\" alt=\"1016_DSC0218\" \/><\/a><\/li>\n<li><a href=\"https:\/\/www.storevan.com\/wp-content\/uploads\/2019\/09\/1016_DSC0225.jpg\" data-standard=\"https:\/\/www.storevan.com\/wp-content\/uploads\/2019\/09\/1016_DSC0225-480x350.jpg\"><img decoding=\"async\" src=\"https:\/\/www.storevan.com\/wp-content\/uploads\/2019\/09\/1016_DSC0225-150x150.jpg\" alt=\"1016_DSC0225\" \/><\/a><\/li>\n<li><a href=\"https:\/\/www.storevan.com\/wp-content\/uploads\/2019\/09\/1016_DSC0227.jpg\" data-standard=\"https:\/\/www.storevan.com\/wp-content\/uploads\/2019\/09\/1016_DSC0227-480x350.jpg\"><img decoding=\"async\" src=\"https:\/\/www.storevan.com\/wp-content\/uploads\/2019\/09\/1016_DSC0227-150x150.jpg\" alt=\"1016_DSC0227\" \/><\/a><\/li>\n<\/ul>\n<div class=\"break\"><\/div>\n<\/div><div class=\"one_third\">\n<h6 class=\"text-center txtUp\">Longitud 1225mm<\/h6>\n<div class=\"easyzoom easyzoom--overlay easyzoom--with-thumbnails id2\"><a href=\"https:\/\/www.storevan.com\/wp-content\/uploads\/2019\/09\/1225_DSC0213.jpg\"><img decoding=\"async\" loading=\"lazy\" src=\"https:\/\/www.storevan.com\/wp-content\/uploads\/2019\/09\/1225_DSC0213.jpg\" alt=\"1225_DSC0213\" width=\"340\" height=\"248\" \/><\/a><\/div>\n<ul id=\"id2\" class=\"thumbnails thumbsBox\">\n<li><a href=\"https:\/\/www.storevan.com\/wp-content\/uploads\/2019\/09\/1225_DSC0213.jpg\" data-standard=\"https:\/\/www.storevan.com\/wp-content\/uploads\/2019\/09\/1225_DSC0213.jpg\"><img decoding=\"async\" src=\"https:\/\/www.storevan.com\/wp-content\/uploads\/2019\/09\/1225_DSC0213-150x150.jpg\" alt=\"1225_DSC0213\" \/><\/a><\/li>\n<li><a href=\"https:\/\/www.storevan.com\/wp-content\/uploads\/2019\/09\/1225_DSC0214.jpg\" data-standard=\"https:\/\/www.storevan.com\/wp-content\/uploads\/2019\/09\/1225_DSC0214-480x350.jpg\"><img decoding=\"async\" src=\"https:\/\/www.storevan.com\/wp-content\/uploads\/2019\/09\/1225_DSC0214-150x150.jpg\" alt=\"1225_DSC0214\" \/><\/a><\/li>\n<li><a href=\"https:\/\/www.storevan.com\/wp-content\/uploads\/2019\/09\/1225_DSC0215.jpg\" data-standard=\"https:\/\/www.storevan.com\/wp-content\/uploads\/2019\/09\/1225_DSC0215-480x350.jpg\"><img decoding=\"async\" src=\"https:\/\/www.storevan.com\/wp-content\/uploads\/2019\/09\/1225_DSC0215-150x150.jpg\" alt=\"1225_DSC0215\" \/><\/a><\/li>\n<li><a href=\"https:\/\/www.storevan.com\/wp-content\/uploads\/2019\/09\/1225_DSC0223.jpg\" data-standard=\"https:\/\/www.storevan.com\/wp-content\/uploads\/2019\/09\/1225_DSC0223-480x350.jpg\"><img decoding=\"async\" src=\"https:\/\/www.storevan.com\/wp-content\/uploads\/2019\/09\/1225_DSC0223-150x150.jpg\" alt=\"1225_DSC0223\" \/><\/a><\/li>\n<\/ul>\n<div class=\"break\"><\/div>\n<\/div><div class=\"one_third last\">\n<h6 class=\"text-center txtUp\">Longitud 1524mm<\/h6>\n<div class=\"easyzoom easyzoom--overlay easyzoom--with-thumbnails id3\"><a href=\"https:\/\/www.storevan.com\/wp-content\/uploads\/2019\/09\/1524_DSC0205.jpg\"><img decoding=\"async\" loading=\"lazy\" src=\"https:\/\/www.storevan.com\/wp-content\/uploads\/2019\/09\/1524_DSC0205.jpg\" alt=\"1524_DS0205\" width=\"340\" height=\"248\" \/><\/a><\/div>\n<ul id=\"id3\" class=\"thumbnails thumbsBox\">\n<li><a href=\"https:\/\/www.storevan.com\/wp-content\/uploads\/2019\/09\/1524_DSC0205.jpg\" data-standard=\"https:\/\/www.storevan.com\/wp-content\/uploads\/2019\/09\/1524_DSC0205.jpg\"><img decoding=\"async\" src=\"https:\/\/www.storevan.com\/wp-content\/uploads\/2019\/09\/1524_DSC0205-150x150.jpg\" alt=\"1524_DSC0205\" \/><\/a><\/li>\n<li><a href=\"https:\/\/www.storevan.com\/wp-content\/uploads\/2019\/09\/1524_DSC0209.jpg\" data-standard=\"https:\/\/www.storevan.com\/wp-content\/uploads\/2019\/09\/1524_DSC0209-480x350.jpg\"><img decoding=\"async\" src=\"https:\/\/www.storevan.com\/wp-content\/uploads\/2019\/09\/1524_DSC0209-150x150.jpg\" alt=\"1524_DSC0209\" \/><\/a><\/li>\n<li><a href=\"https:\/\/www.storevan.com\/wp-content\/uploads\/2019\/09\/1524_DSC0210.jpg\" data-standard=\"https:\/\/www.storevan.com\/wp-content\/uploads\/2019\/09\/1524_DSC0210-480x350.jpg\"><img decoding=\"async\" src=\"https:\/\/www.storevan.com\/wp-content\/uploads\/2019\/09\/1524_DSC0210-150x150.jpg\" alt=\"1524_DSC0210\" \/><\/a><\/li>\n<li><a href=\"https:\/\/www.storevan.com\/wp-content\/uploads\/2019\/09\/1524_DSC0221.jpg\" data-standard=\"https:\/\/www.storevan.com\/wp-content\/uploads\/2019\/09\/1524_DSC0221-480x350.jpg\"><img decoding=\"async\" src=\"https:\/\/www.storevan.com\/wp-content\/uploads\/2019\/09\/1524_DSC0221-150x150.jpg\" alt=\"1524_DSC0221\" \/><\/a><\/li>\n<li><a href=\"https:\/\/www.storevan.com\/wp-content\/uploads\/2019\/09\/1524_DSC0222.jpg\" data-standard=\"https:\/\/www.storevan.com\/wp-content\/uploads\/2019\/09\/1524_DSC0222-480x350.jpg\"><img decoding=\"async\" src=\"https:\/\/www.storevan.com\/wp-content\/uploads\/2019\/09\/1524_DSC0222-150x150.jpg\" alt=\"1524_DSC0222\" \/><\/a><\/li>\n<\/ul>\n<div class=\"break\"><\/div>\n<\/div><div class=\"clearboth\"><\/div>\n<hr class=\"noColor\" \/>\n<div class=\"hidden-xs col-sm-3 col-md-3 \">\n<hr class=\"orangeLine\" \/>\n<\/div>\n<div class=\"col-sm-6 col-md-6 \">\n<h3 class=\"bigTxt text-center titBoxDivisor\">Soluci\u00f3n con banco de trabajo plegable:<\/h3>\n<\/div>\n<div class=\"hidden-xs col-sm-3 col-md-3 \">\n<hr class=\"orangeLine\" \/>\n<\/div>\n<div class=\"break\"><\/div>\n<hr class=\"noColor\" \/>\n<div class=\"col-md-6\">\n<div class=\"iframeContent video\"><iframe loading=\"lazy\" src=\"https:\/\/www.youtube.com\/embed\/WDxLvnLrlAo\" width=\"560\" height=\"315\" frameborder=\"0\" allowfullscreen=\"allowfullscreen\"><\/iframe><\/div>\n<\/div>\n<div class=\"col-md-6\">\n<p>Adem\u00e1s de los paneles portaherramientas perforados, el protector de mampara para furgonetas puede alojar el <strong>banco de trabajo plegable con superficie de madera perforada y patas de metal. Insertada en el interior del protector de mampara<\/strong>, ocupando el espacio inutilizado entre la mampara misma y la pared de la parte posterior de la cabina, la mesa de trabajo plegable puede extraerse y transportarse f\u00e1cil y r\u00e1pidamente incluso al aire libre. Gracias a su estructura particularmente estable, su <strong>capacidad de carga es de 150\u00a0kg<\/strong> y permite realizar trabajos o reparaciones sin ninguna dificultad. <strong>Los orificios de la superficie permiten fijar tornillos de banco y otras herramientas \u00fatiles, <\/strong>\u00a1convirti\u00e9ndose en un verdadero banco de trabajo plegable profesional!<\/p>\n<p><a href=\"https:\/\/www.storevan.com\/es\/productos\/banco-trabajo-plegable\/\" class=\"btn btn-primary pull-right\">Leer m\u00e1s <i class=\"fa fa-angle-double-right\"><\/i><\/a>\n<\/div>\n<div class=\"break\"><\/div>\n<hr\/>\n<p><a name=\"formcontatto\"><\/a><\/p>\n<h4 class=\"bigTxt text-center txtBkOrange\">\u00bfQUIERES SABER M\u00c1S?<\/h4>\n\n<div class=\"wpcf7 no-js\" id=\"wpcf7-f67674-o1\" lang=\"it-IT\" dir=\"ltr\">\n<div class=\"screen-reader-response\"><p role=\"status\" aria-live=\"polite\" aria-atomic=\"true\"><\/p> <ul><\/ul><\/div>\n<form action=\"\/es\/wp-json\/wp\/v2\/pages\/107518#wpcf7-f67674-o1\" method=\"post\" class=\"wpcf7-form init\" id=\"form-pianali-pannellature-es\" aria-label=\"Modulo di contatto\" novalidate=\"novalidate\" data-status=\"init\">\n<div style=\"display: none;\">\n<input type=\"hidden\" name=\"_wpcf7\" value=\"67674\" \/>\n<input type=\"hidden\" name=\"_wpcf7_version\" value=\"5.7.7\" \/>\n<input type=\"hidden\" name=\"_wpcf7_locale\" value=\"it_IT\" \/>\n<input type=\"hidden\" name=\"_wpcf7_unit_tag\" value=\"wpcf7-f67674-o1\" \/>\n<input type=\"hidden\" name=\"_wpcf7_container_post\" value=\"0\" \/>\n<input type=\"hidden\" name=\"_wpcf7_posted_data_hash\" value=\"\" \/>\n<input type=\"hidden\" name=\"_wpcf7_recaptcha_response\" value=\"\" \/>\n<\/div>\n<span class=\"wpcf7-form-control-wrap url\" data-name=\"url\"><input type=\"hidden\" name=\"url\" size=\"40\" class=\"wpcf7-form-control wpcf7-hidden wpcf7dtx wpcf7dtx-hidden\" aria-invalid=\"false\" value=\"protector-mampara\" autocomplete=\"off\" \/><\/span>\n<p>Complete los siguientes campos para recibir m\u00e1s informaci\u00f3n. Uno de nuestros operadores se pondr\u00e1 en contacto con usted lo antes posible (* campos obligatorios):\n<\/p>\n<div class=\"col-xs-12 col-md-6\">\n\t<p><span class='titoli'>Nombre (*)<\/span>\n\t<\/p>\n\t<p><span class=\"wpcf7-form-control-wrap\" data-name=\"your-name\"><input size=\"40\" class=\"wpcf7-form-control wpcf7-text wpcf7-validates-as-required form-control\" aria-required=\"true\" aria-invalid=\"false\" value=\"\" type=\"text\" name=\"your-name\" \/><\/span>\n\t<\/p>\n<\/div>\n<div class=\"col-xs-12 col-md-6\">\n\t<p><span class='titoli'>Apellidos (*)<\/span>\n\t<\/p>\n\t<p><span class=\"wpcf7-form-control-wrap\" data-name=\"your-last-name\"><input size=\"40\" class=\"wpcf7-form-control wpcf7-text wpcf7-validates-as-required form-control\" aria-required=\"true\" aria-invalid=\"false\" value=\"\" type=\"text\" name=\"your-last-name\" \/><\/span>\n\t<\/p>\n<\/div>\n<div class=\"col-xs-12 col-md-6\">\n\t<p><span class='titoli'>Empresa(*)<\/span>\n\t<\/p>\n\t<p><span class=\"wpcf7-form-control-wrap\" data-name=\"your-company\"><input size=\"40\" class=\"wpcf7-form-control wpcf7-text wpcf7-validates-as-required form-control\" aria-required=\"true\" aria-invalid=\"false\" value=\"\" type=\"text\" name=\"your-company\" \/><\/span>\n\t<\/p>\n<\/div>\n<div class=\"col-xs-12 col-md-6\">\n\t<p><span class='titoli'>C\u00f3d. NIF<\/span>\n\t<\/p>\n\t<p><span class=\"wpcf7-form-control-wrap\" data-name=\"p-iva\"><input size=\"40\" class=\"wpcf7-form-control wpcf7-text form-control\" aria-invalid=\"false\" value=\"\" type=\"text\" name=\"p-iva\" \/><\/span>\n\t<\/p>\n<\/div>\n<div class=\"clearboth\">\n<\/div>\n<div class=\"col-xs-12 col-md-4\">\n\t<p><span class='titoli'>C\u00f3digo Postal(*)<\/span>\n\t<\/p>\n\t<p><span class=\"wpcf7-form-control-wrap\" data-name=\"your-zip-code\"><input size=\"40\" class=\"wpcf7-form-control wpcf7-text wpcf7-validates-as-required form-control\" aria-required=\"true\" aria-invalid=\"false\" value=\"\" type=\"text\" name=\"your-zip-code\" \/><\/span>\n\t<\/p>\n<\/div>\n<div class=\"col-xs-12 col-md-4\">\n\t<p><span class='titoli'>Direcci\u00f3n (*)<\/span>\n\t<\/p>\n\t<p><span class=\"wpcf7-form-control-wrap\" data-name=\"your-address\"><input size=\"40\" class=\"wpcf7-form-control wpcf7-text wpcf7-validates-as-required form-control\" aria-required=\"true\" aria-invalid=\"false\" value=\"\" type=\"text\" name=\"your-address\" \/><\/span>\n\t<\/p>\n<\/div>\n<div class=\"col-xs-12 col-md-4\">\n\t<p><span class='titoli'>Ciudad (*)<\/span>\n\t<\/p>\n\t<p><span class=\"wpcf7-form-control-wrap\" data-name=\"your-Town\"><input size=\"40\" class=\"wpcf7-form-control wpcf7-text wpcf7-validates-as-required form-control\" aria-required=\"true\" aria-invalid=\"false\" value=\"\" type=\"text\" name=\"your-Town\" \/><\/span>\n\t<\/p>\n<\/div>\n<div class=\"clearboth\">\n<\/div>\n<div class=\"col-xs-12 col-md-6\">\n\t<p><span class='titoli'>email (*)<\/span>\n\t<\/p>\n\t<p><span class=\"wpcf7-form-control-wrap\" data-name=\"your-email\"><input size=\"40\" class=\"wpcf7-form-control wpcf7-text wpcf7-email wpcf7-validates-as-required wpcf7-validates-as-email form-control\" aria-required=\"true\" aria-invalid=\"false\" value=\"\" type=\"email\" name=\"your-email\" \/><\/span>\n\t<\/p>\n<\/div>\n<div class=\"col-xs-12 col-md-6\">\n\t<p><span class='titoli'>Tel\u00e9fono (*)<\/span>\n\t<\/p>\n\t<p><span class=\"wpcf7-form-control-wrap\" data-name=\"telefono\"><input size=\"40\" class=\"wpcf7-form-control wpcf7-text wpcf7-tel wpcf7-validates-as-required wpcf7-validates-as-tel form-control\" aria-required=\"true\" aria-invalid=\"false\" value=\"\" type=\"tel\" name=\"telefono\" \/><\/span>\n\t<\/p>\n<\/div>\n<div class=\"clearboth\">\n<\/div>\n<div class=\"col-xs-12 col-md-6\">\n\t<p><span class='titoli'>Objeto <\/span>\n\t<\/p>\n\t<p><span class=\"wpcf7-form-control-wrap\" data-name=\"oggetto\"><select class=\"wpcf7-form-control wpcf7-select wpcf7-validates-as-required\" aria-required=\"true\" aria-invalid=\"false\" name=\"oggetto\"><option value=\"Solicitud de presupuesto\">Solicitud de presupuesto<\/option><option value=\"Informaci\u00f3n t\u00e9cnica\">Informaci\u00f3n t\u00e9cnica<\/option><option value=\"Cita\">Cita<\/option><\/select><\/span>\n\t<\/p>\n<\/div>\n<div class=\"col-xs-12 col-md-6\">\n\t<p><br \/>\n<span class=\"titoli\"> <span class=\"wpcf7-form-control-wrap\" data-name=\"cliente\"><span class=\"wpcf7-form-control wpcf7-checkbox\"><span class=\"wpcf7-list-item first last\"><label><span class=\"wpcf7-list-item-label\">Soy un cliente<\/span><input type=\"checkbox\" name=\"cliente[]\" value=\"Soy un cliente\" \/><\/label><\/span><\/span><\/span><\/span>\n\t<\/p>\n<\/div>\n<div class=\"col-xs-12 col-md-12\">\n\t<p><span class='titoli'>Mensaje (*)<\/span>\n\t<\/p>\n\t<p><span class=\"wpcf7-form-control-wrap\" data-name=\"your-message\"><textarea cols=\"40\" rows=\"10\" class=\"wpcf7-form-control wpcf7-textarea wpcf7-validates-as-required form-control\" aria-required=\"true\" aria-invalid=\"false\" name=\"your-message\"><\/textarea><\/span>\n\t<\/p>\n<\/div>\n<div class=\"col-xs-12 col-md-12\">\n\t<p><small>Los datos introducidos ser\u00e1n tratados con estricta confidencialidad de acuerdo con la ley y con nuestra <a href=\"https:\/\/www.storevan.com\/es\/privacy-policy\/\">pol\u00edtica de privacidad<\/a>.<\/small>\n\t<\/p>\n\t<p><span class=\"wpcf7-form-control-wrap\" data-name=\"AccettazionePrivacy\"><span class=\"wpcf7-form-control wpcf7-acceptance\"><span class=\"wpcf7-list-item\"><input type=\"checkbox\" name=\"AccettazionePrivacy\" value=\"1\" aria-invalid=\"false\" \/><\/span><\/span><\/span> Declaro haber le\u00eddo la Informaci\u00f3n sobre la <a href=\"https:\/\/www.storevan.com\/es\/privacy-policy\/\">Privacy<\/a> y autorizo el tratamiento de mis datos personales de conformidad con aquello aqu\u00ed descrito.(*)<br \/>\n\t<span class=\"wpcf7-form-control-wrap recaptcha\" data-name=\"recaptcha\"><span data-sitekey=\"6LdfM4AUAAAAAJjsAucux5WVNA3hsk5KP0a03T_n\" class=\"wpcf7-form-control g-recaptcha wpcf7-recaptcha\"><\/span>\r\n<noscript>\r\n\t<div class=\"grecaptcha-noscript\">\r\n\t\t<iframe src=\"https:\/\/www.google.com\/recaptcha\/api\/fallback?k=6LdfM4AUAAAAAJjsAucux5WVNA3hsk5KP0a03T_n\" frameborder=\"0\" scrolling=\"no\" width=\"310\" height=\"430\">\r\n\t\t<\/iframe>\r\n\t\t<textarea name=\"g-recaptcha-response\" rows=\"3\" cols=\"40\" placeholder=\"Aqu\u00ed la respuesta de reCAPTCHA\">\r\n\t\t<\/textarea>\r\n\t<\/div>\r\n<\/noscript>\r\n<\/span>\n\t<\/p>\n<\/div>\n<hr class=\"noColor\" \/>\n<p><input class=\"wpcf7-form-control has-spinner wpcf7-submit\" type=\"submit\" value=\"Env\u00edo\" \/>\n<\/p><div class=\"wpcf7-response-output\" aria-hidden=\"true\"><\/div>\n<\/form>\n<\/div>\n\n","protected":false},"excerpt":{"rendered":"<p>Protector de mampara para furgonetas C\u00f3mo proteger las mamparas divisorias de las furgonetas optimizando el espacio<\/p>\n","protected":false},"author":470,"featured_media":107882,"parent":25669,"menu_order":0,"comment_status":"closed","ping_status":"closed","template":"","meta":[],"acf":[],"yoast_head":"<!-- This site is optimized with the Yoast SEO plugin v20.11 - https:\/\/yoast.com\/wordpress\/plugins\/seo\/ -->\n<title>Protector de mampara para furgonetas<\/title>\n<meta name=\"description\" content=\"\u00a1Proteja la pared divisoria de la furgoneta y optimice el espacio en la parte posterior de la cabina con el protector de mampara perforado con banco de trabajo plegable Store Van!\" \/>\n<meta name=\"robots\" content=\"index, follow, max-snippet:-1, max-image-preview:large, max-video-preview:-1\" \/>\n<link rel=\"canonical\" href=\"https:\/\/www.storevan.com\/es\/productos\/protector-mampara\/\" \/>\n<meta property=\"og:locale\" content=\"es_ES\" \/>\n<meta property=\"og:type\" content=\"article\" \/>\n<meta property=\"og:title\" content=\"Protector de mampara para furgonetas\" \/>\n<meta property=\"og:description\" content=\"\u00a1Proteja la pared divisoria de la furgoneta y optimice el espacio en la parte posterior de la cabina con el protector de mampara perforado con banco de trabajo plegable Store Van!\" \/>\n<meta property=\"og:url\" content=\"https:\/\/www.storevan.com\/es\/productos\/protector-mampara\/\" \/>\n<meta property=\"og:site_name\" content=\"Store Van\" \/>\n<meta property=\"article:modified_time\" content=\"2020-12-18T11:26:25+00:00\" \/>\n<meta property=\"og:image\" content=\"https:\/\/www.storevan.com\/wp-content\/uploads\/2019\/09\/rivestimento-paratia-divisoria-furgone.jpg\" \/>\n\t<meta property=\"og:image:width\" content=\"300\" \/>\n\t<meta property=\"og:image:height\" content=\"300\" \/>\n\t<meta property=\"og:image:type\" content=\"image\/jpeg\" \/>\n<script type=\"application\/ld+json\" class=\"yoast-schema-graph\">{\"@context\":\"https:\/\/schema.org\",\"@graph\":[{\"@type\":\"WebPage\",\"@id\":\"https:\/\/www.storevan.com\/es\/productos\/protector-mampara\/\",\"url\":\"https:\/\/www.storevan.com\/es\/productos\/protector-mampara\/\",\"name\":\"Protector de mampara para furgonetas\",\"isPartOf\":{\"@id\":\"https:\/\/www.storevan.com\/pl\/#website\"},\"datePublished\":\"2019-09-04T11:51:03+00:00\",\"dateModified\":\"2020-12-18T11:26:25+00:00\",\"description\":\"\u00a1Proteja la pared divisoria de la furgoneta y optimice el espacio en la parte posterior de la cabina con el protector de mampara perforado con banco de trabajo plegable Store Van!\",\"breadcrumb\":{\"@id\":\"https:\/\/www.storevan.com\/es\/productos\/protector-mampara\/#breadcrumb\"},\"inLanguage\":\"es\",\"potentialAction\":[{\"@type\":\"ReadAction\",\"target\":[\"https:\/\/www.storevan.com\/es\/productos\/protector-mampara\/\"]}]},{\"@type\":\"BreadcrumbList\",\"@id\":\"https:\/\/www.storevan.com\/es\/productos\/protector-mampara\/#breadcrumb\",\"itemListElement\":[{\"@type\":\"ListItem\",\"position\":1,\"name\":\"Home\",\"item\":\"https:\/\/www.storevan.com\/es\/\"},{\"@type\":\"ListItem\",\"position\":2,\"name\":\"Productos\",\"item\":\"https:\/\/www.storevan.com\/es\/productos\/\"},{\"@type\":\"ListItem\",\"position\":3,\"name\":\"Protector de mampara\"}]},{\"@type\":\"WebSite\",\"@id\":\"https:\/\/www.storevan.com\/pl\/#website\",\"url\":\"https:\/\/www.storevan.com\/pl\/\",\"name\":\"Store Van\",\"description\":\"Equipamientos furgonetas\",\"potentialAction\":[{\"@type\":\"SearchAction\",\"target\":{\"@type\":\"EntryPoint\",\"urlTemplate\":\"https:\/\/www.storevan.com\/pl\/?s={search_term_string}\"},\"query-input\":\"required name=search_term_string\"}],\"inLanguage\":\"es\"}]}<\/script>\n<!-- \/ Yoast SEO plugin. -->","yoast_head_json":{"title":"Protector de mampara para furgonetas","description":"\u00a1Proteja la pared divisoria de la furgoneta y optimice el espacio en la parte posterior de la cabina con el protector de mampara perforado con banco de trabajo plegable Store Van!","robots":{"index":"index","follow":"follow","max-snippet":"max-snippet:-1","max-image-preview":"max-image-preview:large","max-video-preview":"max-video-preview:-1"},"canonical":"https:\/\/www.storevan.com\/es\/productos\/protector-mampara\/","og_locale":"es_ES","og_type":"article","og_title":"Protector de mampara para furgonetas","og_description":"\u00a1Proteja la pared divisoria de la furgoneta y optimice el espacio en la parte posterior de la cabina con el protector de mampara perforado con banco de trabajo plegable Store Van!","og_url":"https:\/\/www.storevan.com\/es\/productos\/protector-mampara\/","og_site_name":"Store Van","article_modified_time":"2020-12-18T11:26:25+00:00","og_image":[{"width":300,"height":300,"url":"https:\/\/www.storevan.com\/wp-content\/uploads\/2019\/09\/rivestimento-paratia-divisoria-furgone.jpg","type":"image\/jpeg"}],"schema":{"@context":"https:\/\/schema.org","@graph":[{"@type":"WebPage","@id":"https:\/\/www.storevan.com\/es\/productos\/protector-mampara\/","url":"https:\/\/www.storevan.com\/es\/productos\/protector-mampara\/","name":"Protector de mampara para furgonetas","isPartOf":{"@id":"https:\/\/www.storevan.com\/pl\/#website"},"datePublished":"2019-09-04T11:51:03+00:00","dateModified":"2020-12-18T11:26:25+00:00","description":"\u00a1Proteja la pared divisoria de la furgoneta y optimice el espacio en la parte posterior de la cabina con el protector de mampara perforado con banco de trabajo plegable Store Van!","breadcrumb":{"@id":"https:\/\/www.storevan.com\/es\/productos\/protector-mampara\/#breadcrumb"},"inLanguage":"es","potentialAction":[{"@type":"ReadAction","target":["https:\/\/www.storevan.com\/es\/productos\/protector-mampara\/"]}]},{"@type":"BreadcrumbList","@id":"https:\/\/www.storevan.com\/es\/productos\/protector-mampara\/#breadcrumb","itemListElement":[{"@type":"ListItem","position":1,"name":"Home","item":"https:\/\/www.storevan.com\/es\/"},{"@type":"ListItem","position":2,"name":"Productos","item":"https:\/\/www.storevan.com\/es\/productos\/"},{"@type":"ListItem","position":3,"name":"Protector de mampara"}]},{"@type":"WebSite","@id":"https:\/\/www.storevan.com\/pl\/#website","url":"https:\/\/www.storevan.com\/pl\/","name":"Store Van","description":"Equipamientos furgonetas","potentialAction":[{"@type":"SearchAction","target":{"@type":"EntryPoint","urlTemplate":"https:\/\/www.storevan.com\/pl\/?s={search_term_string}"},"query-input":"required name=search_term_string"}],"inLanguage":"es"}]}},"_links":{"self":[{"href":"https:\/\/www.storevan.com\/es\/wp-json\/wp\/v2\/pages\/107518"}],"collection":[{"href":"https:\/\/www.storevan.com\/es\/wp-json\/wp\/v2\/pages"}],"about":[{"href":"https:\/\/www.storevan.com\/es\/wp-json\/wp\/v2\/types\/page"}],"author":[{"embeddable":true,"href":"https:\/\/www.storevan.com\/es\/wp-json\/wp\/v2\/users\/470"}],"replies":[{"embeddable":true,"href":"https:\/\/www.storevan.com\/es\/wp-json\/wp\/v2\/comments?post=107518"}],"version-history":[{"count":8,"href":"https:\/\/www.storevan.com\/es\/wp-json\/wp\/v2\/pages\/107518\/revisions"}],"predecessor-version":[{"id":122894,"href":"https:\/\/www.storevan.com\/es\/wp-json\/wp\/v2\/pages\/107518\/revisions\/122894"}],"up":[{"embeddable":true,"href":"https:\/\/www.storevan.com\/es\/wp-json\/wp\/v2\/pages\/25669"}],"wp:featuredmedia":[{"embeddable":true,"href":"https:\/\/www.storevan.com\/es\/wp-json\/wp\/v2\/media\/107882"}],"wp:attachment":[{"href":"https:\/\/www.storevan.com\/es\/wp-json\/wp\/v2\/media?parent=107518"}],"curies":[{"name":"wp","href":"https:\/\/api.w.org\/{rel}","templated":true}]}}