{"id":107515,"date":"2019-09-30T06:39:30","date_gmt":"2019-09-30T06:39:30","guid":{"rendered":"https:\/\/www.storevan.com\/?page_id=107515"},"modified":"2022-01-18T14:34:33","modified_gmt":"2022-01-18T14:34:33","slug":"banco-trabajo-plegable","status":"publish","type":"page","link":"https:\/\/www.storevan.com\/es\/productos\/banco-trabajo-plegable\/","title":{"rendered":"Banco de trabajo plegable"},"content":{"rendered":"<h1 class=\"customblackTitleSmall\">Banco de trabajo plegable: dos medidas para mil usos<\/h1>\n<h2>Bancos de trabajo plegable, ligero y transportable: \u00a1siempre listo cuando lo necesites!<\/h2>\n<hr class=\"noColor\" \/>\n<p><img decoding=\"async\" loading=\"lazy\" class=\"aligncenter size-full wp-image-137974\" src=\"https:\/\/www.storevan.com\/wp-content\/uploads\/2022\/01\/banchi-lavoro-pieghevoli.jpg\" alt=\"Bancos de trabajo plegable\" width=\"1100\" height=\"273\" srcset=\"https:\/\/www.storevan.com\/wp-content\/uploads\/2022\/01\/banchi-lavoro-pieghevoli.jpg 1100w, https:\/\/www.storevan.com\/wp-content\/uploads\/2022\/01\/banchi-lavoro-pieghevoli-300x74.jpg 300w, https:\/\/www.storevan.com\/wp-content\/uploads\/2022\/01\/banchi-lavoro-pieghevoli-1024x254.jpg 1024w, https:\/\/www.storevan.com\/wp-content\/uploads\/2022\/01\/banchi-lavoro-pieghevoli-768x191.jpg 768w\" sizes=\"(max-width: 1100px) 100vw, 1100px\" \/><\/p>\n<hr class=\"noColor\" \/>\n<p>Un banco de trabajo plegable es la soluci\u00f3n ideal para hacer frente a peque\u00f1as tareas que puedan ser necesarias durante tu trabajo.<\/p>\n<p>Los bancos de trabajo plegables Store Van est\u00e1n dise\u00f1ados para ocupar el menor espacio posible, incluso cuando est\u00e1n cerrados, y est\u00e1n fabricados con materiales de alta calidad que garantizan su estabilidad y durabilidad.<\/p>\n<p>Las patas tienen un <strong>pr\u00e1ctico sistema de cierre<\/strong> y la <strong>encimera de madera perforada<\/strong> permite la fijaci\u00f3n y el uso de mordazas y dem\u00e1s herramientas de mecanizado.<\/p>\n<p><strong>S\u00f3lida, esencial y ligera<\/strong>, en ambas soluciones la mesa de trabajo plegable Store Van se puede utilizar en cualquier contexto y es ideal tambi\u00e9n como banco de trabajo plegable para bricolaje.<\/p>\n<hr class=\"noColor\" \/>\n<hr class=\"noColor\" \/>\n<div class=\"tabsBanchi\"><div class=\"tab-holder shortcode-tabs\"><div class=\"tab-hold tabs-wrapper\"><ul id=\"tabs\" class=\"tabset tabs nav-tabs\"><li><a href=\"#tab1\" data-toggle=\"tab\"><span class='hidden-xs'>Banco de trabajo plegable - <\/span><span class='txtOrange customblackTitleExtraSmall'>LARGE<\/span><\/a><\/li><li><a href=\"#tab2\" data-toggle=\"tab\"><span class='hidden-xs'>Banco de trabajo port\u00e1til - <\/span><span class='txtOrange customblackTitleExtraSmall'>SMALL<\/span><\/a><\/li><\/ul><div class=\"tab-box tabs-container\">\n<div id=\"tab1\" class=\"tab tab_content\">\n<div id=\"bancoLarge\" class=\"ts-gallery\">\n<div class=\"col-xs-12 col-md-6\"><a href=\"https:\/\/www.storevan.com\/wp-content\/uploads\/2021\/12\/banco-lavoro-pieghevole-large.jpg\" title=\"Banco de trabajo plegable - Large\"><img decoding=\"async\" loading=\"lazy\" class=\"aligncenter wp-image-137236\" src=\"https:\/\/www.storevan.com\/wp-content\/uploads\/2021\/12\/banco-lavoro-pieghevole-large.jpg\" alt=\"Banco da lavoro pieghevole Large\" width=\"746\" height=\"500\" srcset=\"https:\/\/www.storevan.com\/wp-content\/uploads\/2021\/12\/banco-lavoro-pieghevole-large.jpg 800w, https:\/\/www.storevan.com\/wp-content\/uploads\/2021\/12\/banco-lavoro-pieghevole-large-300x201.jpg 300w, https:\/\/www.storevan.com\/wp-content\/uploads\/2021\/12\/banco-lavoro-pieghevole-large-768x515.jpg 768w\" sizes=\"(max-width: 746px) 100vw, 746px\" \/><\/a><\/div>\n<div class=\"col-xs-12 col-md-6\">\n<p>El nuevo <strong>banco de trabajo plegable WORK TABLE <\/strong>est\u00e1 dise\u00f1ado para quienes necesitan una encimera de trabajo de tama\u00f1o y capacidad considerables, utilizable tanto dentro como fuera de la furgoneta.<\/p>\n<hr class=\"noColor\" \/>\n<ul class=\"listDalia\" style=\"margin: 0;\">\n<li><i class=\"fa fa-angle-double-right numVan\"><\/i> <span class=\"txtBlack\">BANCO ABIERTO: <span class=\"customblackTitleExtraSmall\">1184 x 590 x 896 mm<\/span><\/span><\/li>\n<li><i class=\"fa fa-angle-double-right numVan\"><\/i> <span class=\"txtBlack\">BANCO CERRADO: <span class=\"customblackTitleExtraSmall\">1100 x 590 x 60 mm<\/span><\/span><\/li>\n<li><i class=\"fa fa-angle-double-right numVan\"><\/i> <span class=\"txtBlack\">PESO: <span class=\"customblackTitleExtraSmall\">20kg<\/span><\/span><\/li>\n<li><i class=\"fa fa-angle-double-right numVan\"><\/i> <span class=\"txtBlack\">CAPACIDAD DE CARGA M\u00c1X: <span class=\"customblackTitleExtraSmall\">400kg<\/span><\/span><\/li>\n<\/ul>\n<hr class=\"noColor\" \/>\n<p>Una vez cerrado, ocupa s\u00f3lo 60 mm, y la solidez de las patas permite a la mesa de trabajo plegable Work Table una capacidad de 400 kg.<\/p>\n<p>Una vez plegada, se puede fijar f\u00e1cilmente con los 3 ganchos de soporte en los orificios cuadrados de los paneles perforados en el compartimento de carga.<\/p>\n<p>Por sus medidas, la mesa de trabajo plegable no es compatible con el <a href=\"https:\/\/www.storevan.com\/es\/productos\/protector-mampara\/\" title=\"Sistema protector de mampara\">sistema protector de mampara<\/a>.<\/p>\n<\/div>\n<div class=\"break\"><\/div>\n<hr class=\"noColor\" \/>\n<hr \/>\n<hr class=\"noColor\" \/>\n<h3 class=\"col-xs-12 col-md-12 text-left\">CARACTER\u00cdSTICAS DEL BANCO:<\/h3>\n<div class=\"break\"><\/div>\n<hr class=\"noColor\" \/>\n<div class=\"contentVantaggi col-md-7\">\n<div class=\"inner_desc\">\n<div class=\"single_area fadeInUp wow\" data-wow-duration=\".5s\" data-wow-delay=\"0.6s\">\n<p><input id=\"area1\" class=\"read-more-state\" type=\"checkbox\" \/><\/p>\n<div class=\"BigNumber\">1<\/div>\n<p><strong class=\"txtUp text-left\">Soportes de fijaci\u00f3n universales<\/strong><\/p>\n<\/div>\n<div class=\"single_area fadeInUp wow\" data-wow-duration=\".5s\" data-wow-delay=\"0.8s\">\n<p><input id=\"area2\" class=\"read-more-state\" type=\"checkbox\" \/><\/p>\n<div class=\"BigNumber\">2<\/div>\n<p><strong class=\"txtUp text-left\">Protecci\u00f3n aristas redondeadas<\/strong><\/p>\n<\/div>\n<div class=\"single_area fadeInUp wow\" data-wow-duration=\".5s\" data-wow-delay=\"1s\">\n<p><input id=\"area3\" class=\"read-more-state\" type=\"checkbox\" \/><\/p>\n<div class=\"BigNumber\">3<\/div>\n<p><strong class=\"txtUp text-left\">Travesa\u00f1os de refuerzo<\/strong><\/p>\n<\/div>\n<div class=\"single_area fadeInUp wow\" data-wow-duration=\".5s\" data-wow-delay=\"1.2s\">\n<p><input id=\"area4\" class=\"read-more-state\" type=\"checkbox\" \/><\/p>\n<div class=\"BigNumber\">4<\/div>\n<p><strong class=\"txtUp text-left\">Orificios para soportes de fijaci\u00f3n<\/strong><\/p>\n<\/div>\n<\/div>\n<\/div>\n<div class=\"col-xs-12 col-md-5\"><a href=\"https:\/\/www.storevan.com\/wp-content\/uploads\/2022\/01\/banco-lavoro-pieghevole-large.jpg\" title=\"Banco compacto - Large\"><img decoding=\"async\" loading=\"lazy\" src=\"https:\/\/www.storevan.com\/wp-content\/uploads\/2022\/01\/banco-lavoro-pieghevole-large-300x225.jpg\" alt=\"Banco compacto - Large\" width=\"300\" height=\"225\" class=\"aligncenter size-medium wp-image-138096\" srcset=\"https:\/\/www.storevan.com\/wp-content\/uploads\/2022\/01\/banco-lavoro-pieghevole-large-300x225.jpg 300w, https:\/\/www.storevan.com\/wp-content\/uploads\/2022\/01\/banco-lavoro-pieghevole-large-768x576.jpg 768w, https:\/\/www.storevan.com\/wp-content\/uploads\/2022\/01\/banco-lavoro-pieghevole-large-425x320.jpg 425w, https:\/\/www.storevan.com\/wp-content\/uploads\/2022\/01\/banco-lavoro-pieghevole-large.jpg 800w\" sizes=\"(max-width: 300px) 100vw, 300px\" \/><\/a>\n<\/div>\n<div class=\"break\"><\/div>\n<hr class=\"noColor\" \/>\n<hr \/>\n<hr class=\"noColor\" \/>\n<h3 class=\"col-xs-12 col-md-12 text-left\">VIDEO:<\/h3>\n<div class=\"break\"><\/div>\n<hr class=\"noColor\" \/>\n<div class=\"col-xs-12 col-md-6\">\n<div class=\"iframeContent video\"><iframe loading=\"lazy\" width=\"560\" height=\"315\" src=\"https:\/\/www.youtube.com\/embed\/DdS4jboTlts\" title=\"YouTube video player\" frameborder=\"0\" allow=\"accelerometer; autoplay; clipboard-write; encrypted-media; gyroscope; picture-in-picture\" allowfullscreen><\/iframe><\/div>\n<\/div>\n<div class=\"break\"><\/div>\n<hr \/>\n<hr class=\"noColor\" \/>\n<h3 class=\"col-xs-12 col-md-12 text-left\">GALLERY:<\/h3>\n<div class=\"break\"><\/div>\n<hr class=\"noColor\" \/>\n<div class=\"ts-gallery col-md-10 col-md-offset-1 galleryEffect mai\">\n<div class=\"col-xs-4 col-md-2\"><a href=\"https:\/\/www.storevan.com\/wp-content\/uploads\/2021\/12\/banco-da-lavoro-pieghevole.jpg\" title=\"Banco de trabajo plegable - Large\"><img decoding=\"async\" loading=\"lazy\" class=\"aligncenter size-full wp-image-137478\" src=\"https:\/\/www.storevan.com\/wp-content\/uploads\/2021\/12\/banco-da-lavoro-pieghevole.jpg\" alt=\"Banco de trabajo plegable\" width=\"150\" height=\"150\" srcset=\"https:\/\/www.storevan.com\/wp-content\/uploads\/2021\/12\/banco-da-lavoro-pieghevole.jpg 690w, https:\/\/www.storevan.com\/wp-content\/uploads\/2021\/12\/banco-da-lavoro-pieghevole-300x300.jpg 300w, https:\/\/www.storevan.com\/wp-content\/uploads\/2021\/12\/banco-da-lavoro-pieghevole-150x150.jpg 150w, https:\/\/www.storevan.com\/wp-content\/uploads\/2021\/12\/banco-da-lavoro-pieghevole-48x48.jpg 48w, https:\/\/www.storevan.com\/wp-content\/uploads\/2021\/12\/banco-da-lavoro-pieghevole-480x480.jpg 480w\" sizes=\"(max-width: 150px) 100vw, 150px\" \/><\/a><\/div>\n<div class=\"col-xs-4 col-md-2\"><a href=\"https:\/\/www.storevan.com\/wp-content\/uploads\/2021\/12\/2.jpg\" title=\"Banco de trabajo - Large\"><img decoding=\"async\" loading=\"lazy\" class=\"aligncenter size-full wp-image-137490\" src=\"https:\/\/www.storevan.com\/wp-content\/uploads\/2021\/12\/2.jpg\" alt=\"Banco de trabajo\" width=\"150\" height=\"150\" srcset=\"https:\/\/www.storevan.com\/wp-content\/uploads\/2021\/12\/2.jpg 690w, https:\/\/www.storevan.com\/wp-content\/uploads\/2021\/12\/2-300x300.jpg 300w, https:\/\/www.storevan.com\/wp-content\/uploads\/2021\/12\/2-150x150.jpg 150w, https:\/\/www.storevan.com\/wp-content\/uploads\/2021\/12\/2-48x48.jpg 48w, https:\/\/www.storevan.com\/wp-content\/uploads\/2021\/12\/2-480x480.jpg 480w\" sizes=\"(max-width: 150px) 100vw, 150px\" \/><\/a><\/div>\n<div class=\"col-xs-4 col-md-2\"><a href=\"https:\/\/www.storevan.com\/wp-content\/uploads\/2021\/12\/3.jpg\" title=\"Travesa\u00f1os de refuerzo - Large\"><img decoding=\"async\" loading=\"lazy\" class=\"aligncenter size-full wp-image-137496\" src=\"https:\/\/www.storevan.com\/wp-content\/uploads\/2021\/12\/3.jpg\" alt=\"Travesa\u00f1os de refuerzo\" width=\"150\" height=\"150\" srcset=\"https:\/\/www.storevan.com\/wp-content\/uploads\/2021\/12\/3.jpg 690w, https:\/\/www.storevan.com\/wp-content\/uploads\/2021\/12\/3-300x300.jpg 300w, https:\/\/www.storevan.com\/wp-content\/uploads\/2021\/12\/3-150x150.jpg 150w, https:\/\/www.storevan.com\/wp-content\/uploads\/2021\/12\/3-48x48.jpg 48w, https:\/\/www.storevan.com\/wp-content\/uploads\/2021\/12\/3-480x480.jpg 480w\" sizes=\"(max-width: 150px) 100vw, 150px\" \/><\/a><\/div>\n<div class=\"col-xs-4 col-md-2\"><a href=\"https:\/\/www.storevan.com\/wp-content\/uploads\/2021\/12\/5.jpg\" title=\"Soportes de fijaci\u00f3n universales - Large\"><img decoding=\"async\" loading=\"lazy\" class=\"aligncenter size-full wp-image-137472\" src=\"https:\/\/www.storevan.com\/wp-content\/uploads\/2021\/12\/5.jpg\" alt=\"Soportes de fijaci\u00f3n universales\" width=\"150\" height=\"150\" srcset=\"https:\/\/www.storevan.com\/wp-content\/uploads\/2021\/12\/5.jpg 690w, https:\/\/www.storevan.com\/wp-content\/uploads\/2021\/12\/5-300x300.jpg 300w, https:\/\/www.storevan.com\/wp-content\/uploads\/2021\/12\/5-150x150.jpg 150w, https:\/\/www.storevan.com\/wp-content\/uploads\/2021\/12\/5-48x48.jpg 48w, https:\/\/www.storevan.com\/wp-content\/uploads\/2021\/12\/5-480x480.jpg 480w\" sizes=\"(max-width: 150px) 100vw, 150px\" \/><\/a><\/div>\n<div class=\"col-xs-4 col-md-2\"><a href=\"https:\/\/www.storevan.com\/wp-content\/uploads\/2021\/12\/4.jpg\" title=\"Banco compacto de trabajo - Large\"><img decoding=\"async\" loading=\"lazy\" class=\"aligncenter size-full wp-image-137466\" src=\"https:\/\/www.storevan.com\/wp-content\/uploads\/2021\/12\/4.jpg\" alt=\"Banco compacto de trabajo \" width=\"150\" height=\"150\" srcset=\"https:\/\/www.storevan.com\/wp-content\/uploads\/2021\/12\/4.jpg 690w, https:\/\/www.storevan.com\/wp-content\/uploads\/2021\/12\/4-300x300.jpg 300w, https:\/\/www.storevan.com\/wp-content\/uploads\/2021\/12\/4-150x150.jpg 150w, https:\/\/www.storevan.com\/wp-content\/uploads\/2021\/12\/4-48x48.jpg 48w, https:\/\/www.storevan.com\/wp-content\/uploads\/2021\/12\/4-480x480.jpg 480w\" sizes=\"(max-width: 150px) 100vw, 150px\" \/><\/a><\/div>\n<div class=\"col-xs-4 col-md-2\"><a href=\"https:\/\/www.storevan.com\/wp-content\/uploads\/2021\/12\/tavolo-da-lavoro-pieghevole-work-table.jpg\"  title=\"Mesa de trabajo plegable - Large\"><img decoding=\"async\" loading=\"lazy\" class=\"aligncenter size-full wp-image-137484\" src=\"https:\/\/www.storevan.com\/wp-content\/uploads\/2021\/12\/tavolo-da-lavoro-pieghevole-work-table.jpg\" alt=\"Mesa de trabajo plegable Work Table\" width=\"150\" height=\"150\" srcset=\"https:\/\/www.storevan.com\/wp-content\/uploads\/2021\/12\/tavolo-da-lavoro-pieghevole-work-table.jpg 800w, https:\/\/www.storevan.com\/wp-content\/uploads\/2021\/12\/tavolo-da-lavoro-pieghevole-work-table-300x300.jpg 300w, https:\/\/www.storevan.com\/wp-content\/uploads\/2021\/12\/tavolo-da-lavoro-pieghevole-work-table-150x150.jpg 150w, https:\/\/www.storevan.com\/wp-content\/uploads\/2021\/12\/tavolo-da-lavoro-pieghevole-work-table-768x768.jpg 768w, https:\/\/www.storevan.com\/wp-content\/uploads\/2021\/12\/tavolo-da-lavoro-pieghevole-work-table-48x48.jpg 48w, https:\/\/www.storevan.com\/wp-content\/uploads\/2021\/12\/tavolo-da-lavoro-pieghevole-work-table-480x480.jpg 480w\" sizes=\"(max-width: 150px) 100vw, 150px\" \/><\/a><\/div>\n<hr class=\"noColor break\" \/>\n<\/div>\n<hr class=\"noColor break\" \/>\n<\/div>\n<\/div>\n<div id=\"tab2\" class=\"tab tab_content\">\n<div id=\"bancoSmall\" class=\"\">\n<div class=\"col-xs-12 col-md-6 ts-gallery\"><a href=\"https:\/\/www.storevan.com\/wp-content\/uploads\/2021\/12\/banco-da-lavoro-pieghevole-1.jpg\" title=\"Banco de trabajo port\u00e1til - Small\"><img decoding=\"async\" loading=\"lazy\" class=\"aligncenter wp-image-137622\" src=\"https:\/\/www.storevan.com\/wp-content\/uploads\/2021\/12\/banco-da-lavoro-pieghevole-1.jpg\" alt=\"Banco de trabajo port\u00e1til\" width=\"345\" height=\"345\" srcset=\"https:\/\/www.storevan.com\/wp-content\/uploads\/2021\/12\/banco-da-lavoro-pieghevole-1.jpg 690w, https:\/\/www.storevan.com\/wp-content\/uploads\/2021\/12\/banco-da-lavoro-pieghevole-1-300x300.jpg 300w, https:\/\/www.storevan.com\/wp-content\/uploads\/2021\/12\/banco-da-lavoro-pieghevole-1-150x150.jpg 150w, https:\/\/www.storevan.com\/wp-content\/uploads\/2021\/12\/banco-da-lavoro-pieghevole-1-48x48.jpg 48w, https:\/\/www.storevan.com\/wp-content\/uploads\/2021\/12\/banco-da-lavoro-pieghevole-1-480x480.jpg 480w\" sizes=\"(max-width: 345px) 100vw, 345px\" \/><\/a><\/div>\n<div class=\"col-xs-12 col-md-6\">\n<p>El banco de trabajo plegable port\u00e1til ha sido creado para responder a las necesidades de quienes necesitan una encimera de trabajo r\u00e1pidamente disponible y que ocupe poco espacio cuando no se utiliza.<\/p>\n<ul class=\"listDalia\">\n<li><i class=\"fa fa-angle-double-right numVan\"><\/i> <span class=\"txtBlack\">MESA DE TRABAJO ABIERTA: <span class=\"customblackTitleExtraSmall\">802 x 980 x 423 mm<\/span><\/span><\/li>\n<li><i class=\"fa fa-angle-double-right numVan\"><\/i> <span class=\"txtBlack\">MESA DE TRABAJO CERRADA: <span class=\"customblackTitleExtraSmall\">55 x 980 x 423 mm<\/span><\/span><\/li>\n<li><i class=\"fa fa-angle-double-right numVan\"><\/i> <span class=\"txtBlack\">PESO: <span class=\"customblackTitleExtraSmall\">15kg<\/span><\/span><\/li>\n<li><i class=\"fa fa-angle-double-right numVan\"><\/i> <span class=\"txtBlack\">CAPACIDAD DE CARGA M\u00c1X: <span class=\"customblackTitleExtraSmall\">150kg<\/span><\/span><\/li>\n<\/ul>\n<p>De dimensiones reducidas, manejable, el banco de trabajo port\u00e1til se puede transportar f\u00e1cilmente a bordo de una furgoneta gracias a la posibilidad de colocarlo en el protector de mampara Store Van.<\/p>\n<hr class=\"noColor\" \/>\n<\/div>\n<div class=\"break\"><\/div>\n<hr class=\"noColor\" \/>\n<hr \/>\n<hr class=\"noColor\" \/>\n<h3 class=\"col-xs-12 col-md-12 text-left\">CARACTER\u00cdSTICAS DE LA MESA DE TRABAJO:<\/h3>\n<div class=\"break\"><\/div>\n<hr class=\"noColor\" \/>\n<div class=\"contentVantaggi col-md-7\">\n<div class=\"inner_desc\">\n<div class=\"single_area fadeInUp wow\" data-wow-duration=\".5s\" data-wow-delay=\"0.6s\">\n<p><input id=\"area1\" class=\"read-more-state\" type=\"checkbox\" \/><\/p>\n<div class=\"BigNumber\">1<\/div>\n<p><strong class=\"txtUp text-left\">PERFILADURA LATERAL PARA UN MONTAJE R\u00c1PIDO EN EL PROTECTOR DE MAMPARA<\/strong><\/p>\n<\/div>\n<div class=\"single_area fadeInUp wow\" data-wow-duration=\".5s\" data-wow-delay=\"0.8s\">\n<p><input id=\"area2\" class=\"read-more-state\" type=\"checkbox\" \/><\/p>\n<div class=\"BigNumber\">2<\/div>\n<p><strong class=\"txtUp text-left\">PATAS PLEGABLES DE BLOQUEO R\u00c1PIDO QUE AHORRAN ESPACIO<\/strong><\/p>\n<\/div>\n<div class=\"single_area fadeInUp wow\" data-wow-duration=\".5s\" data-wow-delay=\"1s\">\n<p><input id=\"area3\" class=\"read-more-state\" type=\"checkbox\" \/><\/p>\n<div class=\"BigNumber\">3<\/div>\n<p><strong class=\"txtUp text-left\">PERFORACI\u00d3N T\u00c9CNICA PARA TORNILLOS DE BANCO Y TRANSPORTE<\/strong><\/p>\n<\/div>\n<div class=\"single_area fadeInUp wow\" data-wow-duration=\".5s\" data-wow-delay=\"1.2s\">\n<p><input id=\"area4\" class=\"read-more-state\" type=\"checkbox\" \/><\/p>\n<div class=\"BigNumber\">4<\/div>\n<p><strong class=\"txtUp text-left\">PLACA PORTATODO PARA GANCHOS AIRLINE<\/strong><\/p>\n<\/div>\n<\/div>\n<\/div>\n<div class=\"col-xs-12 col-md-5 ts-gallery\"><a href=\"https:\/\/www.storevan.com\/wp-content\/uploads\/2021\/12\/banco-lavoro-furgone.jpg\" title=\"Banco de trabajo port\u00e1til - Small\"><img decoding=\"async\" loading=\"lazy\" class=\"aligncenter size-full wp-image-137599\" src=\"https:\/\/www.storevan.com\/wp-content\/uploads\/2021\/12\/banco-lavoro-furgone.jpg\" alt=\"Banco de trabajo port\u00e1til - Small\" width=\"300\" height=\"300\" srcset=\"https:\/\/www.storevan.com\/wp-content\/uploads\/2021\/12\/banco-lavoro-furgone.jpg 690w, https:\/\/www.storevan.com\/wp-content\/uploads\/2021\/12\/banco-lavoro-furgone-300x300.jpg 300w, https:\/\/www.storevan.com\/wp-content\/uploads\/2021\/12\/banco-lavoro-furgone-150x150.jpg 150w, https:\/\/www.storevan.com\/wp-content\/uploads\/2021\/12\/banco-lavoro-furgone-48x48.jpg 48w, https:\/\/www.storevan.com\/wp-content\/uploads\/2021\/12\/banco-lavoro-furgone-480x480.jpg 480w\" sizes=\"(max-width: 300px) 100vw, 300px\" \/><\/a><\/div>\n<div class=\"break\"><\/div>\n<hr class=\"noColor\" \/>\n<\/div>\n<div class=\"break\"><\/div>\n<hr \/>\n<hr class=\"noColor\" \/>\n<h3 class=\"col-xs-12 col-md-12 text-left\">VIDEO:<\/h3>\n<hr class=\"noColor\" \/>\n<div class=\"iframeContent video\"><iframe loading=\"lazy\" src=\"https:\/\/www.youtube.com\/embed\/WDxLvnLrlAo\" width=\"560\" height=\"315\" frameborder=\"0\" allowfullscreen=\"allowfullscreen\"><\/iframe><\/div>\n<hr class=\"noColor\" \/>\n<hr \/>\n<hr class=\"noColor\" \/>\n<h3 class=\"col-xs-12 col-md-12 text-left\">GALLERY:<\/h3>\n<div class=\"break\"><\/div>\n<hr class=\"noColor\" \/>\n<div class=\"ts-gallery col-md-10 col-md-offset-1 galleryEffect mai\">\n<div class=\"col-xs-4 col-md-2\"><a href=\"https:\/\/www.storevan.com\/wp-content\/uploads\/2021\/12\/banchetto-lavoro-pieghevole.jpg\" title=\"Banco de trabajo port\u00e1til - Small\"><img decoding=\"async\" loading=\"lazy\" class=\"aligncenter wp-image-137611 size-thumbnail\" title=\"Banco de trabajo port\u00e1til\" src=\"https:\/\/www.storevan.com\/wp-content\/uploads\/2021\/12\/banchetto-lavoro-pieghevole-150x150.jpg\" alt=\"Banco de trabajo port\u00e1til\" width=\"150\" height=\"150\" srcset=\"https:\/\/www.storevan.com\/wp-content\/uploads\/2021\/12\/banchetto-lavoro-pieghevole-150x150.jpg 150w, https:\/\/www.storevan.com\/wp-content\/uploads\/2021\/12\/banchetto-lavoro-pieghevole-300x300.jpg 300w, https:\/\/www.storevan.com\/wp-content\/uploads\/2021\/12\/banchetto-lavoro-pieghevole-48x48.jpg 48w, https:\/\/www.storevan.com\/wp-content\/uploads\/2021\/12\/banchetto-lavoro-pieghevole-480x480.jpg 480w, https:\/\/www.storevan.com\/wp-content\/uploads\/2021\/12\/banchetto-lavoro-pieghevole.jpg 690w\" sizes=\"(max-width: 150px) 100vw, 150px\" \/><\/a><\/div>\n<div class=\"col-xs-4 col-md-2\"><a href=\"https:\/\/www.storevan.com\/wp-content\/uploads\/2021\/12\/tavolo-da-lavoro-portatile.jpg\" title=\"Mesa de trabajo port\u00e1til - Small\"><img decoding=\"async\" loading=\"lazy\" class=\"aligncenter wp-image-137605 size-thumbnail\" title=\"Mesa de trabajo port\u00e1til\" src=\"https:\/\/www.storevan.com\/wp-content\/uploads\/2021\/12\/tavolo-da-lavoro-portatile-150x150.jpg\" alt=\"Mesa de trabajo port\u00e1til\" width=\"150\" height=\"150\" srcset=\"https:\/\/www.storevan.com\/wp-content\/uploads\/2021\/12\/tavolo-da-lavoro-portatile-150x150.jpg 150w, https:\/\/www.storevan.com\/wp-content\/uploads\/2021\/12\/tavolo-da-lavoro-portatile-300x300.jpg 300w, https:\/\/www.storevan.com\/wp-content\/uploads\/2021\/12\/tavolo-da-lavoro-portatile-48x48.jpg 48w, https:\/\/www.storevan.com\/wp-content\/uploads\/2021\/12\/tavolo-da-lavoro-portatile-480x480.jpg 480w, https:\/\/www.storevan.com\/wp-content\/uploads\/2021\/12\/tavolo-da-lavoro-portatile.jpg 690w\" sizes=\"(max-width: 150px) 100vw, 150px\" \/><\/a><\/div>\n<div class=\"col-xs-4 col-md-2\"><a href=\"https:\/\/www.storevan.com\/wp-content\/uploads\/2019\/09\/Banco-lavoro-incastro-rapido.jpg\" title=\"Mesa de trabajo plegable - Small\"><img decoding=\"async\" loading=\"lazy\" class=\"aligncenter wp-image-107003 size-thumbnail\" title=\"Mesa de trabajo plegable\" src=\"https:\/\/www.storevan.com\/wp-content\/uploads\/2019\/09\/Banco-lavoro-incastro-rapido-150x150.jpg\" alt=\"Mesa de trabajo plegable\" width=\"150\" height=\"150\" srcset=\"https:\/\/www.storevan.com\/wp-content\/uploads\/2019\/09\/Banco-lavoro-incastro-rapido-150x150.jpg 150w, https:\/\/www.storevan.com\/wp-content\/uploads\/2019\/09\/Banco-lavoro-incastro-rapido-300x300.jpg 300w, https:\/\/www.storevan.com\/wp-content\/uploads\/2019\/09\/Banco-lavoro-incastro-rapido-768x768.jpg 768w, https:\/\/www.storevan.com\/wp-content\/uploads\/2019\/09\/Banco-lavoro-incastro-rapido-48x48.jpg 48w, https:\/\/www.storevan.com\/wp-content\/uploads\/2019\/09\/Banco-lavoro-incastro-rapido-480x480.jpg 480w, https:\/\/www.storevan.com\/wp-content\/uploads\/2019\/09\/Banco-lavoro-incastro-rapido.jpg 800w\" sizes=\"(max-width: 150px) 100vw, 150px\" \/><\/a><\/div>\n<div class=\"col-xs-4 col-md-2\"><a href=\"https:\/\/www.storevan.com\/wp-content\/uploads\/2019\/09\/Tavolo-da-lavoro-pieghevole.jpg\" title=\"Banco de trabajo plegable - Small\"><img decoding=\"async\" loading=\"lazy\" class=\"aligncenter wp-image-107015 size-thumbnail\" title=\"Banco de trabajo plegable\" src=\"https:\/\/www.storevan.com\/wp-content\/uploads\/2019\/09\/Tavolo-da-lavoro-pieghevole-150x150.jpg\" alt=\"Banco de trabajo plegable\" width=\"150\" height=\"150\" srcset=\"https:\/\/www.storevan.com\/wp-content\/uploads\/2019\/09\/Tavolo-da-lavoro-pieghevole-150x150.jpg 150w, https:\/\/www.storevan.com\/wp-content\/uploads\/2019\/09\/Tavolo-da-lavoro-pieghevole-300x300.jpg 300w, https:\/\/www.storevan.com\/wp-content\/uploads\/2019\/09\/Tavolo-da-lavoro-pieghevole-768x768.jpg 768w, https:\/\/www.storevan.com\/wp-content\/uploads\/2019\/09\/Tavolo-da-lavoro-pieghevole-48x48.jpg 48w, https:\/\/www.storevan.com\/wp-content\/uploads\/2019\/09\/Tavolo-da-lavoro-pieghevole-480x480.jpg 480w, https:\/\/www.storevan.com\/wp-content\/uploads\/2019\/09\/Tavolo-da-lavoro-pieghevole.jpg 800w\" sizes=\"(max-width: 150px) 100vw, 150px\" \/><\/a><\/div>\n<div class=\"col-xs-4 col-md-2\"><a href=\"https:\/\/www.storevan.com\/wp-content\/uploads\/2019\/09\/Banco-per-morsetti.jpg\" title=\"Perforaci\u00f3n t\u00e9cnica para tornillos de banco y transporte - Small\"><img decoding=\"async\" loading=\"lazy\" class=\"aligncenter wp-image-107009 size-thumbnail\" title=\"Perforaci\u00f3n t\u00e9cnica para tornillos de banco y transporte\" src=\"https:\/\/www.storevan.com\/wp-content\/uploads\/2019\/09\/Banco-per-morsetti-150x150.jpg\" alt=\"Perforaci\u00f3n t\u00e9cnica para tornillos de banco y transporte\" width=\"150\" height=\"150\" srcset=\"https:\/\/www.storevan.com\/wp-content\/uploads\/2019\/09\/Banco-per-morsetti-150x150.jpg 150w, https:\/\/www.storevan.com\/wp-content\/uploads\/2019\/09\/Banco-per-morsetti-300x300.jpg 300w, https:\/\/www.storevan.com\/wp-content\/uploads\/2019\/09\/Banco-per-morsetti-768x768.jpg 768w, https:\/\/www.storevan.com\/wp-content\/uploads\/2019\/09\/Banco-per-morsetti-48x48.jpg 48w, https:\/\/www.storevan.com\/wp-content\/uploads\/2019\/09\/Banco-per-morsetti-480x480.jpg 480w, https:\/\/www.storevan.com\/wp-content\/uploads\/2019\/09\/Banco-per-morsetti.jpg 800w\" sizes=\"(max-width: 150px) 100vw, 150px\" \/><\/a><\/div>\n<div class=\"col-xs-4 col-md-2\"><a href=\"https:\/\/www.storevan.com\/wp-content\/uploads\/2019\/09\/piastra-tavolo.jpg\" title=\"Placa portatodo para ganchos airline - Small\"><img decoding=\"async\" loading=\"lazy\" class=\"aligncenter wp-image-107712 size-thumbnail\" title=\"Placa portatodo para ganchos airline\" src=\"https:\/\/www.storevan.com\/wp-content\/uploads\/2019\/09\/piastra-tavolo-150x150.jpg\" alt=\"Placa portatodo para ganchos airline\" width=\"150\" height=\"150\" srcset=\"https:\/\/www.storevan.com\/wp-content\/uploads\/2019\/09\/piastra-tavolo-150x150.jpg 150w, https:\/\/www.storevan.com\/wp-content\/uploads\/2019\/09\/piastra-tavolo-300x300.jpg 300w, https:\/\/www.storevan.com\/wp-content\/uploads\/2019\/09\/piastra-tavolo-768x768.jpg 768w, https:\/\/www.storevan.com\/wp-content\/uploads\/2019\/09\/piastra-tavolo-48x48.jpg 48w, https:\/\/www.storevan.com\/wp-content\/uploads\/2019\/09\/piastra-tavolo-480x480.jpg 480w, https:\/\/www.storevan.com\/wp-content\/uploads\/2019\/09\/piastra-tavolo.jpg 800w\" sizes=\"(max-width: 150px) 100vw, 150px\" \/><\/a><\/div>\n<div class=\"break\"><\/div>\n<hr class=\"noColor\" \/>\n<\/div>\n<div class=\"break\"><\/div>\n<hr class=\"noColor\" \/>\n<\/div>\n<\/div><\/div><\/div>\n<div class=\"break\"><\/div>\n<hr \/>\n<div class=\"col-xs-12 col-sm-12 col-md-6\">\n<div class=\"text-center\"><a class=\"btn btn-download\" href=\"tel:+390424585455\"><i class=\"fa fa-phone\"><\/i> <span class=\"spanBtn\">LLAME AHORA<\/span><br \/>\npara cualquier informaci\u00f3n<\/a><\/div>\n<\/div>\n<div class=\"col-xs-12 col-sm-12 col-md-6\">\n<div class=\"text-center\"><a class=\"btn btn-download btnToggle\" href=\"#formcontatto\"><i class=\"fa fa-envelope\"><\/i> <span class=\"spanBtn\">ESCR\u00cdBANOS<\/span><br \/>\nle contactaremos lo antes posible<\/a><\/div>\n<\/div>\n<div class=\"break\"><\/div>\n<hr \/>\n<p><a class=\"destination\" name=\"formcontatto\"><\/a><\/p>\n<div class=\"formToggle\">\n<h4 class=\"bigTxt text-center txtBkOrange\">\u00bfQUIERES SABER M\u00c1S?<\/h4>\n\n<div class=\"wpcf7 no-js\" id=\"wpcf7-f67674-o1\" lang=\"it-IT\" dir=\"ltr\">\n<div class=\"screen-reader-response\"><p role=\"status\" aria-live=\"polite\" aria-atomic=\"true\"><\/p> <ul><\/ul><\/div>\n<form action=\"\/es\/wp-json\/wp\/v2\/pages\/107515#wpcf7-f67674-o1\" method=\"post\" class=\"wpcf7-form init\" aria-label=\"Modulo di contatto\" novalidate=\"novalidate\" data-status=\"init\">\n<div style=\"display: none;\">\n<input type=\"hidden\" name=\"_wpcf7\" value=\"67674\" \/>\n<input type=\"hidden\" name=\"_wpcf7_version\" value=\"5.7.7\" \/>\n<input type=\"hidden\" name=\"_wpcf7_locale\" value=\"it_IT\" \/>\n<input type=\"hidden\" name=\"_wpcf7_unit_tag\" value=\"wpcf7-f67674-o1\" \/>\n<input type=\"hidden\" name=\"_wpcf7_container_post\" value=\"0\" \/>\n<input type=\"hidden\" name=\"_wpcf7_posted_data_hash\" value=\"\" \/>\n<input type=\"hidden\" name=\"_wpcf7_recaptcha_response\" value=\"\" \/>\n<\/div>\n<span class=\"wpcf7-form-control-wrap url\" data-name=\"url\"><input type=\"hidden\" name=\"url\" size=\"40\" class=\"wpcf7-form-control wpcf7-hidden wpcf7dtx wpcf7dtx-hidden\" aria-invalid=\"false\" value=\"banco-trabajo-plegable\" autocomplete=\"off\" \/><\/span>\n<p>Complete los siguientes campos para recibir m\u00e1s informaci\u00f3n. Uno de nuestros operadores se pondr\u00e1 en contacto con usted lo antes posible (* campos obligatorios):\n<\/p>\n<div class=\"col-xs-12 col-md-6\">\n\t<p><span class='titoli'>Nombre (*)<\/span>\n\t<\/p>\n\t<p><span class=\"wpcf7-form-control-wrap\" data-name=\"your-name\"><input size=\"40\" class=\"wpcf7-form-control wpcf7-text wpcf7-validates-as-required form-control\" aria-required=\"true\" aria-invalid=\"false\" value=\"\" type=\"text\" name=\"your-name\" \/><\/span>\n\t<\/p>\n<\/div>\n<div class=\"col-xs-12 col-md-6\">\n\t<p><span class='titoli'>Apellidos (*)<\/span>\n\t<\/p>\n\t<p><span class=\"wpcf7-form-control-wrap\" data-name=\"your-last-name\"><input size=\"40\" class=\"wpcf7-form-control wpcf7-text wpcf7-validates-as-required form-control\" aria-required=\"true\" aria-invalid=\"false\" value=\"\" type=\"text\" name=\"your-last-name\" \/><\/span>\n\t<\/p>\n<\/div>\n<div class=\"col-xs-12 col-md-6\">\n\t<p><span class='titoli'>Empresa(*)<\/span>\n\t<\/p>\n\t<p><span class=\"wpcf7-form-control-wrap\" data-name=\"your-company\"><input size=\"40\" class=\"wpcf7-form-control wpcf7-text wpcf7-validates-as-required form-control\" aria-required=\"true\" aria-invalid=\"false\" value=\"\" type=\"text\" name=\"your-company\" \/><\/span>\n\t<\/p>\n<\/div>\n<div class=\"col-xs-12 col-md-6\">\n\t<p><span class='titoli'>C\u00f3d. NIF<\/span>\n\t<\/p>\n\t<p><span class=\"wpcf7-form-control-wrap\" data-name=\"p-iva\"><input size=\"40\" class=\"wpcf7-form-control wpcf7-text form-control\" aria-invalid=\"false\" value=\"\" type=\"text\" name=\"p-iva\" \/><\/span>\n\t<\/p>\n<\/div>\n<div class=\"clearboth\">\n<\/div>\n<div class=\"col-xs-12 col-md-4\">\n\t<p><span class='titoli'>C\u00f3digo Postal(*)<\/span>\n\t<\/p>\n\t<p><span class=\"wpcf7-form-control-wrap\" data-name=\"your-zip-code\"><input size=\"40\" class=\"wpcf7-form-control wpcf7-text wpcf7-validates-as-required form-control\" aria-required=\"true\" aria-invalid=\"false\" value=\"\" type=\"text\" name=\"your-zip-code\" \/><\/span>\n\t<\/p>\n<\/div>\n<div class=\"col-xs-12 col-md-4\">\n\t<p><span class='titoli'>Direcci\u00f3n (*)<\/span>\n\t<\/p>\n\t<p><span class=\"wpcf7-form-control-wrap\" data-name=\"your-address\"><input size=\"40\" class=\"wpcf7-form-control wpcf7-text wpcf7-validates-as-required form-control\" aria-required=\"true\" aria-invalid=\"false\" value=\"\" type=\"text\" name=\"your-address\" \/><\/span>\n\t<\/p>\n<\/div>\n<div class=\"col-xs-12 col-md-4\">\n\t<p><span class='titoli'>Ciudad (*)<\/span>\n\t<\/p>\n\t<p><span class=\"wpcf7-form-control-wrap\" data-name=\"your-Town\"><input size=\"40\" class=\"wpcf7-form-control wpcf7-text wpcf7-validates-as-required form-control\" aria-required=\"true\" aria-invalid=\"false\" value=\"\" type=\"text\" name=\"your-Town\" \/><\/span>\n\t<\/p>\n<\/div>\n<div class=\"clearboth\">\n<\/div>\n<div class=\"col-xs-12 col-md-6\">\n\t<p><span class='titoli'>email (*)<\/span>\n\t<\/p>\n\t<p><span class=\"wpcf7-form-control-wrap\" data-name=\"your-email\"><input size=\"40\" class=\"wpcf7-form-control wpcf7-text wpcf7-email wpcf7-validates-as-required wpcf7-validates-as-email form-control\" aria-required=\"true\" aria-invalid=\"false\" value=\"\" type=\"email\" name=\"your-email\" \/><\/span>\n\t<\/p>\n<\/div>\n<div class=\"col-xs-12 col-md-6\">\n\t<p><span class='titoli'>Tel\u00e9fono (*)<\/span>\n\t<\/p>\n\t<p><span class=\"wpcf7-form-control-wrap\" data-name=\"telefono\"><input size=\"40\" class=\"wpcf7-form-control wpcf7-text wpcf7-tel wpcf7-validates-as-required wpcf7-validates-as-tel form-control\" aria-required=\"true\" aria-invalid=\"false\" value=\"\" type=\"tel\" name=\"telefono\" \/><\/span>\n\t<\/p>\n<\/div>\n<div class=\"clearboth\">\n<\/div>\n<div class=\"col-xs-12 col-md-6\">\n\t<p><span class='titoli'>Objeto <\/span>\n\t<\/p>\n\t<p><span class=\"wpcf7-form-control-wrap\" data-name=\"oggetto\"><select class=\"wpcf7-form-control wpcf7-select wpcf7-validates-as-required\" aria-required=\"true\" aria-invalid=\"false\" name=\"oggetto\"><option value=\"Solicitud de presupuesto\">Solicitud de presupuesto<\/option><option value=\"Informaci\u00f3n t\u00e9cnica\">Informaci\u00f3n t\u00e9cnica<\/option><option value=\"Cita\">Cita<\/option><\/select><\/span>\n\t<\/p>\n<\/div>\n<div class=\"col-xs-12 col-md-6\">\n\t<p><br \/>\n<span class=\"titoli\"> <span class=\"wpcf7-form-control-wrap\" data-name=\"cliente\"><span class=\"wpcf7-form-control wpcf7-checkbox\"><span class=\"wpcf7-list-item first last\"><label><span class=\"wpcf7-list-item-label\">Soy un cliente<\/span><input type=\"checkbox\" name=\"cliente[]\" value=\"Soy un cliente\" \/><\/label><\/span><\/span><\/span><\/span>\n\t<\/p>\n<\/div>\n<div class=\"col-xs-12 col-md-12\">\n\t<p><span class='titoli'>Mensaje (*)<\/span>\n\t<\/p>\n\t<p><span class=\"wpcf7-form-control-wrap\" data-name=\"your-message\"><textarea cols=\"40\" rows=\"10\" class=\"wpcf7-form-control wpcf7-textarea wpcf7-validates-as-required form-control\" aria-required=\"true\" aria-invalid=\"false\" name=\"your-message\"><\/textarea><\/span>\n\t<\/p>\n<\/div>\n<div class=\"col-xs-12 col-md-12\">\n\t<p><small>Los datos introducidos ser\u00e1n tratados con estricta confidencialidad de acuerdo con la ley y con nuestra <a href=\"https:\/\/www.storevan.com\/es\/privacy-policy\/\">pol\u00edtica de privacidad<\/a>.<\/small>\n\t<\/p>\n\t<p><span class=\"wpcf7-form-control-wrap\" data-name=\"AccettazionePrivacy\"><span class=\"wpcf7-form-control wpcf7-acceptance\"><span class=\"wpcf7-list-item\"><input type=\"checkbox\" name=\"AccettazionePrivacy\" value=\"1\" aria-invalid=\"false\" \/><\/span><\/span><\/span> Declaro haber le\u00eddo la Informaci\u00f3n sobre la <a href=\"https:\/\/www.storevan.com\/es\/privacy-policy\/\">Privacy<\/a> y autorizo el tratamiento de mis datos personales de conformidad con aquello aqu\u00ed descrito.(*)<br \/>\n\t<span class=\"wpcf7-form-control-wrap recaptcha\" data-name=\"recaptcha\"><span data-sitekey=\"6LdfM4AUAAAAAJjsAucux5WVNA3hsk5KP0a03T_n\" class=\"wpcf7-form-control g-recaptcha wpcf7-recaptcha\"><\/span>\r\n<noscript>\r\n\t<div class=\"grecaptcha-noscript\">\r\n\t\t<iframe src=\"https:\/\/www.google.com\/recaptcha\/api\/fallback?k=6LdfM4AUAAAAAJjsAucux5WVNA3hsk5KP0a03T_n\" frameborder=\"0\" scrolling=\"no\" width=\"310\" height=\"430\">\r\n\t\t<\/iframe>\r\n\t\t<textarea name=\"g-recaptcha-response\" rows=\"3\" cols=\"40\" placeholder=\"Aqu\u00ed la respuesta de reCAPTCHA\">\r\n\t\t<\/textarea>\r\n\t<\/div>\r\n<\/noscript>\r\n<\/span>\n\t<\/p>\n<\/div>\n<hr class=\"noColor\" \/>\n<p><input class=\"wpcf7-form-control has-spinner wpcf7-submit\" type=\"submit\" value=\"Env\u00edo\" \/>\n<\/p><div class=\"wpcf7-response-output\" aria-hidden=\"true\"><\/div>\n<\/form>\n<\/div>\n<\/div>\n","protected":false},"excerpt":{"rendered":"<p>Banco de trabajo plegable: dos medidas para mil usos Bancos de trabajo plegable, ligero y transportable: \u00a1siempre listo cuando lo necesites! Un banco de trabajo plegable es la soluci\u00f3n ideal.<\/p>\n","protected":false},"author":470,"featured_media":137605,"parent":25669,"menu_order":0,"comment_status":"closed","ping_status":"closed","template":"","meta":[],"acf":[],"yoast_head":"<!-- This site is optimized with the Yoast SEO plugin v20.11 - https:\/\/yoast.com\/wordpress\/plugins\/seo\/ -->\n<title>Banco de trabajo plegable<\/title>\n<meta name=\"description\" content=\"Banco de trabajo plegable disponible en dos versiones seg\u00fan el uso y la capacidad. Ideal para el equipamiento de talleres m\u00f3viles y como banco para bricolaje.\" \/>\n<meta name=\"robots\" content=\"index, follow, max-snippet:-1, max-image-preview:large, max-video-preview:-1\" \/>\n<link rel=\"canonical\" href=\"https:\/\/www.storevan.com\/es\/productos\/banco-trabajo-plegable\/\" \/>\n<meta property=\"og:locale\" content=\"es_ES\" \/>\n<meta property=\"og:type\" content=\"article\" \/>\n<meta property=\"og:title\" content=\"Banco de trabajo plegable\" \/>\n<meta property=\"og:description\" content=\"Banco de trabajo plegable disponible en dos versiones seg\u00fan el uso y la capacidad. Ideal para el equipamiento de talleres m\u00f3viles y como banco para bricolaje.\" \/>\n<meta property=\"og:url\" content=\"https:\/\/www.storevan.com\/es\/productos\/banco-trabajo-plegable\/\" \/>\n<meta property=\"og:site_name\" content=\"Store Van\" \/>\n<meta property=\"article:modified_time\" content=\"2022-01-18T14:34:33+00:00\" \/>\n<meta property=\"og:image\" content=\"https:\/\/www.storevan.com\/wp-content\/uploads\/2021\/12\/tavolo-da-lavoro-portatile.jpg\" \/>\n\t<meta property=\"og:image:width\" content=\"690\" \/>\n\t<meta property=\"og:image:height\" content=\"690\" \/>\n\t<meta property=\"og:image:type\" content=\"image\/jpeg\" \/>\n<meta name=\"twitter:label1\" content=\"Tiempo de lectura\" \/>\n\t<meta name=\"twitter:data1\" content=\"2 minutos\" \/>\n<script type=\"application\/ld+json\" class=\"yoast-schema-graph\">{\"@context\":\"https:\/\/schema.org\",\"@graph\":[{\"@type\":\"WebPage\",\"@id\":\"https:\/\/www.storevan.com\/es\/productos\/banco-trabajo-plegable\/\",\"url\":\"https:\/\/www.storevan.com\/es\/productos\/banco-trabajo-plegable\/\",\"name\":\"Banco de trabajo plegable\",\"isPartOf\":{\"@id\":\"https:\/\/www.storevan.com\/pl\/#website\"},\"datePublished\":\"2019-09-30T06:39:30+00:00\",\"dateModified\":\"2022-01-18T14:34:33+00:00\",\"description\":\"Banco de trabajo plegable disponible en dos versiones seg\u00fan el uso y la capacidad. Ideal para el equipamiento de talleres m\u00f3viles y como banco para bricolaje.\",\"breadcrumb\":{\"@id\":\"https:\/\/www.storevan.com\/es\/productos\/banco-trabajo-plegable\/#breadcrumb\"},\"inLanguage\":\"es\",\"potentialAction\":[{\"@type\":\"ReadAction\",\"target\":[\"https:\/\/www.storevan.com\/es\/productos\/banco-trabajo-plegable\/\"]}]},{\"@type\":\"BreadcrumbList\",\"@id\":\"https:\/\/www.storevan.com\/es\/productos\/banco-trabajo-plegable\/#breadcrumb\",\"itemListElement\":[{\"@type\":\"ListItem\",\"position\":1,\"name\":\"Home\",\"item\":\"https:\/\/www.storevan.com\/es\/\"},{\"@type\":\"ListItem\",\"position\":2,\"name\":\"Productos\",\"item\":\"https:\/\/www.storevan.com\/es\/productos\/\"},{\"@type\":\"ListItem\",\"position\":3,\"name\":\"Banco de trabajo plegable\"}]},{\"@type\":\"WebSite\",\"@id\":\"https:\/\/www.storevan.com\/pl\/#website\",\"url\":\"https:\/\/www.storevan.com\/pl\/\",\"name\":\"Store Van\",\"description\":\"Equipamientos furgonetas\",\"potentialAction\":[{\"@type\":\"SearchAction\",\"target\":{\"@type\":\"EntryPoint\",\"urlTemplate\":\"https:\/\/www.storevan.com\/pl\/?s={search_term_string}\"},\"query-input\":\"required name=search_term_string\"}],\"inLanguage\":\"es\"}]}<\/script>\n<!-- \/ Yoast SEO plugin. -->","yoast_head_json":{"title":"Banco de trabajo plegable","description":"Banco de trabajo plegable disponible en dos versiones seg\u00fan el uso y la capacidad. Ideal para el equipamiento de talleres m\u00f3viles y como banco para bricolaje.","robots":{"index":"index","follow":"follow","max-snippet":"max-snippet:-1","max-image-preview":"max-image-preview:large","max-video-preview":"max-video-preview:-1"},"canonical":"https:\/\/www.storevan.com\/es\/productos\/banco-trabajo-plegable\/","og_locale":"es_ES","og_type":"article","og_title":"Banco de trabajo plegable","og_description":"Banco de trabajo plegable disponible en dos versiones seg\u00fan el uso y la capacidad. Ideal para el equipamiento de talleres m\u00f3viles y como banco para bricolaje.","og_url":"https:\/\/www.storevan.com\/es\/productos\/banco-trabajo-plegable\/","og_site_name":"Store Van","article_modified_time":"2022-01-18T14:34:33+00:00","og_image":[{"width":690,"height":690,"url":"https:\/\/www.storevan.com\/wp-content\/uploads\/2021\/12\/tavolo-da-lavoro-portatile.jpg","type":"image\/jpeg"}],"twitter_misc":{"Tiempo de lectura":"2 minutos"},"schema":{"@context":"https:\/\/schema.org","@graph":[{"@type":"WebPage","@id":"https:\/\/www.storevan.com\/es\/productos\/banco-trabajo-plegable\/","url":"https:\/\/www.storevan.com\/es\/productos\/banco-trabajo-plegable\/","name":"Banco de trabajo plegable","isPartOf":{"@id":"https:\/\/www.storevan.com\/pl\/#website"},"datePublished":"2019-09-30T06:39:30+00:00","dateModified":"2022-01-18T14:34:33+00:00","description":"Banco de trabajo plegable disponible en dos versiones seg\u00fan el uso y la capacidad. Ideal para el equipamiento de talleres m\u00f3viles y como banco para bricolaje.","breadcrumb":{"@id":"https:\/\/www.storevan.com\/es\/productos\/banco-trabajo-plegable\/#breadcrumb"},"inLanguage":"es","potentialAction":[{"@type":"ReadAction","target":["https:\/\/www.storevan.com\/es\/productos\/banco-trabajo-plegable\/"]}]},{"@type":"BreadcrumbList","@id":"https:\/\/www.storevan.com\/es\/productos\/banco-trabajo-plegable\/#breadcrumb","itemListElement":[{"@type":"ListItem","position":1,"name":"Home","item":"https:\/\/www.storevan.com\/es\/"},{"@type":"ListItem","position":2,"name":"Productos","item":"https:\/\/www.storevan.com\/es\/productos\/"},{"@type":"ListItem","position":3,"name":"Banco de trabajo plegable"}]},{"@type":"WebSite","@id":"https:\/\/www.storevan.com\/pl\/#website","url":"https:\/\/www.storevan.com\/pl\/","name":"Store Van","description":"Equipamientos furgonetas","potentialAction":[{"@type":"SearchAction","target":{"@type":"EntryPoint","urlTemplate":"https:\/\/www.storevan.com\/pl\/?s={search_term_string}"},"query-input":"required name=search_term_string"}],"inLanguage":"es"}]}},"_links":{"self":[{"href":"https:\/\/www.storevan.com\/es\/wp-json\/wp\/v2\/pages\/107515"}],"collection":[{"href":"https:\/\/www.storevan.com\/es\/wp-json\/wp\/v2\/pages"}],"about":[{"href":"https:\/\/www.storevan.com\/es\/wp-json\/wp\/v2\/types\/page"}],"author":[{"embeddable":true,"href":"https:\/\/www.storevan.com\/es\/wp-json\/wp\/v2\/users\/470"}],"replies":[{"embeddable":true,"href":"https:\/\/www.storevan.com\/es\/wp-json\/wp\/v2\/comments?post=107515"}],"version-history":[{"count":9,"href":"https:\/\/www.storevan.com\/es\/wp-json\/wp\/v2\/pages\/107515\/revisions"}],"predecessor-version":[{"id":138570,"href":"https:\/\/www.storevan.com\/es\/wp-json\/wp\/v2\/pages\/107515\/revisions\/138570"}],"up":[{"embeddable":true,"href":"https:\/\/www.storevan.com\/es\/wp-json\/wp\/v2\/pages\/25669"}],"wp:featuredmedia":[{"embeddable":true,"href":"https:\/\/www.storevan.com\/es\/wp-json\/wp\/v2\/media\/137605"}],"wp:attachment":[{"href":"https:\/\/www.storevan.com\/es\/wp-json\/wp\/v2\/media?parent=107515"}],"curies":[{"name":"wp","href":"https:\/\/api.w.org\/{rel}","templated":true}]}}