{"id":105175,"date":"2019-06-25T13:10:05","date_gmt":"2019-06-25T13:10:05","guid":{"rendered":"https:\/\/www.storevan.com\/?page_id=105175"},"modified":"2019-07-22T09:51:20","modified_gmt":"2019-07-22T09:51:20","slug":"transporte-electrodomesticos","status":"publish","type":"page","link":"https:\/\/www.storevan.com\/es\/productos\/repisas-abatibles-para-furgonetas\/transporte-electrodomesticos\/","title":{"rendered":"Transporte de electrodom\u00e9sticos"},"content":{"rendered":"<h1 class=\"customblackTitleSmall\">Equipamiento para el transporte de electrodom\u00e9sticos<\/h1>\n<hr class=\"noColor\" \/>\n<div class=\"col-xs-12 col-sm-6 col-md-6\">\n<h2 class=\"txtBlack\">C\u00f3mo expedir un electrodom\u00e9stico<\/h2>\n<div class=\"borderTitle\"><\/div>\n<p>El transporte de electrodom\u00e9sticos o, en general, de productos de diferentes tama\u00f1os y, a veces, fr\u00e1giles, puede conllevar muchos riesgos. Las mercanc\u00edas se deben <strong>cargar respetando las diversas dimensiones, pesos y posibilidades de sobreposici\u00f3n<\/strong>. Cuando se transportan horizontalmente, la parte delantera o trasera nunca debe descansar sobre el suelo. Adem\u00e1s, se debe prestar atenci\u00f3n a la forma en que se embalan los productos. El uso de poliestireno, cart\u00f3n, pel\u00edculas, films, precintos y palets es ideal para hacer que la mercanc\u00eda quede a\u00fan m\u00e1s estable y protegida.<\/p>\n<h3>Light Shelf, la soluci\u00f3n ideal para el transporte de electrodom\u00e9sticos<\/h3>\n<p>El sistema de <a href=\"https:\/\/www.storevan.com\/es\/productos\/repisas-abatibles-para-furgonetas\/\" title=\"Repisas abatibles Light Shelf\">repisas abatibles Light Shelf<\/a> es la soluci\u00f3n ideal no solo para las tiendas de electrodom\u00e9sticos, sino tambi\u00e9n para todos aquellos que se dedican al <strong>transporte e instalaci\u00f3n de los mismos<\/strong>. Las repisas para furgonetas se pueden plegar seg\u00fan la cantidad y el tama\u00f1o de los productos a transportar. Por ejemplo, si se bajan, <strong>las repisas pueden acomodar productos de tama\u00f1o peque\u00f1o y mediano<\/strong>, como planchas y tostadoras, mientras que <strong>en el espacio central se pueden introducir lavadoras, lavavajillas<\/strong>, etc. En cambio, si se cierran, el espacio libre aumenta considerablemente, lo que permite cargar objetos m\u00e1s grandes: una soluci\u00f3n ideal para <strong>transportar frigor\u00edficos o arcones congeladores<\/strong>.<\/p>\n<div class=\"ts-gallery col-md-10 col-md-offset-1\">\n<div class=\"borderTitleCenterOrange\"><\/div>\n<div class=\"col-xs-6 col-md-3\"><a href=\"https:\/\/www.storevan.com\/wp-content\/uploads\/2019\/06\/ripiani-ribaltabili-trasporto-elettrodomestici.jpg\"><img decoding=\"async\" loading=\"lazy\" src=\"https:\/\/www.storevan.com\/wp-content\/uploads\/2019\/06\/ripiani-ribaltabili-trasporto-elettrodomestici-150x150.jpg\" alt=\"Repisas plegables ideales para el transporte de equipos y electrodom\u00e9sticos\" width=\"150\" height=\"150\" class=\"aligncenter size-thumbnail wp-image-104448\" srcset=\"https:\/\/www.storevan.com\/wp-content\/uploads\/2019\/06\/ripiani-ribaltabili-trasporto-elettrodomestici-150x150.jpg 150w, https:\/\/www.storevan.com\/wp-content\/uploads\/2019\/06\/ripiani-ribaltabili-trasporto-elettrodomestici-48x48.jpg 48w, https:\/\/www.storevan.com\/wp-content\/uploads\/2019\/06\/ripiani-ribaltabili-trasporto-elettrodomestici-480x480.jpg 480w\" sizes=\"(max-width: 150px) 100vw, 150px\" \/><\/a><\/div>\n<div class=\"col-xs-6 col-md-3\"><a href=\"https:\/\/www.storevan.com\/wp-content\/uploads\/2019\/06\/furgoni-negozi-elettrodomestici.jpg\"><img decoding=\"async\" loading=\"lazy\" src=\"https:\/\/www.storevan.com\/wp-content\/uploads\/2019\/06\/furgoni-negozi-elettrodomestici-150x150.jpg\" alt=\"Repisas abatibles para electrodom\u00e9sticos Light Shelf\" width=\"150\" height=\"150\" class=\"aligncenter size-thumbnail wp-image-104442\" srcset=\"https:\/\/www.storevan.com\/wp-content\/uploads\/2019\/06\/furgoni-negozi-elettrodomestici-150x150.jpg 150w, https:\/\/www.storevan.com\/wp-content\/uploads\/2019\/06\/furgoni-negozi-elettrodomestici-48x48.jpg 48w, https:\/\/www.storevan.com\/wp-content\/uploads\/2019\/06\/furgoni-negozi-elettrodomestici-480x480.jpg 480w\" sizes=\"(max-width: 150px) 100vw, 150px\" \/><\/a><\/div>\n<hr class=\"noColor break visible-xs\"\/>\n<div class=\"col-xs-6 col-md-3\"><a href=\"https:\/\/www.storevan.com\/wp-content\/uploads\/2019\/06\/consegna-elettrodomestici.jpg\"><img decoding=\"async\" loading=\"lazy\" src=\"https:\/\/www.storevan.com\/wp-content\/uploads\/2019\/06\/consegna-elettrodomestici-150x150.jpg\" alt=\"Transporte de electrodom\u00e9sticos\" width=\"150\" height=\"150\" class=\"aligncenter size-thumbnail wp-image-104463\" srcset=\"https:\/\/www.storevan.com\/wp-content\/uploads\/2019\/06\/consegna-elettrodomestici-150x150.jpg 150w, https:\/\/www.storevan.com\/wp-content\/uploads\/2019\/06\/consegna-elettrodomestici-48x48.jpg 48w\" sizes=\"(max-width: 150px) 100vw, 150px\" \/><\/a><\/div>\n<div class=\"col-xs-6 col-md-3\"><a href=\"https:\/\/www.storevan.com\/wp-content\/uploads\/2019\/06\/ripiano-scaffalatura.jpg\"><img decoding=\"async\" loading=\"lazy\" src=\"https:\/\/www.storevan.com\/wp-content\/uploads\/2019\/06\/ripiano-scaffalatura-150x150.jpg\" alt=\"Equipamientos veh\u00edculos comerciales para transport \u00e9lectrom\u00e9nagers\" width=\"150\" height=\"150\" class=\"aligncenter size-thumbnail wp-image-104469\" srcset=\"https:\/\/www.storevan.com\/wp-content\/uploads\/2019\/06\/ripiano-scaffalatura-150x150.jpg 150w, https:\/\/www.storevan.com\/wp-content\/uploads\/2019\/06\/ripiano-scaffalatura-48x48.jpg 48w, https:\/\/www.storevan.com\/wp-content\/uploads\/2019\/06\/ripiano-scaffalatura-480x480.jpg 480w\" sizes=\"(max-width: 150px) 100vw, 150px\" \/><\/a><\/div>\n<div class=\"break\"><\/div>\n<div class=\"borderTitleCenterOrange\"><\/div>\n<hr class=\"noColor \" \/>\n<\/div>\n<\/div>\n<div class=\"col-xs-12 col-sm-6 col-md-6 text-center\"><img decoding=\"async\" loading=\"lazy\" src=\"https:\/\/www.storevan.com\/wp-content\/uploads\/2019\/06\/allestimento-trasporto-elettrodomestici.jpg\" alt=\"Equipamiento para el transporte de electrodom\u00e9sticos\" width=\"550\" height=\"520\" class=\"aligncenter size-full wp-image-104436\" srcset=\"https:\/\/www.storevan.com\/wp-content\/uploads\/2019\/06\/allestimento-trasporto-elettrodomestici.jpg 550w, https:\/\/www.storevan.com\/wp-content\/uploads\/2019\/06\/allestimento-trasporto-elettrodomestici-300x284.jpg 300w\" sizes=\"(max-width: 550px) 100vw, 550px\" \/><a href=\"#formcontatto\" class=\"btn btn-primary btnToggle noMarg\" title=\"\u00a1Consiga m\u00e1s informaci\u00f3n!\">\u00bfInteresado en Light Shelf? \u00a1Consiga m\u00e1s informaci\u00f3n!  <i class=\"fa fa-angle-double-right\"><\/i><\/a><\/div>\n<div class=\"break\"><\/div>\n<hr class=\"noColor\"\/>\n<hr class=\"noColor\"\/>\n<div class=\"col-xs-12 col-sm-12 col-md-12\">\n<p class=\"text-justify\">La seguridad de la carga durante el transporte est\u00e1 garantizada por el uso de correas sujetacarga y barras telesc\u00f3picas junto con los puntos de anclaje presentes en el suelo y bajo las repisas. La integraci\u00f3n de estos elementos permite crear un armaz\u00f3n que evita que los productos se muevan o vuelquen durante el movimiento del veh\u00edculo. Si se utilizan palets, la fricci\u00f3n entre estos y el suelo puede aumentarse utilizando alfombras antideslizantes de goma.<\/p>\n<p>Las rampas de carga Store Van pueden a\u00f1adirse a cualquier configuraci\u00f3n, lo que las convierte en una importante herramienta para la carga y descarga durante el transporte de electrodom\u00e9sticos. Adem\u00e1s, el portaescaleras y la baca suponen dos elementos adicionales de gran utilidad cuando la instalaci\u00f3n de los electrodom\u00e9sticos debe realizarse en lugares elevados (climatizadores, campanas, etc.).<\/p>\n<hr class=\"noColor\"\/>\n<div class=\"hidden-xs col-sm-2 col-md-4\">\n<hr class=\"orangeLine\">\n<\/div>\n<div class=\"col-xs-12 col-sm-8 col-md-4\">\n<h3 class=\"text-center titBoxDivisor\">Ventajas<\/h3>\n<\/div>\n<div class=\"hidden-xs col-sm-2 col-md-4\">\n<hr class=\"orangeLine\">\n<\/div>\n<div class=\"break\"><\/div>\n<hr class=\"noColor\"\/>\n<ul class=\"noList\">\n<li class=\"col-xs-12 col-sm-6 col-md-4\"><i class=\"fa fa-check txtGreen\"><\/i> Cierre completo o parcial<\/li>\n<li class=\"col-xs-12 col-sm-6 col-md-4\"><i class=\"fa fa-check txtGreen\"><\/i> Ideal para el transporte de mercanc\u00edas largas<\/li>\n<li class=\"col-xs-12 col-sm-6 col-md-4\"><i class=\"fa fa-check txtGreen\"><\/i> Capacidad de carga hasta 120 kg<\/li>\n<li class=\"col-xs-12 col-sm-6 col-md-4\"><i class=\"fa fa-check txtGreen\"><\/i> 6 repisas de altura<\/li>\n<li class=\"col-xs-12 col-sm-6 col-md-4\"><i class=\"fa fa-check txtGreen\"><\/i> Compatible con contenedores con medidas est\u00e1ndar europeas;<\/li>\n<li class=\"col-xs-12 col-sm-6 col-md-4\"><i class=\"fa fa-check txtGreen\"><\/i> Posibilidad de insertar alfombrillas antideslizantes<\/li>\n<\/ul>\n<\/div>\n<div class=\"break\"><\/div>\n<hr class=\"noColor\" \/>\n<hr class=\"noColor\"\/>\n<hr \/>\n<div class=\"col-xs-12 col-sm-12 col-md-6\">\n<div class=\"text-center\"><a class=\"btn btn-download\" href=\"tel:390424585455\"><i class=\"fa fa-phone\"><\/i> <span class=\"spanBtn\">LLAME AHORA<\/span><br \/>\npara cualquier informaci\u00f3n<\/a><\/div>\n<\/div>\n<div class=\"col-xs-12 col-sm-12 col-md-6\">\n<div class=\"text-center\"><a class=\"btn btn-download btnToggle\" href=\"#formcontatto\"><i class=\"fa fa-envelope\"><\/i> <span class=\"spanBtn\">ESCR\u00cdBANOS<\/span><br \/>\nle contactaremos lo antes posible<\/a><\/div>\n<\/div>\n<div class=\"break\"><\/div>\n<p><a name=\"formcontatto\" class=\"destination\"><\/a><\/p>\n<div class=\"formToggle\">\n<h4 class=\"bigTxt text-center txtBkOrange\"><i class=\"fa fa-envelope pull-left\"><\/i>\u00bfQUIERES SABER M\u00c1S?<\/h4>\n\n<div class=\"wpcf7 no-js\" id=\"wpcf7-f67674-o1\" lang=\"it-IT\" dir=\"ltr\">\n<div class=\"screen-reader-response\"><p role=\"status\" aria-live=\"polite\" aria-atomic=\"true\"><\/p> <ul><\/ul><\/div>\n<form action=\"\/es\/wp-json\/wp\/v2\/pages\/105175#wpcf7-f67674-o1\" method=\"post\" class=\"wpcf7-form init\" aria-label=\"Modulo di contatto\" novalidate=\"novalidate\" data-status=\"init\">\n<div style=\"display: none;\">\n<input type=\"hidden\" name=\"_wpcf7\" value=\"67674\" \/>\n<input type=\"hidden\" name=\"_wpcf7_version\" value=\"5.7.7\" \/>\n<input type=\"hidden\" name=\"_wpcf7_locale\" value=\"it_IT\" \/>\n<input type=\"hidden\" name=\"_wpcf7_unit_tag\" value=\"wpcf7-f67674-o1\" \/>\n<input type=\"hidden\" name=\"_wpcf7_container_post\" value=\"0\" \/>\n<input type=\"hidden\" name=\"_wpcf7_posted_data_hash\" value=\"\" \/>\n<input type=\"hidden\" name=\"_wpcf7_recaptcha_response\" value=\"\" \/>\n<\/div>\n<span class=\"wpcf7-form-control-wrap url\" data-name=\"url\"><input type=\"hidden\" name=\"url\" size=\"40\" class=\"wpcf7-form-control wpcf7-hidden wpcf7dtx wpcf7dtx-hidden\" aria-invalid=\"false\" value=\"transporte-electrodomesticos\" autocomplete=\"off\" \/><\/span>\n<p>Complete los siguientes campos para recibir m\u00e1s informaci\u00f3n. Uno de nuestros operadores se pondr\u00e1 en contacto con usted lo antes posible (* campos obligatorios):\n<\/p>\n<div class=\"col-xs-12 col-md-6\">\n\t<p><span class='titoli'>Nombre (*)<\/span>\n\t<\/p>\n\t<p><span class=\"wpcf7-form-control-wrap\" data-name=\"your-name\"><input size=\"40\" class=\"wpcf7-form-control wpcf7-text wpcf7-validates-as-required form-control\" aria-required=\"true\" aria-invalid=\"false\" value=\"\" type=\"text\" name=\"your-name\" \/><\/span>\n\t<\/p>\n<\/div>\n<div class=\"col-xs-12 col-md-6\">\n\t<p><span class='titoli'>Apellidos (*)<\/span>\n\t<\/p>\n\t<p><span class=\"wpcf7-form-control-wrap\" data-name=\"your-last-name\"><input size=\"40\" class=\"wpcf7-form-control wpcf7-text wpcf7-validates-as-required form-control\" aria-required=\"true\" aria-invalid=\"false\" value=\"\" type=\"text\" name=\"your-last-name\" \/><\/span>\n\t<\/p>\n<\/div>\n<div class=\"col-xs-12 col-md-6\">\n\t<p><span class='titoli'>Empresa(*)<\/span>\n\t<\/p>\n\t<p><span class=\"wpcf7-form-control-wrap\" data-name=\"your-company\"><input size=\"40\" class=\"wpcf7-form-control wpcf7-text wpcf7-validates-as-required form-control\" aria-required=\"true\" aria-invalid=\"false\" value=\"\" type=\"text\" name=\"your-company\" \/><\/span>\n\t<\/p>\n<\/div>\n<div class=\"col-xs-12 col-md-6\">\n\t<p><span class='titoli'>C\u00f3d. NIF<\/span>\n\t<\/p>\n\t<p><span class=\"wpcf7-form-control-wrap\" data-name=\"p-iva\"><input size=\"40\" class=\"wpcf7-form-control wpcf7-text form-control\" aria-invalid=\"false\" value=\"\" type=\"text\" name=\"p-iva\" \/><\/span>\n\t<\/p>\n<\/div>\n<div class=\"clearboth\">\n<\/div>\n<div class=\"col-xs-12 col-md-4\">\n\t<p><span class='titoli'>C\u00f3digo Postal(*)<\/span>\n\t<\/p>\n\t<p><span class=\"wpcf7-form-control-wrap\" data-name=\"your-zip-code\"><input size=\"40\" class=\"wpcf7-form-control wpcf7-text wpcf7-validates-as-required form-control\" aria-required=\"true\" aria-invalid=\"false\" value=\"\" type=\"text\" name=\"your-zip-code\" \/><\/span>\n\t<\/p>\n<\/div>\n<div class=\"col-xs-12 col-md-4\">\n\t<p><span class='titoli'>Direcci\u00f3n (*)<\/span>\n\t<\/p>\n\t<p><span class=\"wpcf7-form-control-wrap\" data-name=\"your-address\"><input size=\"40\" class=\"wpcf7-form-control wpcf7-text wpcf7-validates-as-required form-control\" aria-required=\"true\" aria-invalid=\"false\" value=\"\" type=\"text\" name=\"your-address\" \/><\/span>\n\t<\/p>\n<\/div>\n<div class=\"col-xs-12 col-md-4\">\n\t<p><span class='titoli'>Ciudad (*)<\/span>\n\t<\/p>\n\t<p><span class=\"wpcf7-form-control-wrap\" data-name=\"your-Town\"><input size=\"40\" class=\"wpcf7-form-control wpcf7-text wpcf7-validates-as-required form-control\" aria-required=\"true\" aria-invalid=\"false\" value=\"\" type=\"text\" name=\"your-Town\" \/><\/span>\n\t<\/p>\n<\/div>\n<div class=\"clearboth\">\n<\/div>\n<div class=\"col-xs-12 col-md-6\">\n\t<p><span class='titoli'>email (*)<\/span>\n\t<\/p>\n\t<p><span class=\"wpcf7-form-control-wrap\" data-name=\"your-email\"><input size=\"40\" class=\"wpcf7-form-control wpcf7-text wpcf7-email wpcf7-validates-as-required wpcf7-validates-as-email form-control\" aria-required=\"true\" aria-invalid=\"false\" value=\"\" type=\"email\" name=\"your-email\" \/><\/span>\n\t<\/p>\n<\/div>\n<div class=\"col-xs-12 col-md-6\">\n\t<p><span class='titoli'>Tel\u00e9fono (*)<\/span>\n\t<\/p>\n\t<p><span class=\"wpcf7-form-control-wrap\" data-name=\"telefono\"><input size=\"40\" class=\"wpcf7-form-control wpcf7-text wpcf7-tel wpcf7-validates-as-required wpcf7-validates-as-tel form-control\" aria-required=\"true\" aria-invalid=\"false\" value=\"\" type=\"tel\" name=\"telefono\" \/><\/span>\n\t<\/p>\n<\/div>\n<div class=\"clearboth\">\n<\/div>\n<div class=\"col-xs-12 col-md-6\">\n\t<p><span class='titoli'>Objeto <\/span>\n\t<\/p>\n\t<p><span class=\"wpcf7-form-control-wrap\" data-name=\"oggetto\"><select class=\"wpcf7-form-control wpcf7-select wpcf7-validates-as-required\" aria-required=\"true\" aria-invalid=\"false\" name=\"oggetto\"><option value=\"Solicitud de presupuesto\">Solicitud de presupuesto<\/option><option value=\"Informaci\u00f3n t\u00e9cnica\">Informaci\u00f3n t\u00e9cnica<\/option><option value=\"Cita\">Cita<\/option><\/select><\/span>\n\t<\/p>\n<\/div>\n<div class=\"col-xs-12 col-md-6\">\n\t<p><br \/>\n<span class=\"titoli\"> <span class=\"wpcf7-form-control-wrap\" data-name=\"cliente\"><span class=\"wpcf7-form-control wpcf7-checkbox\"><span class=\"wpcf7-list-item first last\"><label><span class=\"wpcf7-list-item-label\">Soy un cliente<\/span><input type=\"checkbox\" name=\"cliente[]\" value=\"Soy un cliente\" \/><\/label><\/span><\/span><\/span><\/span>\n\t<\/p>\n<\/div>\n<div class=\"col-xs-12 col-md-12\">\n\t<p><span class='titoli'>Mensaje (*)<\/span>\n\t<\/p>\n\t<p><span class=\"wpcf7-form-control-wrap\" data-name=\"your-message\"><textarea cols=\"40\" rows=\"10\" class=\"wpcf7-form-control wpcf7-textarea wpcf7-validates-as-required form-control\" aria-required=\"true\" aria-invalid=\"false\" name=\"your-message\"><\/textarea><\/span>\n\t<\/p>\n<\/div>\n<div class=\"col-xs-12 col-md-12\">\n\t<p><small>Los datos introducidos ser\u00e1n tratados con estricta confidencialidad de acuerdo con la ley y con nuestra <a href=\"https:\/\/www.storevan.com\/es\/privacy-policy\/\">pol\u00edtica de privacidad<\/a>.<\/small>\n\t<\/p>\n\t<p><span class=\"wpcf7-form-control-wrap\" data-name=\"AccettazionePrivacy\"><span class=\"wpcf7-form-control wpcf7-acceptance\"><span class=\"wpcf7-list-item\"><input type=\"checkbox\" name=\"AccettazionePrivacy\" value=\"1\" aria-invalid=\"false\" \/><\/span><\/span><\/span> Declaro haber le\u00eddo la Informaci\u00f3n sobre la <a href=\"https:\/\/www.storevan.com\/es\/privacy-policy\/\">Privacy<\/a> y autorizo el tratamiento de mis datos personales de conformidad con aquello aqu\u00ed descrito.(*)<br \/>\n\t<span class=\"wpcf7-form-control-wrap recaptcha\" data-name=\"recaptcha\"><span data-sitekey=\"6LdfM4AUAAAAAJjsAucux5WVNA3hsk5KP0a03T_n\" class=\"wpcf7-form-control g-recaptcha wpcf7-recaptcha\"><\/span>\r\n<noscript>\r\n\t<div class=\"grecaptcha-noscript\">\r\n\t\t<iframe src=\"https:\/\/www.google.com\/recaptcha\/api\/fallback?k=6LdfM4AUAAAAAJjsAucux5WVNA3hsk5KP0a03T_n\" frameborder=\"0\" scrolling=\"no\" width=\"310\" height=\"430\">\r\n\t\t<\/iframe>\r\n\t\t<textarea name=\"g-recaptcha-response\" rows=\"3\" cols=\"40\" placeholder=\"Aqu\u00ed la respuesta de reCAPTCHA\">\r\n\t\t<\/textarea>\r\n\t<\/div>\r\n<\/noscript>\r\n<\/span>\n\t<\/p>\n<\/div>\n<hr class=\"noColor\" \/>\n<p><input class=\"wpcf7-form-control has-spinner wpcf7-submit\" type=\"submit\" value=\"Env\u00edo\" \/>\n<\/p><div class=\"wpcf7-response-output\" aria-hidden=\"true\"><\/div>\n<\/form>\n<\/div>\n<\/div>\n","protected":false},"excerpt":{"rendered":"<p>Equipamiento para el transporte de electrodom\u00e9sticos C\u00f3mo expedir un electrodom\u00e9stico El transporte de electrodom\u00e9sticos o, en general, de productos de diferentes tama\u00f1os y, a veces, fr\u00e1giles, puede conllevar muchos riesgos..<\/p>\n","protected":false},"author":470,"featured_media":0,"parent":86574,"menu_order":0,"comment_status":"closed","ping_status":"closed","template":"","meta":[],"acf":[],"yoast_head":"<!-- This site is optimized with the Yoast SEO plugin v20.11 - https:\/\/yoast.com\/wordpress\/plugins\/seo\/ -->\n<title>Equipamiento para el transporte de electrodom\u00e9sticos<\/title>\n<meta name=\"description\" content=\"Repisas plegables ideales para el transporte de equipos y electrodom\u00e9sticos.\" \/>\n<meta name=\"robots\" content=\"index, follow, max-snippet:-1, max-image-preview:large, max-video-preview:-1\" \/>\n<link rel=\"canonical\" href=\"https:\/\/www.storevan.com\/es\/productos\/repisas-abatibles-para-furgonetas\/transporte-electrodomesticos\/\" \/>\n<meta property=\"og:locale\" content=\"es_ES\" \/>\n<meta property=\"og:type\" content=\"article\" \/>\n<meta property=\"og:title\" content=\"Equipamiento para el transporte de electrodom\u00e9sticos\" \/>\n<meta property=\"og:description\" content=\"Repisas plegables ideales para el transporte de equipos y electrodom\u00e9sticos.\" \/>\n<meta property=\"og:url\" content=\"https:\/\/www.storevan.com\/es\/productos\/repisas-abatibles-para-furgonetas\/transporte-electrodomesticos\/\" \/>\n<meta property=\"og:site_name\" content=\"Store Van\" \/>\n<meta property=\"article:modified_time\" content=\"2019-07-22T09:51:20+00:00\" \/>\n<meta property=\"og:image\" content=\"https:\/\/www.storevan.com\/wp-content\/uploads\/2019\/06\/ripiani-ribaltabili-trasporto-elettrodomestici-150x150.jpg\" \/>\n<meta name=\"twitter:label1\" content=\"Tiempo de lectura\" \/>\n\t<meta name=\"twitter:data1\" content=\"2 minutos\" \/>\n<script type=\"application\/ld+json\" class=\"yoast-schema-graph\">{\"@context\":\"https:\/\/schema.org\",\"@graph\":[{\"@type\":\"WebPage\",\"@id\":\"https:\/\/www.storevan.com\/es\/productos\/repisas-abatibles-para-furgonetas\/transporte-electrodomesticos\/\",\"url\":\"https:\/\/www.storevan.com\/es\/productos\/repisas-abatibles-para-furgonetas\/transporte-electrodomesticos\/\",\"name\":\"Equipamiento para el transporte de electrodom\u00e9sticos\",\"isPartOf\":{\"@id\":\"https:\/\/www.storevan.com\/pl\/#website\"},\"datePublished\":\"2019-06-25T13:10:05+00:00\",\"dateModified\":\"2019-07-22T09:51:20+00:00\",\"description\":\"Repisas plegables ideales para el transporte de equipos y electrodom\u00e9sticos.\",\"breadcrumb\":{\"@id\":\"https:\/\/www.storevan.com\/es\/productos\/repisas-abatibles-para-furgonetas\/transporte-electrodomesticos\/#breadcrumb\"},\"inLanguage\":\"es\",\"potentialAction\":[{\"@type\":\"ReadAction\",\"target\":[\"https:\/\/www.storevan.com\/es\/productos\/repisas-abatibles-para-furgonetas\/transporte-electrodomesticos\/\"]}]},{\"@type\":\"BreadcrumbList\",\"@id\":\"https:\/\/www.storevan.com\/es\/productos\/repisas-abatibles-para-furgonetas\/transporte-electrodomesticos\/#breadcrumb\",\"itemListElement\":[{\"@type\":\"ListItem\",\"position\":1,\"name\":\"Home\",\"item\":\"https:\/\/www.storevan.com\/es\/\"},{\"@type\":\"ListItem\",\"position\":2,\"name\":\"Productos\",\"item\":\"https:\/\/www.storevan.com\/es\/productos\/\"},{\"@type\":\"ListItem\",\"position\":3,\"name\":\"Repisas abatibles para furgonetas\",\"item\":\"https:\/\/www.storevan.com\/es\/productos\/repisas-abatibles-para-furgonetas\/\"},{\"@type\":\"ListItem\",\"position\":4,\"name\":\"Transporte de electrodom\u00e9sticos\"}]},{\"@type\":\"WebSite\",\"@id\":\"https:\/\/www.storevan.com\/pl\/#website\",\"url\":\"https:\/\/www.storevan.com\/pl\/\",\"name\":\"Store Van\",\"description\":\"Equipamientos furgonetas\",\"potentialAction\":[{\"@type\":\"SearchAction\",\"target\":{\"@type\":\"EntryPoint\",\"urlTemplate\":\"https:\/\/www.storevan.com\/pl\/?s={search_term_string}\"},\"query-input\":\"required name=search_term_string\"}],\"inLanguage\":\"es\"}]}<\/script>\n<!-- \/ Yoast SEO plugin. -->","yoast_head_json":{"title":"Equipamiento para el transporte de electrodom\u00e9sticos","description":"Repisas plegables ideales para el transporte de equipos y electrodom\u00e9sticos.","robots":{"index":"index","follow":"follow","max-snippet":"max-snippet:-1","max-image-preview":"max-image-preview:large","max-video-preview":"max-video-preview:-1"},"canonical":"https:\/\/www.storevan.com\/es\/productos\/repisas-abatibles-para-furgonetas\/transporte-electrodomesticos\/","og_locale":"es_ES","og_type":"article","og_title":"Equipamiento para el transporte de electrodom\u00e9sticos","og_description":"Repisas plegables ideales para el transporte de equipos y electrodom\u00e9sticos.","og_url":"https:\/\/www.storevan.com\/es\/productos\/repisas-abatibles-para-furgonetas\/transporte-electrodomesticos\/","og_site_name":"Store Van","article_modified_time":"2019-07-22T09:51:20+00:00","og_image":[{"url":"https:\/\/www.storevan.com\/wp-content\/uploads\/2019\/06\/ripiani-ribaltabili-trasporto-elettrodomestici-150x150.jpg"}],"twitter_misc":{"Tiempo de lectura":"2 minutos"},"schema":{"@context":"https:\/\/schema.org","@graph":[{"@type":"WebPage","@id":"https:\/\/www.storevan.com\/es\/productos\/repisas-abatibles-para-furgonetas\/transporte-electrodomesticos\/","url":"https:\/\/www.storevan.com\/es\/productos\/repisas-abatibles-para-furgonetas\/transporte-electrodomesticos\/","name":"Equipamiento para el transporte de electrodom\u00e9sticos","isPartOf":{"@id":"https:\/\/www.storevan.com\/pl\/#website"},"datePublished":"2019-06-25T13:10:05+00:00","dateModified":"2019-07-22T09:51:20+00:00","description":"Repisas plegables ideales para el transporte de equipos y electrodom\u00e9sticos.","breadcrumb":{"@id":"https:\/\/www.storevan.com\/es\/productos\/repisas-abatibles-para-furgonetas\/transporte-electrodomesticos\/#breadcrumb"},"inLanguage":"es","potentialAction":[{"@type":"ReadAction","target":["https:\/\/www.storevan.com\/es\/productos\/repisas-abatibles-para-furgonetas\/transporte-electrodomesticos\/"]}]},{"@type":"BreadcrumbList","@id":"https:\/\/www.storevan.com\/es\/productos\/repisas-abatibles-para-furgonetas\/transporte-electrodomesticos\/#breadcrumb","itemListElement":[{"@type":"ListItem","position":1,"name":"Home","item":"https:\/\/www.storevan.com\/es\/"},{"@type":"ListItem","position":2,"name":"Productos","item":"https:\/\/www.storevan.com\/es\/productos\/"},{"@type":"ListItem","position":3,"name":"Repisas abatibles para furgonetas","item":"https:\/\/www.storevan.com\/es\/productos\/repisas-abatibles-para-furgonetas\/"},{"@type":"ListItem","position":4,"name":"Transporte de electrodom\u00e9sticos"}]},{"@type":"WebSite","@id":"https:\/\/www.storevan.com\/pl\/#website","url":"https:\/\/www.storevan.com\/pl\/","name":"Store Van","description":"Equipamientos furgonetas","potentialAction":[{"@type":"SearchAction","target":{"@type":"EntryPoint","urlTemplate":"https:\/\/www.storevan.com\/pl\/?s={search_term_string}"},"query-input":"required name=search_term_string"}],"inLanguage":"es"}]}},"_links":{"self":[{"href":"https:\/\/www.storevan.com\/es\/wp-json\/wp\/v2\/pages\/105175"}],"collection":[{"href":"https:\/\/www.storevan.com\/es\/wp-json\/wp\/v2\/pages"}],"about":[{"href":"https:\/\/www.storevan.com\/es\/wp-json\/wp\/v2\/types\/page"}],"author":[{"embeddable":true,"href":"https:\/\/www.storevan.com\/es\/wp-json\/wp\/v2\/users\/470"}],"replies":[{"embeddable":true,"href":"https:\/\/www.storevan.com\/es\/wp-json\/wp\/v2\/comments?post=105175"}],"version-history":[{"count":6,"href":"https:\/\/www.storevan.com\/es\/wp-json\/wp\/v2\/pages\/105175\/revisions"}],"predecessor-version":[{"id":105181,"href":"https:\/\/www.storevan.com\/es\/wp-json\/wp\/v2\/pages\/105175\/revisions\/105181"}],"up":[{"embeddable":true,"href":"https:\/\/www.storevan.com\/es\/wp-json\/wp\/v2\/pages\/86574"}],"wp:attachment":[{"href":"https:\/\/www.storevan.com\/es\/wp-json\/wp\/v2\/media?parent=105175"}],"curies":[{"name":"wp","href":"https:\/\/api.w.org\/{rel}","templated":true}]}}