{"id":104074,"date":"2019-05-24T10:28:38","date_gmt":"2019-05-24T10:28:38","guid":{"rendered":"https:\/\/www.storevan.com\/productos\/repisas-abatibles-para-furgonetas\/corriere-espresso\/"},"modified":"2019-06-13T14:20:46","modified_gmt":"2019-06-13T14:20:46","slug":"empresa-de-paqueteria","status":"publish","type":"page","link":"https:\/\/www.storevan.com\/es\/productos\/repisas-abatibles-para-furgonetas\/empresa-de-paqueteria\/","title":{"rendered":"Empresa de paqueter\u00eda"},"content":{"rendered":"<h1 class=\"customblackTitleSmall\">Equipamiento para empresas de paqueter\u00eda y transportistas aut\u00f3nomos<\/h1>\n<hr class=\"noColor\" \/>\n<div class=\"col-xs-12 col-sm-6 col-md-6\">\n<h2 class=\"txtBlack\">Empresas de transporte de paqueter\u00eda expr\u00e9s y transportistas aut\u00f3nomos: c\u00f3mo hacer que la entrega de mercanc\u00edas sea f\u00e1cil y r\u00e1pida<\/h2>\n<p><img decoding=\"async\" loading=\"lazy\" class=\"visible-xs aligncenter size-thumbnail\" src=\"https:\/\/www.storevan.com\/wp-content\/uploads\/2019\/05\/allestimento-furgone-consegne-padroncino-480x480.jpg\" alt=\"Equipamiento para empresas de paqueter\u00eda\" width=\"150\" height=\"150\" \/><\/p>\n<div class=\"borderTitle\"><\/div>\n<p>El transporte de mercanc\u00edas supone la base del comercio, sin el cual no ser\u00eda posible encontrar en las tiendas los productos que nos interesan ni recibir los pedidos realizados online. El trabajo del mensajero se caracteriza por el frenes\u00ed y el tr\u00e1fico, por lo que la <strong>reducci\u00f3n de los tiempos de carga y descarga de las mercanc\u00edas<\/strong> y la <strong>organizaci\u00f3n de las entregas<\/strong> son de suma importancia. Una correcta ordenaci\u00f3n de los paquetes dentro del compartimento de carga permite reducir el tiempo de entrega y aumentar la productividad de los trabajadores.<\/p>\n<h3>Light Shelf, el equipamiento para empresas de paqueter\u00eda y transportistas aut\u00f3nomos que se adapta a sus necesidades<\/h3>\n<p>Normalmente, al comprar una furgoneta, el usuario elige su tama\u00f1o en funci\u00f3n de c\u00f3mo se utilizar\u00e1 en el futuro. Por lo que la capacidad del compartimento de carga debe adaptarse al material que se vaya a transportar. Con el <a title=\"Equipamiento para furgonetas Light Shelf\" href=\"https:\/\/www.storevan.com\/es\/productos\/repisas-abatibles-para-furgonetas\/\">equipamiento para furgonetas Light Shelf<\/a>, el problema se reduce, ya que el sistema de repisas abatibles permite modificar f\u00e1cilmente el espacio disponible, lo que garantiza la <strong>m\u00e1xima flexibilidad para el usuario<\/strong>, a la vez que se consigue una mayor eficiencia gracias a la <strong>capacidad de carga garantizada de 80 kg por repisa, aumentable a hasta 120kg<\/strong> mediante el uso de montantes especiales.<\/p>\n<div class=\"ts-gallery col-xs-12 col-sm-12 col-md-10 col-md-offset-1\">\n<div class=\"borderTitleCenterOrange\"><\/div>\n<div class=\"col-xs-6 col-sm-3 col-md-3\"><a href=\"https:\/\/www.storevan.com\/wp-content\/uploads\/2018\/08\/allestimento-furgone-last-mile.jpg\"><img decoding=\"async\" loading=\"lazy\" class=\"aligncenter size-thumbnail\" src=\"https:\/\/www.storevan.com\/wp-content\/uploads\/2018\/08\/allestimento-furgone-last-mile-150x150.jpg\" alt=\"Equipamiento para empresas de paqueter\u00eda expr\u00e9s\" width=\"150\" height=\"150\" \/><\/a><\/div>\n<div class=\"col-xs-6 col-sm-3 col-md-3\"><a href=\"https:\/\/www.storevan.com\/wp-content\/uploads\/2019\/05\/furgone-trasporto-merci.jpg\"><img decoding=\"async\" loading=\"lazy\" class=\"aligncenter size-thumbnail wp-image-103111\" src=\"https:\/\/www.storevan.com\/wp-content\/uploads\/2019\/05\/furgone-trasporto-merci-150x150.jpg\" alt=\"Furgonetas de reparto\" width=\"150\" height=\"150\" srcset=\"https:\/\/www.storevan.com\/wp-content\/uploads\/2019\/05\/furgone-trasporto-merci-150x150.jpg 150w, https:\/\/www.storevan.com\/wp-content\/uploads\/2019\/05\/furgone-trasporto-merci-300x300.jpg 300w, https:\/\/www.storevan.com\/wp-content\/uploads\/2019\/05\/furgone-trasporto-merci-48x48.jpg 48w, https:\/\/www.storevan.com\/wp-content\/uploads\/2019\/05\/furgone-trasporto-merci-480x480.jpg 480w, https:\/\/www.storevan.com\/wp-content\/uploads\/2019\/05\/furgone-trasporto-merci.jpg 600w\" sizes=\"(max-width: 150px) 100vw, 150px\" \/><\/a><\/div>\n<hr class=\"noColor break visible-xs\" \/>\n<div class=\"col-xs-6 col-sm-3 col-md-3\"><a href=\"https:\/\/www.storevan.com\/wp-content\/uploads\/2019\/05\/allestimento-trasporti-espressi.jpg\"><img decoding=\"async\" loading=\"lazy\" class=\"aligncenter size-thumbnail wp-image-103118\" src=\"https:\/\/www.storevan.com\/wp-content\/uploads\/2019\/05\/allestimento-trasporti-espressi-150x150.jpg\" alt=\"Transporte de mercanc\u00edas en furgoneta\" width=\"150\" height=\"150\" srcset=\"https:\/\/www.storevan.com\/wp-content\/uploads\/2019\/05\/allestimento-trasporti-espressi-150x150.jpg 150w, https:\/\/www.storevan.com\/wp-content\/uploads\/2019\/05\/allestimento-trasporti-espressi-300x300.jpg 300w, https:\/\/www.storevan.com\/wp-content\/uploads\/2019\/05\/allestimento-trasporti-espressi-48x48.jpg 48w, https:\/\/www.storevan.com\/wp-content\/uploads\/2019\/05\/allestimento-trasporti-espressi-480x480.jpg 480w, https:\/\/www.storevan.com\/wp-content\/uploads\/2019\/05\/allestimento-trasporti-espressi.jpg 600w\" sizes=\"(max-width: 150px) 100vw, 150px\" \/><\/a><\/div>\n<div class=\"col-xs-6 col-sm-3 col-md-3\"><a href=\"https:\/\/www.storevan.com\/wp-content\/uploads\/2018\/08\/trasformazione-veicolo-commerciale-corrieri-espressi-3.jpg\"><img decoding=\"async\" loading=\"lazy\" class=\"aligncenter size-thumbnail\" src=\"https:\/\/www.storevan.com\/wp-content\/uploads\/2018\/08\/trasformazione-veicolo-commerciale-corrieri-espressi-3-150x150.jpg\" alt=\"Equipamiento para empresas de paqueter\u00eda expr\u00e9s\" width=\"150\" height=\"150\" \/><\/a><\/div>\n<div class=\"break\"><\/div>\n<div class=\"borderTitleCenterOrange\"><\/div>\n<hr class=\"noColor \" \/>\n<\/div>\n<\/div>\n<div class=\"col-sm-6 col-md-6 text-center\"><img decoding=\"async\" loading=\"lazy\" class=\"hidden-xs aligncenter size-full wp-image-103065\" src=\"https:\/\/www.storevan.com\/wp-content\/uploads\/2019\/05\/allestimento-furgone-consegne-padroncino.jpg\" alt=\"Allestimento per padroncino\" width=\"550\" height=\"520\" srcset=\"https:\/\/www.storevan.com\/wp-content\/uploads\/2019\/05\/allestimento-furgone-consegne-padroncino.jpg 550w, https:\/\/www.storevan.com\/wp-content\/uploads\/2019\/05\/allestimento-furgone-consegne-padroncino-300x284.jpg 300w\" sizes=\"(max-width: 550px) 100vw, 550px\" \/><\/div>\n<div class=\"break\"><\/div>\n<hr class=\"visible-xs noColor\" \/>\n<div class=\"col-xs-12 col-sm-12 col-md-12\">\n<p class=\"text-justify\">La posibilidad de integrar <strong>hasta 6 repisas abatibles por lado<\/strong> permite organizar la carga de la mejor manera posible ordenando los diferentes paquetes seg\u00fan su tama\u00f1o o prioridad de entrega, ancl\u00e1ndolos con correas de sujeci\u00f3n de la carga y separ\u00e1ndolos con separadores transversales o en arco. De este modo ser\u00e1 <strong>m\u00e1s r\u00e1pido y m\u00e1s f\u00e1cil identificar el paquete que se debe entregar<\/strong>. El propio tama\u00f1o de las repisas est\u00e1 estudiado para alojar cajas y contenedores de medidas est\u00e1ndar europeas y su borde elevado y la ligera inclinaci\u00f3n de la repisa hacia arriba suponen una ventaja adicional para evitar que los productos se muevan durante el transporte.<\/p>\n<p>Para los transportistas de paqueter\u00eda expr\u00e9s m\u00e1s exigentes, Store Van <a title=\"Transformaci\u00f3n de veh\u00edculos comerciales paqueter\u00eda\" href=\"https:\/\/www.storevan.com\/es\/transformacion-vehiculos-comerciales-paqueteria\/\">transforma completamente el veh\u00edculo comercial<\/a>: se inserta un panel separador entre el habit\u00e1culo y el compartimento de carga, lo que garantiza la m\u00e1xima rapidez en la b\u00fasqueda de los paquetes y la m\u00e1xima seguridad para el operador. El veh\u00edculo de este modo modificado se devolver\u00e1 al cliente con el Certificado de Conformidad apropiado, necesario cuando un veh\u00edculo sufre cambios en la estructura.<\/p>\n<\/div>\n<div class=\"break\"><\/div>\n<hr class=\"noColor\" \/>\n<div class=\"hidden-xs col-sm-2 col-md-3\">\n<hr class=\"orangeLine\" \/>\n<\/div>\n<div class=\"col-xs-12 col-sm-8 col-md-6\">\n<h3 class=\"text-center titBoxDivisor\">Ventajas del sistema de repisas plegables<\/h3>\n<\/div>\n<div class=\"hidden-xs col-sm-2 col-md-3\">\n<hr class=\"orangeLine\" \/>\n<\/div>\n<div class=\"break\"><\/div>\n<hr class=\"noColor\" \/>\n<ul class=\"noList\">\n<li class=\"col-xs-12 col-sm-6 col-md-4\"><i class=\"fa fa-check txtGreen\"><\/i> 6 repisas de altura;<\/li>\n<li class=\"col-xs-12 col-sm-6 col-md-4\"><i class=\"fa fa-check txtGreen\"><\/i> Sistema de suspensi\u00f3n sin cables de acero o correas;<\/li>\n<li class=\"col-xs-12 col-sm-6 col-md-4\"><i class=\"fa fa-check txtGreen\"><\/i> Ausencia de aristas afiladas en todos los bordes y orificios;<\/li>\n<li class=\"col-xs-12 col-sm-6 col-md-4\"><i class=\"fa fa-check txtGreen\"><\/i> Capacidad de carga hasta 120 kg;<\/li>\n<li class=\"col-xs-12 col-sm-6 col-md-4\"><i class=\"fa fa-check txtGreen\"><\/i> Ideal para el transporte de mercanc\u00edas largas;<\/li>\n<li class=\"col-xs-12 col-sm-6 col-md-4\"><i class=\"fa fa-check txtGreen\"><\/i> Compatible con contenedores con medidas est\u00e1ndar europeas;<\/li>\n<\/ul>\n<div class=\"break\"><\/div>\n<hr class=\"noColor\" \/>\n<p><a class=\"destination\" name=\"formconttatto\"><\/a><\/p>\n<hr \/>\n<div class=\"col-xs-12 col-sm-12 col-md-6\">\n<div class=\"text-center\"><a class=\"btn btn-download\" href=\"tel:800645506\"><i class=\"fa fa-phone\"><\/i> <span class=\"spanBtn\">LLAME AHORA<\/span><br \/>\npara cualquier informaci\u00f3n<\/a><\/div>\n<\/div>\n<div class=\"col-xs-12 col-sm-12 col-md-6\">\n<div class=\"text-center\"><a class=\"btn btn-download btnToggle\" href=\"#formconttatto\"><i class=\"fa fa-envelope\"><\/i> <span class=\"spanBtn\">ESCR\u00cdBANOS<\/span><br \/>\nle contactaremos lo antes posible<\/a><\/div>\n<\/div>\n<div class=\"break\"><\/div>\n<hr \/>\n<div class=\"formToggle\">\n<h4 class=\"bigTxt text-center txtBkOrange\">\u00bfQUIERES SABER M\u00c1S?<\/h4>\n\n<div class=\"wpcf7 no-js\" id=\"wpcf7-f67674-o1\" lang=\"it-IT\" dir=\"ltr\">\n<div class=\"screen-reader-response\"><p role=\"status\" aria-live=\"polite\" aria-atomic=\"true\"><\/p> <ul><\/ul><\/div>\n<form action=\"\/es\/wp-json\/wp\/v2\/pages\/104074#wpcf7-f67674-o1\" method=\"post\" class=\"wpcf7-form init\" aria-label=\"Modulo di contatto\" novalidate=\"novalidate\" data-status=\"init\">\n<div style=\"display: none;\">\n<input type=\"hidden\" name=\"_wpcf7\" value=\"67674\" \/>\n<input type=\"hidden\" name=\"_wpcf7_version\" value=\"5.7.7\" \/>\n<input type=\"hidden\" name=\"_wpcf7_locale\" value=\"it_IT\" \/>\n<input type=\"hidden\" name=\"_wpcf7_unit_tag\" value=\"wpcf7-f67674-o1\" \/>\n<input type=\"hidden\" name=\"_wpcf7_container_post\" value=\"0\" \/>\n<input type=\"hidden\" name=\"_wpcf7_posted_data_hash\" value=\"\" \/>\n<input type=\"hidden\" name=\"_wpcf7_recaptcha_response\" value=\"\" \/>\n<\/div>\n<span class=\"wpcf7-form-control-wrap url\" data-name=\"url\"><input type=\"hidden\" name=\"url\" size=\"40\" class=\"wpcf7-form-control wpcf7-hidden wpcf7dtx wpcf7dtx-hidden\" aria-invalid=\"false\" value=\"empresa-de-paqueteria\" autocomplete=\"off\" \/><\/span>\n<p>Complete los siguientes campos para recibir m\u00e1s informaci\u00f3n. Uno de nuestros operadores se pondr\u00e1 en contacto con usted lo antes posible (* campos obligatorios):\n<\/p>\n<div class=\"col-xs-12 col-md-6\">\n\t<p><span class='titoli'>Nombre (*)<\/span>\n\t<\/p>\n\t<p><span class=\"wpcf7-form-control-wrap\" data-name=\"your-name\"><input size=\"40\" class=\"wpcf7-form-control wpcf7-text wpcf7-validates-as-required form-control\" aria-required=\"true\" aria-invalid=\"false\" value=\"\" type=\"text\" name=\"your-name\" \/><\/span>\n\t<\/p>\n<\/div>\n<div class=\"col-xs-12 col-md-6\">\n\t<p><span class='titoli'>Apellidos (*)<\/span>\n\t<\/p>\n\t<p><span class=\"wpcf7-form-control-wrap\" data-name=\"your-last-name\"><input size=\"40\" class=\"wpcf7-form-control wpcf7-text wpcf7-validates-as-required form-control\" aria-required=\"true\" aria-invalid=\"false\" value=\"\" type=\"text\" name=\"your-last-name\" \/><\/span>\n\t<\/p>\n<\/div>\n<div class=\"col-xs-12 col-md-6\">\n\t<p><span class='titoli'>Empresa(*)<\/span>\n\t<\/p>\n\t<p><span class=\"wpcf7-form-control-wrap\" data-name=\"your-company\"><input size=\"40\" class=\"wpcf7-form-control wpcf7-text wpcf7-validates-as-required form-control\" aria-required=\"true\" aria-invalid=\"false\" value=\"\" type=\"text\" name=\"your-company\" \/><\/span>\n\t<\/p>\n<\/div>\n<div class=\"col-xs-12 col-md-6\">\n\t<p><span class='titoli'>C\u00f3d. NIF<\/span>\n\t<\/p>\n\t<p><span class=\"wpcf7-form-control-wrap\" data-name=\"p-iva\"><input size=\"40\" class=\"wpcf7-form-control wpcf7-text form-control\" aria-invalid=\"false\" value=\"\" type=\"text\" name=\"p-iva\" \/><\/span>\n\t<\/p>\n<\/div>\n<div class=\"clearboth\">\n<\/div>\n<div class=\"col-xs-12 col-md-4\">\n\t<p><span class='titoli'>C\u00f3digo Postal(*)<\/span>\n\t<\/p>\n\t<p><span class=\"wpcf7-form-control-wrap\" data-name=\"your-zip-code\"><input size=\"40\" class=\"wpcf7-form-control wpcf7-text wpcf7-validates-as-required form-control\" aria-required=\"true\" aria-invalid=\"false\" value=\"\" type=\"text\" name=\"your-zip-code\" \/><\/span>\n\t<\/p>\n<\/div>\n<div class=\"col-xs-12 col-md-4\">\n\t<p><span class='titoli'>Direcci\u00f3n (*)<\/span>\n\t<\/p>\n\t<p><span class=\"wpcf7-form-control-wrap\" data-name=\"your-address\"><input size=\"40\" class=\"wpcf7-form-control wpcf7-text wpcf7-validates-as-required form-control\" aria-required=\"true\" aria-invalid=\"false\" value=\"\" type=\"text\" name=\"your-address\" \/><\/span>\n\t<\/p>\n<\/div>\n<div class=\"col-xs-12 col-md-4\">\n\t<p><span class='titoli'>Ciudad (*)<\/span>\n\t<\/p>\n\t<p><span class=\"wpcf7-form-control-wrap\" data-name=\"your-Town\"><input size=\"40\" class=\"wpcf7-form-control wpcf7-text wpcf7-validates-as-required form-control\" aria-required=\"true\" aria-invalid=\"false\" value=\"\" type=\"text\" name=\"your-Town\" \/><\/span>\n\t<\/p>\n<\/div>\n<div class=\"clearboth\">\n<\/div>\n<div class=\"col-xs-12 col-md-6\">\n\t<p><span class='titoli'>email (*)<\/span>\n\t<\/p>\n\t<p><span class=\"wpcf7-form-control-wrap\" data-name=\"your-email\"><input size=\"40\" class=\"wpcf7-form-control wpcf7-text wpcf7-email wpcf7-validates-as-required wpcf7-validates-as-email form-control\" aria-required=\"true\" aria-invalid=\"false\" value=\"\" type=\"email\" name=\"your-email\" \/><\/span>\n\t<\/p>\n<\/div>\n<div class=\"col-xs-12 col-md-6\">\n\t<p><span class='titoli'>Tel\u00e9fono (*)<\/span>\n\t<\/p>\n\t<p><span class=\"wpcf7-form-control-wrap\" data-name=\"telefono\"><input size=\"40\" class=\"wpcf7-form-control wpcf7-text wpcf7-tel wpcf7-validates-as-required wpcf7-validates-as-tel form-control\" aria-required=\"true\" aria-invalid=\"false\" value=\"\" type=\"tel\" name=\"telefono\" \/><\/span>\n\t<\/p>\n<\/div>\n<div class=\"clearboth\">\n<\/div>\n<div class=\"col-xs-12 col-md-6\">\n\t<p><span class='titoli'>Objeto <\/span>\n\t<\/p>\n\t<p><span class=\"wpcf7-form-control-wrap\" data-name=\"oggetto\"><select class=\"wpcf7-form-control wpcf7-select wpcf7-validates-as-required\" aria-required=\"true\" aria-invalid=\"false\" name=\"oggetto\"><option value=\"Solicitud de presupuesto\">Solicitud de presupuesto<\/option><option value=\"Informaci\u00f3n t\u00e9cnica\">Informaci\u00f3n t\u00e9cnica<\/option><option value=\"Cita\">Cita<\/option><\/select><\/span>\n\t<\/p>\n<\/div>\n<div class=\"col-xs-12 col-md-6\">\n\t<p><br \/>\n<span class=\"titoli\"> <span class=\"wpcf7-form-control-wrap\" data-name=\"cliente\"><span class=\"wpcf7-form-control wpcf7-checkbox\"><span class=\"wpcf7-list-item first last\"><label><span class=\"wpcf7-list-item-label\">Soy un cliente<\/span><input type=\"checkbox\" name=\"cliente[]\" value=\"Soy un cliente\" \/><\/label><\/span><\/span><\/span><\/span>\n\t<\/p>\n<\/div>\n<div class=\"col-xs-12 col-md-12\">\n\t<p><span class='titoli'>Mensaje (*)<\/span>\n\t<\/p>\n\t<p><span class=\"wpcf7-form-control-wrap\" data-name=\"your-message\"><textarea cols=\"40\" rows=\"10\" class=\"wpcf7-form-control wpcf7-textarea wpcf7-validates-as-required form-control\" aria-required=\"true\" aria-invalid=\"false\" name=\"your-message\"><\/textarea><\/span>\n\t<\/p>\n<\/div>\n<div class=\"col-xs-12 col-md-12\">\n\t<p><small>Los datos introducidos ser\u00e1n tratados con estricta confidencialidad de acuerdo con la ley y con nuestra <a href=\"https:\/\/www.storevan.com\/es\/privacy-policy\/\">pol\u00edtica de privacidad<\/a>.<\/small>\n\t<\/p>\n\t<p><span class=\"wpcf7-form-control-wrap\" data-name=\"AccettazionePrivacy\"><span class=\"wpcf7-form-control wpcf7-acceptance\"><span class=\"wpcf7-list-item\"><input type=\"checkbox\" name=\"AccettazionePrivacy\" value=\"1\" aria-invalid=\"false\" \/><\/span><\/span><\/span> Declaro haber le\u00eddo la Informaci\u00f3n sobre la <a href=\"https:\/\/www.storevan.com\/es\/privacy-policy\/\">Privacy<\/a> y autorizo el tratamiento de mis datos personales de conformidad con aquello aqu\u00ed descrito.(*)<br \/>\n\t<span class=\"wpcf7-form-control-wrap recaptcha\" data-name=\"recaptcha\"><span data-sitekey=\"6LdfM4AUAAAAAJjsAucux5WVNA3hsk5KP0a03T_n\" class=\"wpcf7-form-control g-recaptcha wpcf7-recaptcha\"><\/span>\r\n<noscript>\r\n\t<div class=\"grecaptcha-noscript\">\r\n\t\t<iframe src=\"https:\/\/www.google.com\/recaptcha\/api\/fallback?k=6LdfM4AUAAAAAJjsAucux5WVNA3hsk5KP0a03T_n\" frameborder=\"0\" scrolling=\"no\" width=\"310\" height=\"430\">\r\n\t\t<\/iframe>\r\n\t\t<textarea name=\"g-recaptcha-response\" rows=\"3\" cols=\"40\" placeholder=\"Aqu\u00ed la respuesta de reCAPTCHA\">\r\n\t\t<\/textarea>\r\n\t<\/div>\r\n<\/noscript>\r\n<\/span>\n\t<\/p>\n<\/div>\n<hr class=\"noColor\" \/>\n<p><input class=\"wpcf7-form-control has-spinner wpcf7-submit\" type=\"submit\" value=\"Env\u00edo\" \/>\n<\/p><div class=\"wpcf7-response-output\" aria-hidden=\"true\"><\/div>\n<\/form>\n<\/div>\n\n<\/div>\n","protected":false},"excerpt":{"rendered":"<p>Equipamiento para empresas de paqueter\u00eda y transportistas aut\u00f3nomos Empresas de transporte de paqueter\u00eda expr\u00e9s y transportistas aut\u00f3nomos: c\u00f3mo hacer que la entrega de mercanc\u00edas sea f\u00e1cil y r\u00e1pida El transporte.<\/p>\n","protected":false},"author":470,"featured_media":0,"parent":86574,"menu_order":0,"comment_status":"closed","ping_status":"closed","template":"","meta":[],"acf":[],"yoast_head":"<!-- This site is optimized with the Yoast SEO plugin v20.11 - https:\/\/yoast.com\/wordpress\/plugins\/seo\/ -->\n<title>Equipamiento para empresas de paqueter\u00eda<\/title>\n<meta name=\"description\" content=\"Equipamiento para empresas de paqueter\u00eda y transportistas aut\u00f3nomos con repisas abatibles para furgonetas con una capacidad m\u00e1xima de 120 kg.\" \/>\n<meta name=\"robots\" content=\"index, follow, max-snippet:-1, max-image-preview:large, max-video-preview:-1\" \/>\n<link rel=\"canonical\" href=\"https:\/\/www.storevan.com\/es\/productos\/repisas-abatibles-para-furgonetas\/empresa-de-paqueteria\/\" \/>\n<meta property=\"og:locale\" content=\"es_ES\" \/>\n<meta property=\"og:type\" content=\"article\" \/>\n<meta property=\"og:title\" content=\"Equipamiento para empresas de paqueter\u00eda\" \/>\n<meta property=\"og:description\" content=\"Equipamiento para empresas de paqueter\u00eda y transportistas aut\u00f3nomos con repisas abatibles para furgonetas con una capacidad m\u00e1xima de 120 kg.\" \/>\n<meta property=\"og:url\" content=\"https:\/\/www.storevan.com\/es\/productos\/repisas-abatibles-para-furgonetas\/empresa-de-paqueteria\/\" \/>\n<meta property=\"og:site_name\" content=\"Store Van\" \/>\n<meta property=\"article:modified_time\" content=\"2019-06-13T14:20:46+00:00\" \/>\n<meta property=\"og:image\" content=\"https:\/\/www.storevan.com\/wp-content\/uploads\/2019\/05\/allestimento-furgone-consegne-padroncino-480x480.jpg\" \/>\n<meta name=\"twitter:label1\" content=\"Tiempo de lectura\" \/>\n\t<meta name=\"twitter:data1\" content=\"3 minutos\" \/>\n<script type=\"application\/ld+json\" class=\"yoast-schema-graph\">{\"@context\":\"https:\/\/schema.org\",\"@graph\":[{\"@type\":\"WebPage\",\"@id\":\"https:\/\/www.storevan.com\/es\/productos\/repisas-abatibles-para-furgonetas\/empresa-de-paqueteria\/\",\"url\":\"https:\/\/www.storevan.com\/es\/productos\/repisas-abatibles-para-furgonetas\/empresa-de-paqueteria\/\",\"name\":\"Equipamiento para empresas de paqueter\u00eda\",\"isPartOf\":{\"@id\":\"https:\/\/www.storevan.com\/pl\/#website\"},\"datePublished\":\"2019-05-24T10:28:38+00:00\",\"dateModified\":\"2019-06-13T14:20:46+00:00\",\"description\":\"Equipamiento para empresas de paqueter\u00eda y transportistas aut\u00f3nomos con repisas abatibles para furgonetas con una capacidad m\u00e1xima de 120 kg.\",\"breadcrumb\":{\"@id\":\"https:\/\/www.storevan.com\/es\/productos\/repisas-abatibles-para-furgonetas\/empresa-de-paqueteria\/#breadcrumb\"},\"inLanguage\":\"es\",\"potentialAction\":[{\"@type\":\"ReadAction\",\"target\":[\"https:\/\/www.storevan.com\/es\/productos\/repisas-abatibles-para-furgonetas\/empresa-de-paqueteria\/\"]}]},{\"@type\":\"BreadcrumbList\",\"@id\":\"https:\/\/www.storevan.com\/es\/productos\/repisas-abatibles-para-furgonetas\/empresa-de-paqueteria\/#breadcrumb\",\"itemListElement\":[{\"@type\":\"ListItem\",\"position\":1,\"name\":\"Home\",\"item\":\"https:\/\/www.storevan.com\/es\/\"},{\"@type\":\"ListItem\",\"position\":2,\"name\":\"Productos\",\"item\":\"https:\/\/www.storevan.com\/es\/productos\/\"},{\"@type\":\"ListItem\",\"position\":3,\"name\":\"Repisas abatibles para furgonetas\",\"item\":\"https:\/\/www.storevan.com\/es\/productos\/repisas-abatibles-para-furgonetas\/\"},{\"@type\":\"ListItem\",\"position\":4,\"name\":\"Empresa de paqueter\u00eda\"}]},{\"@type\":\"WebSite\",\"@id\":\"https:\/\/www.storevan.com\/pl\/#website\",\"url\":\"https:\/\/www.storevan.com\/pl\/\",\"name\":\"Store Van\",\"description\":\"Equipamientos furgonetas\",\"potentialAction\":[{\"@type\":\"SearchAction\",\"target\":{\"@type\":\"EntryPoint\",\"urlTemplate\":\"https:\/\/www.storevan.com\/pl\/?s={search_term_string}\"},\"query-input\":\"required name=search_term_string\"}],\"inLanguage\":\"es\"}]}<\/script>\n<!-- \/ Yoast SEO plugin. -->","yoast_head_json":{"title":"Equipamiento para empresas de paqueter\u00eda","description":"Equipamiento para empresas de paqueter\u00eda y transportistas aut\u00f3nomos con repisas abatibles para furgonetas con una capacidad m\u00e1xima de 120 kg.","robots":{"index":"index","follow":"follow","max-snippet":"max-snippet:-1","max-image-preview":"max-image-preview:large","max-video-preview":"max-video-preview:-1"},"canonical":"https:\/\/www.storevan.com\/es\/productos\/repisas-abatibles-para-furgonetas\/empresa-de-paqueteria\/","og_locale":"es_ES","og_type":"article","og_title":"Equipamiento para empresas de paqueter\u00eda","og_description":"Equipamiento para empresas de paqueter\u00eda y transportistas aut\u00f3nomos con repisas abatibles para furgonetas con una capacidad m\u00e1xima de 120 kg.","og_url":"https:\/\/www.storevan.com\/es\/productos\/repisas-abatibles-para-furgonetas\/empresa-de-paqueteria\/","og_site_name":"Store Van","article_modified_time":"2019-06-13T14:20:46+00:00","og_image":[{"url":"https:\/\/www.storevan.com\/wp-content\/uploads\/2019\/05\/allestimento-furgone-consegne-padroncino-480x480.jpg"}],"twitter_misc":{"Tiempo de lectura":"3 minutos"},"schema":{"@context":"https:\/\/schema.org","@graph":[{"@type":"WebPage","@id":"https:\/\/www.storevan.com\/es\/productos\/repisas-abatibles-para-furgonetas\/empresa-de-paqueteria\/","url":"https:\/\/www.storevan.com\/es\/productos\/repisas-abatibles-para-furgonetas\/empresa-de-paqueteria\/","name":"Equipamiento para empresas de paqueter\u00eda","isPartOf":{"@id":"https:\/\/www.storevan.com\/pl\/#website"},"datePublished":"2019-05-24T10:28:38+00:00","dateModified":"2019-06-13T14:20:46+00:00","description":"Equipamiento para empresas de paqueter\u00eda y transportistas aut\u00f3nomos con repisas abatibles para furgonetas con una capacidad m\u00e1xima de 120 kg.","breadcrumb":{"@id":"https:\/\/www.storevan.com\/es\/productos\/repisas-abatibles-para-furgonetas\/empresa-de-paqueteria\/#breadcrumb"},"inLanguage":"es","potentialAction":[{"@type":"ReadAction","target":["https:\/\/www.storevan.com\/es\/productos\/repisas-abatibles-para-furgonetas\/empresa-de-paqueteria\/"]}]},{"@type":"BreadcrumbList","@id":"https:\/\/www.storevan.com\/es\/productos\/repisas-abatibles-para-furgonetas\/empresa-de-paqueteria\/#breadcrumb","itemListElement":[{"@type":"ListItem","position":1,"name":"Home","item":"https:\/\/www.storevan.com\/es\/"},{"@type":"ListItem","position":2,"name":"Productos","item":"https:\/\/www.storevan.com\/es\/productos\/"},{"@type":"ListItem","position":3,"name":"Repisas abatibles para furgonetas","item":"https:\/\/www.storevan.com\/es\/productos\/repisas-abatibles-para-furgonetas\/"},{"@type":"ListItem","position":4,"name":"Empresa de paqueter\u00eda"}]},{"@type":"WebSite","@id":"https:\/\/www.storevan.com\/pl\/#website","url":"https:\/\/www.storevan.com\/pl\/","name":"Store Van","description":"Equipamientos furgonetas","potentialAction":[{"@type":"SearchAction","target":{"@type":"EntryPoint","urlTemplate":"https:\/\/www.storevan.com\/pl\/?s={search_term_string}"},"query-input":"required name=search_term_string"}],"inLanguage":"es"}]}},"_links":{"self":[{"href":"https:\/\/www.storevan.com\/es\/wp-json\/wp\/v2\/pages\/104074"}],"collection":[{"href":"https:\/\/www.storevan.com\/es\/wp-json\/wp\/v2\/pages"}],"about":[{"href":"https:\/\/www.storevan.com\/es\/wp-json\/wp\/v2\/types\/page"}],"author":[{"embeddable":true,"href":"https:\/\/www.storevan.com\/es\/wp-json\/wp\/v2\/users\/470"}],"replies":[{"embeddable":true,"href":"https:\/\/www.storevan.com\/es\/wp-json\/wp\/v2\/comments?post=104074"}],"version-history":[{"count":3,"href":"https:\/\/www.storevan.com\/es\/wp-json\/wp\/v2\/pages\/104074\/revisions"}],"predecessor-version":[{"id":104168,"href":"https:\/\/www.storevan.com\/es\/wp-json\/wp\/v2\/pages\/104074\/revisions\/104168"}],"up":[{"embeddable":true,"href":"https:\/\/www.storevan.com\/es\/wp-json\/wp\/v2\/pages\/86574"}],"wp:attachment":[{"href":"https:\/\/www.storevan.com\/es\/wp-json\/wp\/v2\/media?parent=104074"}],"curies":[{"name":"wp","href":"https:\/\/api.w.org\/{rel}","templated":true}]}}