{"id":100472,"date":"2019-04-11T11:58:33","date_gmt":"2019-04-11T11:58:33","guid":{"rendered":"https:\/\/www.storevan.com\/?page_id=100472"},"modified":"2019-04-11T11:58:33","modified_gmt":"2019-04-11T11:58:33","slug":"flotas-de-empresa","status":"publish","type":"page","link":"https:\/\/www.storevan.com\/es\/flotas-de-empresa\/","title":{"rendered":"Flotas de empresa"},"content":{"rendered":"<h1 class=\"customblackTitleSmall\">Flotas de empresa <\/h1>\n<div class=\"bannerPage\">\n<div class=\"txtBannerPage\">\n<div class=\"text-left\">\n<h2 class=\"txtWhite text-left\">Flotas de empresa y parques automovil\u00edsticos<\/h2>\n<div class=\"borderTitleOrange\"><\/div>\n<hr class=\"noColor\">\n<h3 class=\"txtWhite text-left noUP\">Soluciones a medida para flotas peque\u00f1as y grandes\/h3><\/div>\n<\/div>\n<div class=\"imgBannerPage\"><img decoding=\"async\" src=\"https:\/\/www.storevan.com\/wp-content\/uploads\/2019\/03\/flotte.jpg\" alt=\"Flotas de empresa\"\/><\/div>\n<\/div>\n<hr class=\"noColor\"\/>\n<div class=\"col-xs-12 col-sm-7 col-md-6\">\n<hr class=\"noColor\"\/>\n<p class=\"txtOrange hidden-xs\">Equipamientos profesionales de furgonetas de empresa<\/p>\n<h4 class=\"bigTxt txtBlack\">\u00bfTiene que equipar una flota de empresa?<\/h4>\n<div class=\"borderTitleOrange\"><\/div>\n<hr class=\"noColor\"\/>\nStore Van fabrica equipamientos para flotas de empresa de peque\u00f1as, medianas y grandes dimensiones. Gracias a nuestra experiencia, profesionalidad y capacidad de crear soluciones personalizadas, desde hace a\u00f1os nos han elegido empresas de diversos sectores.<br \/>\nCada proyecto se estudia y analiza cuidadosamente con el cliente y un equipo dedicado sigue su desarrollo a lo largo de todas sus fases: desde que se acepta el proyecto hasta su realizaci\u00f3n final.<br \/>\nGracias a los grandes espacios a disposici\u00f3n y a una producci\u00f3n totalmente propia, Store Van tambi\u00e9n es capaz de realizar grandes pedidos respetando los plazos presupuestados y trabajando con precisi\u00f3n y calidad en cada uno de los veh\u00edculos.<\/p>\n<hr class=\"noColor\"\/>\n<\/div>\n<div class=\"col-xs-12 col-sm-5 col-md-6\">\n<hr class=\"noColor hidden-xs\"\/><img decoding=\"async\" loading=\"lazy\" src=\"https:\/\/www.storevan.com\/wp-content\/uploads\/2019\/03\/allestimento-flotta-aziendale.jpg\" alt=\"Equipamientos profesionales de furgonetas de empresa\" width=\"548\" height=\"244\" class=\"aligncenter size-full wp-image-98133\" \/><\/div>\n<div class=\"break\"><\/div>\n<hr class=\"visible-xs\"\/>\n<div class=\"col-xs-12 col-sm-7 col-md-6\">\n<hr class=\"noColor hidden-xs\"\/><img decoding=\"async\" loading=\"lazy\" src=\"https:\/\/www.storevan.com\/wp-content\/uploads\/2019\/03\/allestimento-furgoni-aziendali-su-misura.jpg\" alt=\"equipamiento personalizado\" width=\"548\" height=\"244\" class=\"aligncenter size-full wp-image-98139\" \/><\/div>\n<div class=\"col-xs-12 col-sm-5 col-md-6\">\n<hr class=\"noColor\"\/>\n<p class=\"txtOrange hidden-xs\">Dise\u00f1e el equipamiento en modo personalizado<\/p>\n<h4 class=\"bigTxt txtBlack\">ELIJA UN EQUIPAMIENTO A MEDIDA PARA SUS VEH\u00cdCULOS DE EMPRESA<\/h4>\n<div class=\"borderTitleOrange\"><\/div>\n<hr class=\"noColor\"\/>\nTodos los proyectos se pueden personalizar: en la primera fase se eval\u00faan con el cliente las necesidades y las posibles soluciones para que el equipamiento de la flota sea realmente perfecto. A continuaci\u00f3n, se crea un dise\u00f1o en 3D, a partir del cual, tras el visto bueno del cliente, se realiza un primer prototipo. Solo una vez que este \u00faltimo haya sido examinado y evaluado, se inicia la producci\u00f3n.  <\/p>\n<p>La amplia gama de estanter\u00edas y revestimientos y los numerosos accesorios para furgonetas disponibles permiten proponer diferentes soluciones y mantener una excelente relaci\u00f3n calidad\/precio.<\/p>\n<hr class=\"noColor\"\/>\n<\/div>\n<div class=\"break\"><\/div>\n<hr class=\"noColor\"\/>\n<hr\/>\n<hr class=\"noColor\"\/>\n<h4 class=\"text-center txtBlack bigTxt txtBkOrange\"><i class=\"fa fa-angle-left\"><\/i> \u00bfQuiere saber m\u00e1s?  <i class=\"fa fa-angle-right\"><\/i><\/h4>\n<p class=\"text-center bigTxt\"><strong>Si es una empresa y desea recibir m\u00e1s informaci\u00f3n sobre el equipamiento de flotas de empresa, p\u00f3ngase en contacto con nosotros sin compromiso y solicite un presupuesto personalizado..<\/strong><\/p>\n<hr class=\"noColor\"\/>\n\n<div class=\"wpcf7 no-js\" id=\"wpcf7-f100465-o1\" lang=\"it-IT\" dir=\"ltr\">\n<div class=\"screen-reader-response\"><p role=\"status\" aria-live=\"polite\" aria-atomic=\"true\"><\/p> <ul><\/ul><\/div>\n<form action=\"\/es\/wp-json\/wp\/v2\/pages\/100472#wpcf7-f100465-o1\" method=\"post\" class=\"wpcf7-form init\" aria-label=\"Modulo di contatto\" novalidate=\"novalidate\" data-status=\"init\">\n<div style=\"display: none;\">\n<input type=\"hidden\" name=\"_wpcf7\" value=\"100465\" \/>\n<input type=\"hidden\" name=\"_wpcf7_version\" value=\"5.7.7\" \/>\n<input type=\"hidden\" name=\"_wpcf7_locale\" value=\"it_IT\" \/>\n<input type=\"hidden\" name=\"_wpcf7_unit_tag\" value=\"wpcf7-f100465-o1\" \/>\n<input type=\"hidden\" name=\"_wpcf7_container_post\" value=\"0\" \/>\n<input type=\"hidden\" name=\"_wpcf7_posted_data_hash\" value=\"\" \/>\n<input type=\"hidden\" name=\"_wpcf7_recaptcha_response\" value=\"\" \/>\n<\/div>\n<span class=\"wpcf7-form-control-wrap url\" data-name=\"url\"><input type=\"hidden\" name=\"url\" size=\"40\" class=\"wpcf7-form-control wpcf7-hidden wpcf7dtx wpcf7dtx-hidden\" aria-invalid=\"false\" value=\"flotas-de-empresa\" autocomplete=\"off\" \/><\/span>\n<p class=\"text-center\">Complete los siguientes campos para recibir m\u00e1s informaci\u00f3n. Uno de nuestros operadores se pondr\u00e1 en contacto con usted lo antes posible (* campos obligatorios):\n<\/p>\n<hr class=\"noColor\" \/>\n<div class=\"col-xs-12 col-md-6\">\n\t<p><span class='titoli'>Nombre (*)<\/span>\n\t<\/p>\n\t<p><span class=\"wpcf7-form-control-wrap\" data-name=\"your-name\"><input size=\"40\" class=\"wpcf7-form-control wpcf7-text wpcf7-validates-as-required form-control\" aria-required=\"true\" aria-invalid=\"false\" value=\"\" type=\"text\" name=\"your-name\" \/><\/span>\n\t<\/p>\n<\/div>\n<div class=\"col-xs-12 col-md-6\">\n\t<p><span class='titoli'>Apellidos (*)<\/span>\n\t<\/p>\n\t<p><span class=\"wpcf7-form-control-wrap\" data-name=\"your-last-name\"><input size=\"40\" class=\"wpcf7-form-control wpcf7-text wpcf7-validates-as-required form-control\" aria-required=\"true\" aria-invalid=\"false\" value=\"\" type=\"text\" name=\"your-last-name\" \/><\/span>\n\t<\/p>\n<\/div>\n<div class=\"col-xs-12 col-md-6\">\n\t<p><span class='titoli'>Empresa (*)<\/span>\n\t<\/p>\n\t<p><span class=\"wpcf7-form-control-wrap\" data-name=\"your-company\"><input size=\"40\" class=\"wpcf7-form-control wpcf7-text wpcf7-validates-as-required form-control\" aria-required=\"true\" aria-invalid=\"false\" value=\"\" type=\"text\" name=\"your-company\" \/><\/span>\n\t<\/p>\n<\/div>\n<div class=\"col-xs-12 col-md-6\">\n\t<p><span class='titoli'>C\u00f3d. NIF<\/span>\n\t<\/p>\n\t<p><span class=\"wpcf7-form-control-wrap\" data-name=\"p-iva\"><input size=\"40\" class=\"wpcf7-form-control wpcf7-text form-control\" aria-invalid=\"false\" value=\"\" type=\"text\" name=\"p-iva\" \/><\/span>\n\t<\/p>\n<\/div>\n<div class=\"clearboth\">\n<\/div>\n<div class=\"col-xs-12 col-md-4\">\n\t<p><span class='titoli'>C\u00f3digo Postal (*)<\/span>\n\t<\/p>\n\t<p><span class=\"wpcf7-form-control-wrap\" data-name=\"your-zip-code\"><input size=\"40\" class=\"wpcf7-form-control wpcf7-text wpcf7-validates-as-required form-control\" aria-required=\"true\" aria-invalid=\"false\" value=\"\" type=\"text\" name=\"your-zip-code\" \/><\/span>\n\t<\/p>\n<\/div>\n<div class=\"col-xs-12 col-md-4\">\n\t<p><span class='titoli'>Direcci\u00f3n (*)<\/span>\n\t<\/p>\n\t<p><span class=\"wpcf7-form-control-wrap\" data-name=\"your-address\"><input size=\"40\" class=\"wpcf7-form-control wpcf7-text wpcf7-validates-as-required form-control\" aria-required=\"true\" aria-invalid=\"false\" value=\"\" type=\"text\" name=\"your-address\" \/><\/span>\n\t<\/p>\n<\/div>\n<div class=\"col-xs-12 col-md-4\">\n\t<p><span class='titoli'>Ciudad (*)<\/span>\n\t<\/p>\n\t<p><span class=\"wpcf7-form-control-wrap\" data-name=\"your-Town\"><input size=\"40\" class=\"wpcf7-form-control wpcf7-text wpcf7-validates-as-required form-control\" aria-required=\"true\" aria-invalid=\"false\" value=\"\" type=\"text\" name=\"your-Town\" \/><\/span>\n\t<\/p>\n<\/div>\n<div class=\"clearboth\">\n<\/div>\n<div class=\"col-xs-12 col-md-6\">\n\t<p><span class='titoli'>Email (*)<\/span>\n\t<\/p>\n\t<p><span class=\"wpcf7-form-control-wrap\" data-name=\"your-email\"><input size=\"40\" class=\"wpcf7-form-control wpcf7-text wpcf7-email wpcf7-validates-as-required wpcf7-validates-as-email form-control\" aria-required=\"true\" aria-invalid=\"false\" value=\"\" type=\"email\" name=\"your-email\" \/><\/span>\n\t<\/p>\n<\/div>\n<div class=\"col-xs-12 col-md-6\">\n\t<p><span class='titoli'>Tel\u00e9fono (*)<\/span>\n\t<\/p>\n\t<p><span class=\"wpcf7-form-control-wrap\" data-name=\"telefono\"><input size=\"40\" class=\"wpcf7-form-control wpcf7-text wpcf7-tel wpcf7-validates-as-required wpcf7-validates-as-tel form-control\" aria-required=\"true\" aria-invalid=\"false\" value=\"\" type=\"tel\" name=\"telefono\" \/><\/span>\n\t<\/p>\n<\/div>\n<div class=\"clearboth\">\n<\/div>\n<div class=\"col-xs-12 col-md-12\">\n\t<p><br \/>\n<span class=\"titoli\"> <span class=\"wpcf7-form-control-wrap\" data-name=\"cliente\"><span class=\"wpcf7-form-control wpcf7-checkbox\"><span class=\"wpcf7-list-item first last\"><label><span class=\"wpcf7-list-item-label\">Soy un cliente<\/span><input type=\"checkbox\" name=\"cliente[]\" value=\"Soy un cliente\" \/><\/label><\/span><\/span><\/span><\/span>\n\t<\/p>\n<\/div>\n<div class=\"col-xs-12 col-md-12\">\n\t<p><span class='titoli'>Mensaje (*)<\/span>\n\t<\/p>\n\t<p><span class=\"wpcf7-form-control-wrap\" data-name=\"your-message\"><textarea cols=\"40\" rows=\"10\" class=\"wpcf7-form-control wpcf7-textarea wpcf7-validates-as-required form-control\" aria-required=\"true\" aria-invalid=\"false\" name=\"your-message\"><\/textarea><\/span>\n\t<\/p>\n<\/div>\n<div class=\"col-xs-12 col-md-12\">\n\t<p><small>Los datos introducidos ser\u00e1n tratados con estricta confidencialidad de acuerdo con la ley y con nuestra <a href=\"https:\/\/www.storevan.com\/es\/privacy-policy\/\">pol\u00edtica de privacidad<\/a>.<\/small>\n\t<\/p>\n\t<p><span class=\"wpcf7-form-control-wrap\" data-name=\"AccettazionePrivacy\"><span class=\"wpcf7-form-control wpcf7-acceptance\"><span class=\"wpcf7-list-item\"><input type=\"checkbox\" name=\"AccettazionePrivacy\" value=\"1\" aria-invalid=\"false\" \/><\/span><\/span><\/span> Declaro haber le\u00eddo la Informaci\u00f3n sobre la <a href=\"https:\/\/www.storevan.com\/es\/privacy-policy\/\">Privacy<\/a> y autorizo el tratamiento de mis datos personales de conformidad con aquello aqu\u00ed descrito.(*)<br \/>\n\t<span class=\"wpcf7-form-control-wrap recaptcha\" data-name=\"recaptcha\"><span data-sitekey=\"6LdfM4AUAAAAAJjsAucux5WVNA3hsk5KP0a03T_n\" class=\"wpcf7-form-control g-recaptcha wpcf7-recaptcha\"><\/span>\r\n<noscript>\r\n\t<div class=\"grecaptcha-noscript\">\r\n\t\t<iframe src=\"https:\/\/www.google.com\/recaptcha\/api\/fallback?k=6LdfM4AUAAAAAJjsAucux5WVNA3hsk5KP0a03T_n\" frameborder=\"0\" scrolling=\"no\" width=\"310\" height=\"430\">\r\n\t\t<\/iframe>\r\n\t\t<textarea name=\"g-recaptcha-response\" rows=\"3\" cols=\"40\" placeholder=\"Aqu\u00ed la respuesta de reCAPTCHA\">\r\n\t\t<\/textarea>\r\n\t<\/div>\r\n<\/noscript>\r\n<\/span>\n\t<\/p>\n<\/div>\n<hr class=\"noColor\" \/>\n<p><input class=\"wpcf7-form-control has-spinner wpcf7-submit\" type=\"submit\" value=\"Env\u00edo\" \/>\n<\/p><div class=\"wpcf7-response-output\" aria-hidden=\"true\"><\/div>\n<\/form>\n<\/div>\n\n","protected":false},"excerpt":{"rendered":"<p>Flotas de empresa Flotas de empresa y parques automovil\u00edsticos Soluciones a medida para flotas peque\u00f1as y grandes\/h3> Equipamientos profesionales de furgonetas de empresa \u00bfTiene que equipar una flota de empresa?.<\/p>\n","protected":false},"author":470,"featured_media":103890,"parent":0,"menu_order":0,"comment_status":"closed","ping_status":"closed","template":"","meta":[],"acf":[],"yoast_head":"<!-- This site is optimized with the Yoast SEO plugin v20.11 - https:\/\/yoast.com\/wordpress\/plugins\/seo\/ -->\n<title>Equipamientos para flotas de empresa<\/title>\n<meta name=\"description\" content=\"Store Van fabrica equipamientos para flotas de empresa de peque\u00f1as, medianas y grandes dimensiones. Equipamientos a medida para todos los veh\u00edculos!\" \/>\n<meta name=\"robots\" content=\"index, follow, max-snippet:-1, max-image-preview:large, max-video-preview:-1\" \/>\n<link rel=\"canonical\" href=\"https:\/\/www.storevan.com\/es\/flotas-de-empresa\/\" \/>\n<meta property=\"og:locale\" content=\"es_ES\" \/>\n<meta property=\"og:type\" content=\"article\" \/>\n<meta property=\"og:title\" content=\"Equipamientos para flotas de empresa\" \/>\n<meta property=\"og:description\" content=\"Store Van fabrica equipamientos para flotas de empresa de peque\u00f1as, medianas y grandes dimensiones. Equipamientos a medida para todos los veh\u00edculos!\" \/>\n<meta property=\"og:url\" content=\"https:\/\/www.storevan.com\/es\/flotas-de-empresa\/\" \/>\n<meta property=\"og:site_name\" content=\"Store Van\" \/>\n<meta property=\"og:image\" content=\"https:\/\/www.storevan.com\/wp-content\/uploads\/2019\/06\/flotte.jpg\" \/>\n\t<meta property=\"og:image:width\" content=\"1140\" \/>\n\t<meta property=\"og:image:height\" content=\"410\" \/>\n\t<meta property=\"og:image:type\" content=\"image\/jpeg\" \/>\n<meta name=\"twitter:label1\" content=\"Tiempo de lectura\" \/>\n\t<meta name=\"twitter:data1\" content=\"2 minutos\" \/>\n<script type=\"application\/ld+json\" class=\"yoast-schema-graph\">{\"@context\":\"https:\/\/schema.org\",\"@graph\":[{\"@type\":\"WebPage\",\"@id\":\"https:\/\/www.storevan.com\/es\/flotas-de-empresa\/\",\"url\":\"https:\/\/www.storevan.com\/es\/flotas-de-empresa\/\",\"name\":\"Equipamientos para flotas de empresa\",\"isPartOf\":{\"@id\":\"https:\/\/www.storevan.com\/pl\/#website\"},\"datePublished\":\"2019-04-11T11:58:33+00:00\",\"dateModified\":\"2019-04-11T11:58:33+00:00\",\"description\":\"Store Van fabrica equipamientos para flotas de empresa de peque\u00f1as, medianas y grandes dimensiones. Equipamientos a medida para todos los veh\u00edculos!\",\"breadcrumb\":{\"@id\":\"https:\/\/www.storevan.com\/es\/flotas-de-empresa\/#breadcrumb\"},\"inLanguage\":\"es\",\"potentialAction\":[{\"@type\":\"ReadAction\",\"target\":[\"https:\/\/www.storevan.com\/es\/flotas-de-empresa\/\"]}]},{\"@type\":\"BreadcrumbList\",\"@id\":\"https:\/\/www.storevan.com\/es\/flotas-de-empresa\/#breadcrumb\",\"itemListElement\":[{\"@type\":\"ListItem\",\"position\":1,\"name\":\"Home\",\"item\":\"https:\/\/www.storevan.com\/es\/\"},{\"@type\":\"ListItem\",\"position\":2,\"name\":\"Flotas de empresa\"}]},{\"@type\":\"WebSite\",\"@id\":\"https:\/\/www.storevan.com\/pl\/#website\",\"url\":\"https:\/\/www.storevan.com\/pl\/\",\"name\":\"Store Van\",\"description\":\"Equipamientos furgonetas\",\"potentialAction\":[{\"@type\":\"SearchAction\",\"target\":{\"@type\":\"EntryPoint\",\"urlTemplate\":\"https:\/\/www.storevan.com\/pl\/?s={search_term_string}\"},\"query-input\":\"required name=search_term_string\"}],\"inLanguage\":\"es\"}]}<\/script>\n<!-- \/ Yoast SEO plugin. -->","yoast_head_json":{"title":"Equipamientos para flotas de empresa","description":"Store Van fabrica equipamientos para flotas de empresa de peque\u00f1as, medianas y grandes dimensiones. Equipamientos a medida para todos los veh\u00edculos!","robots":{"index":"index","follow":"follow","max-snippet":"max-snippet:-1","max-image-preview":"max-image-preview:large","max-video-preview":"max-video-preview:-1"},"canonical":"https:\/\/www.storevan.com\/es\/flotas-de-empresa\/","og_locale":"es_ES","og_type":"article","og_title":"Equipamientos para flotas de empresa","og_description":"Store Van fabrica equipamientos para flotas de empresa de peque\u00f1as, medianas y grandes dimensiones. Equipamientos a medida para todos los veh\u00edculos!","og_url":"https:\/\/www.storevan.com\/es\/flotas-de-empresa\/","og_site_name":"Store Van","og_image":[{"width":1140,"height":410,"url":"https:\/\/www.storevan.com\/wp-content\/uploads\/2019\/06\/flotte.jpg","type":"image\/jpeg"}],"twitter_misc":{"Tiempo de lectura":"2 minutos"},"schema":{"@context":"https:\/\/schema.org","@graph":[{"@type":"WebPage","@id":"https:\/\/www.storevan.com\/es\/flotas-de-empresa\/","url":"https:\/\/www.storevan.com\/es\/flotas-de-empresa\/","name":"Equipamientos para flotas de empresa","isPartOf":{"@id":"https:\/\/www.storevan.com\/pl\/#website"},"datePublished":"2019-04-11T11:58:33+00:00","dateModified":"2019-04-11T11:58:33+00:00","description":"Store Van fabrica equipamientos para flotas de empresa de peque\u00f1as, medianas y grandes dimensiones. Equipamientos a medida para todos los veh\u00edculos!","breadcrumb":{"@id":"https:\/\/www.storevan.com\/es\/flotas-de-empresa\/#breadcrumb"},"inLanguage":"es","potentialAction":[{"@type":"ReadAction","target":["https:\/\/www.storevan.com\/es\/flotas-de-empresa\/"]}]},{"@type":"BreadcrumbList","@id":"https:\/\/www.storevan.com\/es\/flotas-de-empresa\/#breadcrumb","itemListElement":[{"@type":"ListItem","position":1,"name":"Home","item":"https:\/\/www.storevan.com\/es\/"},{"@type":"ListItem","position":2,"name":"Flotas de empresa"}]},{"@type":"WebSite","@id":"https:\/\/www.storevan.com\/pl\/#website","url":"https:\/\/www.storevan.com\/pl\/","name":"Store Van","description":"Equipamientos furgonetas","potentialAction":[{"@type":"SearchAction","target":{"@type":"EntryPoint","urlTemplate":"https:\/\/www.storevan.com\/pl\/?s={search_term_string}"},"query-input":"required name=search_term_string"}],"inLanguage":"es"}]}},"_links":{"self":[{"href":"https:\/\/www.storevan.com\/es\/wp-json\/wp\/v2\/pages\/100472"}],"collection":[{"href":"https:\/\/www.storevan.com\/es\/wp-json\/wp\/v2\/pages"}],"about":[{"href":"https:\/\/www.storevan.com\/es\/wp-json\/wp\/v2\/types\/page"}],"author":[{"embeddable":true,"href":"https:\/\/www.storevan.com\/es\/wp-json\/wp\/v2\/users\/470"}],"replies":[{"embeddable":true,"href":"https:\/\/www.storevan.com\/es\/wp-json\/wp\/v2\/comments?post=100472"}],"version-history":[{"count":2,"href":"https:\/\/www.storevan.com\/es\/wp-json\/wp\/v2\/pages\/100472\/revisions"}],"predecessor-version":[{"id":100487,"href":"https:\/\/www.storevan.com\/es\/wp-json\/wp\/v2\/pages\/100472\/revisions\/100487"}],"wp:featuredmedia":[{"embeddable":true,"href":"https:\/\/www.storevan.com\/es\/wp-json\/wp\/v2\/media\/103890"}],"wp:attachment":[{"href":"https:\/\/www.storevan.com\/es\/wp-json\/wp\/v2\/media?parent=100472"}],"curies":[{"name":"wp","href":"https:\/\/api.w.org\/{rel}","templated":true}]}}