{"id":8374,"date":"2015-12-09T14:43:16","date_gmt":"2015-12-09T13:43:16","guid":{"rendered":"https:\/\/www.storevan.com\/en\/fittings-van-equipment\/furgoni-citroen\/berlingo\/"},"modified":"2022-07-27T12:37:13","modified_gmt":"2022-07-27T12:37:13","slug":"berlingo","status":"publish","type":"page","link":"https:\/\/www.storevan.com\/en\/fittings-van-equipment\/citroen\/berlingo\/","title":{"rendered":"Berlingo"},"content":{"rendered":"<h1 class=\"customblackTitleSmall\">Van equipments for Citro\u00ebn Berlingo<\/h1>\n<h2>Berlingo Professional equipment solutions: The perfect integration between a vehicle and an equipped mobile workshop.<\/h2>\n<p>Store Van offers van equipments for Citro\u00ebn Berlingo. The Citro\u00ebn Berlingo workshop for commercial vehicles can be equipped with &#8220;<strong>load safety<\/strong>&#8221; fittings, a structure consisting of AIRLINE guides, mobile load retaining bars that slide on the guides and belts with quick-fit clamps. Secured by the bars that move to adapt to different sizes and volumes, the goods are even more securely anchored via straps with clamps; in case of overturning due to sudden braking, this avoids damage to the cargo and the cargo area interior.<\/p>\n<p>A Berlingo outfitting offering <strong>high safety standards<\/strong> like Store Van&#8217;s outfitting options, is the ideal solution for transporting breakable (window panes, bottles) or heavy (door and window frames, large boxes, building material) and other similarly critical materials.<\/p>\n<p>Using automotive grade electro-galvanised steel plate and dip-coating with acrylic resin, \u201cmade in <strong>STORE Van<\/strong>\u201c <strong>commercial vehicle fittings<\/strong> have declared technical characteristics including <strong>corrosion resistance<\/strong> of over 500 hours (ASTM D1735 water fog) and excellent hardness with a rating of at least 2H. Choose the\u00a0<strong>mobile office <\/strong>tailor-made for your <strong>Citro\u00ebn Berlingo<\/strong> van: all our modules have <strong>GS certification<\/strong>.<\/p>\n<h3 class=\"customblackTitleExtraSmall\">VAN FITTING SOLUTIONS:<\/h3>\n<section id=\"imgSlide\" class=\"regular sliderSV\">\n<div>\n<div class=\"txtBlue\">SAFETY<\/div>\n<div class=\"ts-gallery\"><a title=\"Safety interior fittings for Berlingo van\" href=\"https:\/\/www.storevan.com\/wp-content\/uploads\/veicoli\/pianali-pannellature\/allestimenti-furgoni-piccoli-Safety.jpg\"><img decoding=\"async\" loading=\"lazy\" class=\"alignnone wp-image-62785 size-medium\" src=\"https:\/\/www.storevan.com\/wp-content\/uploads\/veicoli\/pianali-pannellature\/allestimenti-furgoni-piccoli-Safety-300x171.jpg\" alt=\"Safety, the fitting system for Citro\u00ebn Berlingo vans\" width=\"300\" height=\"280\" \/><\/a><\/div>\n<h3 class=\"bigTxt\">Standard shelving with load fixing<\/h3>\n<div class=\"borderTitle\"><\/div>\n<p>Fittings example:<\/p>\n<p><a title=\"Safety interior fittings L1 H1\" href=\"https:\/\/www.storevan.com\/en\/vans-equipment\/berlingo-l1h1-s\/\"><strong>L1 H1<\/strong> (Wheelbase 2785 mm)<\/a><br \/>\n<a title=\"Safety interior fittings L2 H1\" href=\"https:\/\/www.storevan.com\/en\/vans-equipment\/berlingo-l2h1-s\/\"><strong>L2 H1<\/strong> (Wheelbase 2975 mm)<\/a><\/p>\n<\/div>\n<div>\n<div class=\"txtBlue\">PROFESSIONAL<\/div>\n<div class=\"ts-gallery\"><a title=\"Professional interior fittings for Berlingo van\" href=\"https:\/\/www.storevan.com\/wp-content\/uploads\/veicoli\/pianali-pannellature\/scaffalature-per-furgone-piccolo-Professional.jpg\"><img decoding=\"async\" loading=\"lazy\" class=\"alignnone wp-image-62785 size-medium\" src=\"https:\/\/www.storevan.com\/wp-content\/uploads\/veicoli\/pianali-pannellature\/scaffalature-per-furgone-piccolo-Professional-300x171.jpg\" alt=\"Professional, the fitting system for Citro\u00ebn Berlingo vans\" width=\"300\" height=\"280\" \/><\/a><\/div>\n<h3 class=\"bigTxt\">Shelving with additional Airline restraining systems<\/h3>\n<div class=\"borderTitle\"><\/div>\n<p>Fittings example:<\/p>\n<p><a title=\"Interior fittings Professional for L1 H1\" href=\"https:\/\/www.storevan.com\/en\/vans-equipment\/berlingo-l1h1-p\/\"><strong>L1 H1<\/strong> (Wheelbase 2785 mm)<\/a><br \/>\n<a title=\"Interior fittings Professional for L2 H1\" href=\"https:\/\/www.storevan.com\/en\/vans-equipment\/berlingo-l2h1-p\/\"><strong>L2 H1<\/strong> (Wheelbase 2975 mm)<\/a><\/p>\n<\/div>\n<div>\n<div class=\"txtBlue\">MOBILE<\/div>\n<div id=\"myGallery\" class=\"ts-gallery\"><a title=\"Mobile\" href=\"https:\/\/www.storevan.com\/wp-content\/uploads\/veicoli\/pianali-pannellature\/allestimento-furgoni-piccoli-Mobile.jpg\"><img decoding=\"async\" loading=\"lazy\" class=\"alignnone wp-image-62791 size-medium\" src=\"https:\/\/www.storevan.com\/wp-content\/uploads\/veicoli\/pianali-pannellature\/allestimento-furgoni-piccoli-Mobile-300x171.jpg\" alt=\"Mobile, the fitting system for Citro\u00ebn Berlingo vans \" width=\"300\" height=\"280\" \/><\/a><\/div>\n<h3 class=\"bigTxt\">Integrated outfitting with hardware storage cases and trolleys<\/h3>\n<div class=\"borderTitle\"><\/div>\n<p>Fittings example:<\/p>\n<p><a title=\"Van fittings Mobile for L1 H1\" href=\"https:\/\/www.storevan.com\/en\/vans-equipment\/berlingo-l1h1-m\/\"><strong>L1 H1<\/strong> (Wheelbase 2785 mm)<\/a><br \/>\n<a title=\"Van fittings Mobile for L2 H1\" href=\"https:\/\/www.storevan.com\/en\/vans-equipment\/berlingo-l2h1-m\/\"><strong>L2 H1<\/strong> (Wheelbase 2975 mm)<\/a><\/p>\n<\/div>\n<div>\n<div class=\"txtBlue\">FLOOR UP<\/div>\n<div class=\"ts-gallery\"><a title=\"Floor up, interior fittings for Berlingo van\" href=\"https:\/\/www.storevan.com\/wp-content\/uploads\/veicoli\/pianali-pannellature\/pianale-rialzato-con-cassetti-Floor-up.jpg\"><img decoding=\"async\" loading=\"lazy\" class=\"alignnone size-medium wp-image-63522\" src=\"https:\/\/www.storevan.com\/wp-content\/uploads\/veicoli\/pianali-pannellature\/pianale-rialzato-con-cassetti-Floor-up-300x171.jpg\" alt=\"Floor Up, the fitting system for Citro\u00ebn Berlingo vans\" width=\"300\" height=\"280\" \/><\/a><\/div>\n<h3 class=\"bigTxt\">Under-floor drawers and shelves for small-medium-sized vans<\/h3>\n<div class=\"borderTitle\"><\/div>\n<p>Fittings example:<\/p>\n<p><a title=\"Van equipment Floor Up L1 H1\" href=\"https:\/\/www.storevan.com\/en\/vans-equipment\/berlingo-l1h1-f\/\"><strong>L1 H1<\/strong> (Wheelbase 2785 mm)<\/a><br \/>\n<a title=\"Van equipment Floor Up L2 H1\" href=\"https:\/\/www.storevan.com\/en\/vans-equipment\/berlingo-l2h1-f\/\"><strong>L2 H1<\/strong> (Wheelbase 2975 mm)<\/a><\/p>\n<\/div>\n<\/section>\n<hr class=\"noColor\" \/>\n<p class=\"btn btnLink\" >Click here to learn more about our <strong><a title=\"Learn more about our fittings solutions\" href=\"https:\/\/www.storevan.com\/en\/commercial-van-interiors\/\"style=\"margin-right:0;\">SAFETY, PROFESSIONAL, MOBILE <\/a> and <a href=\"https:\/\/www.storevan.com\/en\/products\/van-false-double-floor\/\" title=\"Floor up, interior fittings\">FLOOR UP fittings solutions<\/a><\/strong><\/p>\n<hr class=\"noColor\"\/>\n<h3 class=\"bigTxt text-center txtGrey\">THE FOUNDATION FOR FAIL-SAFE PROTECTION OF YOUR VEHICLE<\/h3>\n<hr class=\"noColor\" \/>\n<div class=\"two_third\">\n<a href=\"https:\/\/www.storevan.com\/en\/fittings-van-equipment\/citroen\/berlingo\/floor-panels\/\"><img decoding=\"async\" loading=\"lazy\" class=\"aligncenter size-full wp-image-64855\" src=\"https:\/\/www.storevan.com\/wp-content\/uploads\/veicoli\/pianali-pannellature\/pianali-furgone-rivestimento-interno.jpg\" alt=\"Interior coverings and flooring for Citro\u00ebn Berlingo\" width=\"750\" height=\"600\" \/><\/a><\/p>\n<\/div><div class=\"one_third last\">\n<div class=\"boxBorder\">\n<h4 class=\"bigTxt blue hidden-xs\">BERLINGO FLOOR AND INTERIOR COVERING<\/h4>\n<div class=\"borderTitleCenter hidden-xs\"><\/div>\n<h5 class=\"hidden-xs\">Solutions T\u00dcV-certified<img decoding=\"async\" loading=\"lazy\" class=\"alignnone size-full wp-image-67765\" src=\"https:\/\/www.storevan.com\/wp-content\/uploads\/2018\/05\/logo-ISO9001.jpg\" alt=\"T\u00dcV-certified friction coefficient\" width=\"50\" height=\"50\" srcset=\"https:\/\/www.storevan.com\/wp-content\/uploads\/2018\/05\/logo-ISO9001.jpg 120w, https:\/\/www.storevan.com\/wp-content\/uploads\/2018\/05\/logo-ISO9001-48x48.jpg 48w\" sizes=\"(max-width: 50px) 100vw, 50px\" \/><\/h5>\n<div class=\"borderTitleCenter hidden-xs\"><\/div>\n<hr class=\"noColor hidden-xs\" \/>\n<div class=\"ts-gallery hidden-xs\"><div class=\"one_half\">\n<a href=\"https:\/\/www.storevan.com\/wp-content\/uploads\/veicoli\/pianali-pannellature\/Dettaglio-pianale-per-furgone-con-punti-ancoraggio-verticali-e-orizzontali.jpg\"><img decoding=\"async\" loading=\"lazy\" class=\"alignnone wp-image-64378 size-thumbnail\" title=\"Flooring and panelling for Berlingo\" src=\"https:\/\/www.storevan.com\/wp-content\/uploads\/veicoli\/pianali-pannellature\/Dettaglio-pianale-per-furgone-con-punti-ancoraggio-verticali-e-orizzontali-150x150.jpg\" alt=\"Flooring and panelling for Berlingo\" width=\"150\" height=\"150\" \/><\/a><br \/>\n<\/div><div class=\"one_half last\">\n<a href=\"https:\/\/www.storevan.com\/wp-content\/uploads\/veicoli\/pianali-pannellature\/allestimento-per-furgone-con-pianale-wood-floor.jpg\"><img decoding=\"async\" loading=\"lazy\" class=\"alignnone wp-image-64447 size-thumbnail\" title=\"Fissaggio del carico su pianale furgone\" src=\"https:\/\/www.storevan.com\/wp-content\/uploads\/veicoli\/pianali-pannellature\/allestimento-per-furgone-con-pianale-wood-floor-150x150.jpg\" alt=\"Flooring safety-floor\" width=\"150\" height=\"150\" \/><\/a><br \/>\n<\/div><div class=\"clearboth\"><\/div><\/div>\n<div class=\"ts-gallery hidden-xs\"><div class=\"one_half\">\n<a href=\"https:\/\/www.storevan.com\/wp-content\/uploads\/veicoli\/pianali-pannellature\/guide-airline-soffitto-furgone.jpg\"><img decoding=\"async\" loading=\"lazy\" class=\"alignnone wp-image-64390 size-thumbnail\" title=\"Pianale per furgoni Safety Floor\" src=\"https:\/\/www.storevan.com\/wp-content\/uploads\/veicoli\/pianali-pannellature\/guide-airline-soffitto-furgone-150x150.jpg\" alt=\"Flooring Safety Floor\" width=\"150\" height=\"150\" \/><\/a><br \/>\n<\/div><div class=\"one_half last\">\n<a href=\"https:\/\/www.storevan.com\/wp-content\/uploads\/veicoli\/pianali-pannellature\/pianale-per-furgone-con-barre-fermacarico.jpg\"><img decoding=\"async\" loading=\"lazy\" class=\"alignnone wp-image-64414 size-thumbnail\" title=\"Flooring and panelling for Berlingo\" src=\"https:\/\/www.storevan.com\/wp-content\/uploads\/veicoli\/pianali-pannellature\/pianale-per-furgone-con-barre-fermacarico-150x150.jpg\" alt=\"Flooring and panelling for Berlingo\" width=\"150\" height=\"150\" \/><\/a><br \/>\n<\/div><div class=\"clearboth\"><\/div><\/div>\n<div class=\"btnFullWidth\"><a class=\"btn btn-blue\" href=\"https:\/\/www.storevan.com\/en\/fittings-van-equipment\/citroen\/berlingo\/floor-panels\/\">FIND OUT ABOUT FLOORING AND PANELLING FOR BERLINGO<i class=\"fa fa-angle-double-right\"><\/i><\/a><\/div>\n<\/div>\n<\/div><div class=\"clearboth\"><\/div>\n<h3 class=\"bigTxt text-center txtGrey\">COMPLETE YOUR VAN EQUIPMENT FOR BERLINGO WITH<\/h3>\n<div class=\"two_third\">\n<img decoding=\"async\" loading=\"lazy\" class=\"aligncenter wp-image-66328 size-full\" src=\"https:\/\/www.storevan.com\/wp-content\/uploads\/veicoli\/pianali-pannellature\/portatutto-portascala-space-up.jpg\" alt=\"RACKS AND LADDER RACKS FOR BERLINGO\" width=\"745\" height=\"200\" \/><br \/>\n<\/div><div class=\"one_third last\">\n<h4 class=\"bigTxt blue\">RACKS AND LADDER RACKS FOR BERLINGO<\/h4>\n<div class=\"borderTitle\"><\/div>\n<p>When you need more room to transport material and equipment in your van, make room with Store Van&#8217;s raised floor. If it were a slogan, it would be &#8220;less is more&#8221;; instead, it is the underlying principle of our designs &#8211; increasing the storage capacity in the cargo area of medium-small to small-sized commercial vehicles.<\/p>\n<p><a class=\"btn btn-blue\" title=\"Van roof and ladder ra cks\" href=\"https:\/\/www.storevan.com\/en\/fittings-van-equipment\/citroen\/berlingo\/ladder-holders-roof-racks\/\">EXPLORE OUR BERLINGO VAN ROOF AND LADDER RACKS<\/a><br \/>\n<\/div><div class=\"clearboth\"><\/div>\n<div class=\"break\"><\/div>\n<hr \/>\n<p><a name=\"formconttatto\"><\/a><\/p>\n<div class=\"col-xs-12 col-sm-12 col-md-6\">\n<div class=\"text-center\"><a class=\"btn btn-download\" href=\"tel:+390424585455\"><i class=\"fa fa-phone\"><\/i> <span class=\"spanBtn\">CALL NOW<\/span><br \/>\nfor any information you need<\/a><\/div>\n<\/div>\n<div class=\"col-xs-12 col-sm-12 col-md-6\">\n<div class=\"text-center\"><a class=\"btn btn-download\" href=\"https:\/\/www.storevan.com\/wp-content\/uploads\/doc\/CITROEN_BERLINGO_2018_Fahrzeugeinrichtungen_Fittings_StoreVan_degb.pdf\" target=\"_blank\" rel=\"noopener noreferrer\"><i class=\"fa fa-download\"><\/i> <span class=\"spanBtn\">DOWNLOAD<\/span><br \/>\nBERLINGO CATALOGUE<\/a><\/div>\n<\/div>\n<div class=\"break\"><\/div>\n<hr \/>\n<h4 class=\"bigTxt text-center txtBkOrange\"><i class=\"fa fa-envelope pull-left\"><\/i>WOULD YOU LIKE TO KNOW MORE?<\/h4>\n\n<div class=\"wpcf7 no-js\" id=\"wpcf7-f67668-o1\" lang=\"it-IT\" dir=\"ltr\">\n<div class=\"screen-reader-response\"><p role=\"status\" aria-live=\"polite\" aria-atomic=\"true\"><\/p> <ul><\/ul><\/div>\n<form action=\"\/en\/wp-json\/wp\/v2\/pages\/8374#wpcf7-f67668-o1\" method=\"post\" class=\"wpcf7-form init\" aria-label=\"Modulo di contatto\" novalidate=\"novalidate\" data-status=\"init\">\n<div style=\"display: none;\">\n<input type=\"hidden\" name=\"_wpcf7\" value=\"67668\" \/>\n<input type=\"hidden\" name=\"_wpcf7_version\" value=\"5.7.7\" \/>\n<input type=\"hidden\" name=\"_wpcf7_locale\" value=\"it_IT\" \/>\n<input type=\"hidden\" name=\"_wpcf7_unit_tag\" value=\"wpcf7-f67668-o1\" \/>\n<input type=\"hidden\" name=\"_wpcf7_container_post\" value=\"0\" \/>\n<input type=\"hidden\" name=\"_wpcf7_posted_data_hash\" value=\"\" \/>\n<input type=\"hidden\" name=\"_wpcf7_recaptcha_response\" value=\"\" \/>\n<\/div>\n<span class=\"wpcf7-form-control-wrap url\" data-name=\"url\"><input type=\"hidden\" name=\"url\" size=\"40\" class=\"wpcf7-form-control wpcf7-hidden wpcf7dtx wpcf7dtx-hidden\" aria-invalid=\"false\" value=\"berlingo\" autocomplete=\"off\" \/><\/span>\n<p>Fill out the following fields to receive additional information. A person from our team will get in touch with you soon (*required fields):\n<\/p>\n<div class=\"col-xs-12 col-md-6\">\n\t<p><span class='titoli'>Name (*)<\/span>\n\t<\/p>\n\t<p><span class=\"wpcf7-form-control-wrap\" data-name=\"your-name\"><input size=\"40\" class=\"wpcf7-form-control wpcf7-text wpcf7-validates-as-required form-control\" aria-required=\"true\" aria-invalid=\"false\" value=\"\" type=\"text\" name=\"your-name\" \/><\/span>\n\t<\/p>\n<\/div>\n<div class=\"col-xs-12 col-md-6\">\n\t<p><span class='titoli'>Surname (*)<\/span>\n\t<\/p>\n\t<p><span class=\"wpcf7-form-control-wrap\" data-name=\"your-last-name\"><input size=\"40\" class=\"wpcf7-form-control wpcf7-text wpcf7-validates-as-required form-control\" aria-required=\"true\" aria-invalid=\"false\" value=\"\" type=\"text\" name=\"your-last-name\" \/><\/span>\n\t<\/p>\n<\/div>\n<div class=\"clearboth\">\n<\/div>\n<div class=\"col-xs-12 col-md-6\">\n\t<p><span class='titoli'>Company (*)<\/span>\n\t<\/p>\n\t<p><span class=\"wpcf7-form-control-wrap\" data-name=\"your-company\"><input size=\"40\" class=\"wpcf7-form-control wpcf7-text wpcf7-validates-as-required form-control\" aria-required=\"true\" aria-invalid=\"false\" value=\"\" type=\"text\" name=\"your-company\" \/><\/span>\n\t<\/p>\n<\/div>\n<div class=\"col-xs-12 col-md-6\">\n\t<p><span class='titoli'>VAT No.<\/span>\n\t<\/p>\n\t<p><span class=\"wpcf7-form-control-wrap\" data-name=\"p-iva\"><input size=\"40\" class=\"wpcf7-form-control wpcf7-text form-control\" aria-invalid=\"false\" value=\"\" type=\"text\" name=\"p-iva\" \/><\/span>\n\t<\/p>\n<\/div>\n<div class=\"clearboth\">\n<\/div>\n<div class=\"col-xs-12 col-md-4\">\n\t<p><span class='titoli'>Zip Code (*)<\/span>\n\t<\/p>\n\t<p><span class=\"wpcf7-form-control-wrap\" data-name=\"your-zip-code\"><input size=\"40\" class=\"wpcf7-form-control wpcf7-text wpcf7-validates-as-required form-control\" aria-required=\"true\" aria-invalid=\"false\" value=\"\" type=\"text\" name=\"your-zip-code\" \/><\/span>\n\t<\/p>\n<\/div>\n<div class=\"col-xs-12 col-md-4\">\n\t<p><span class='titoli'>Address (*)<\/span>\n\t<\/p>\n\t<p><span class=\"wpcf7-form-control-wrap\" data-name=\"your-address\"><input size=\"40\" class=\"wpcf7-form-control wpcf7-text wpcf7-validates-as-required form-control\" aria-required=\"true\" aria-invalid=\"false\" value=\"\" type=\"text\" name=\"your-address\" \/><\/span>\n\t<\/p>\n<\/div>\n<div class=\"col-xs-12 col-md-4\">\n\t<p><span class='titoli'>City (*)<\/span>\n\t<\/p>\n\t<p><span class=\"wpcf7-form-control-wrap\" data-name=\"your-Town\"><input size=\"40\" class=\"wpcf7-form-control wpcf7-text wpcf7-validates-as-required form-control\" aria-required=\"true\" aria-invalid=\"false\" value=\"\" type=\"text\" name=\"your-Town\" \/><\/span>\n\t<\/p>\n<\/div>\n<div class=\"clearboth\">\n<\/div>\n<div class=\"col-xs-12 col-md-6\">\n\t<p><span class='titoli'>email (*)<\/span>\n\t<\/p>\n\t<p><span class=\"wpcf7-form-control-wrap\" data-name=\"your-email\"><input size=\"40\" class=\"wpcf7-form-control wpcf7-text wpcf7-email wpcf7-validates-as-required wpcf7-validates-as-email form-control\" aria-required=\"true\" aria-invalid=\"false\" value=\"\" type=\"email\" name=\"your-email\" \/><\/span>\n\t<\/p>\n<\/div>\n<div class=\"col-xs-12 col-md-6\">\n\t<p><span class='titoli'>Telephone (*)<\/span>\n\t<\/p>\n\t<p><span class=\"wpcf7-form-control-wrap\" data-name=\"telefono\"><input size=\"40\" class=\"wpcf7-form-control wpcf7-text wpcf7-tel wpcf7-validates-as-required wpcf7-validates-as-tel form-control\" aria-required=\"true\" aria-invalid=\"false\" value=\"\" type=\"tel\" name=\"telefono\" \/><\/span>\n\t<\/p>\n<\/div>\n<div class=\"clearboth\">\n<\/div>\n<div class=\"col-xs-12 col-md-6\">\n\t<p><span class='titoli'>Subject <\/span>\n\t<\/p>\n\t<p><span class=\"wpcf7-form-control-wrap\" data-name=\"oggetto\"><select class=\"wpcf7-form-control wpcf7-select wpcf7-validates-as-required\" aria-required=\"true\" aria-invalid=\"false\" name=\"oggetto\"><option value=\"Offer\">Offer<\/option><option value=\"Technical information\">Technical information<\/option><option value=\"Appointment\">Appointment<\/option><\/select><\/span>\n\t<\/p>\n<\/div>\n<div class=\"col-xs-12 col-md-6\">\n\t<p><br \/>\n<span class=\"titoli\"> <span class=\"wpcf7-form-control-wrap\" data-name=\"cliente\"><span class=\"wpcf7-form-control wpcf7-checkbox\"><span class=\"wpcf7-list-item first last\"><label><span class=\"wpcf7-list-item-label\">I am a customer<\/span><input type=\"checkbox\" name=\"cliente[]\" value=\"I am a customer\" \/><\/label><\/span><\/span><\/span><\/span>\n\t<\/p>\n<\/div>\n<div class=\"col-xs-12 col-md-12\">\n\t<p><span class='titoli'>Messaggio (*)<\/span>\n\t<\/p>\n\t<p><span class=\"wpcf7-form-control-wrap\" data-name=\"your-message\"><textarea cols=\"40\" rows=\"10\" class=\"wpcf7-form-control wpcf7-textarea wpcf7-validates-as-required form-control\" aria-required=\"true\" aria-invalid=\"false\" name=\"your-message\"><\/textarea><\/span>\n\t<\/p>\n<\/div>\n<div class=\"col-xs-12 col-md-12\">\n\t<p><small>The Data will be processed in strict confidence, in accordance with the law and our <a href=\"https:\/\/www.storevan.com\/en\/privacy-policy\/\">privacy policy<\/a>.<\/small>\n\t<\/p>\n\t<p><span class=\"wpcf7-form-control-wrap\" data-name=\"AccettazionePrivacy\"><span class=\"wpcf7-form-control wpcf7-acceptance\"><span class=\"wpcf7-list-item\"><input type=\"checkbox\" name=\"AccettazionePrivacy\" value=\"1\" aria-invalid=\"false\" \/><\/span><\/span><\/span> I declare that I have read the <a href=\"https:\/\/www.storevan.com\/en\/privacy-policy\/\">Privacy statement<\/a> and I agree that my personal data may be used for the reasons described therein.(*)<br \/>\n<span class=\"wpcf7-form-control-wrap\" data-name=\"Newsletter\"><span class=\"wpcf7-form-control wpcf7-checkbox\"><span class=\"wpcf7-list-item first last\"><input type=\"checkbox\" name=\"Newsletter[]\" value=\"I would like to stay up-to-date on the news from the world of Store Van \u2013 Newsletter\" \/><span class=\"wpcf7-list-item-label\">I would like to stay up-to-date on the news from the world of Store Van \u2013 Newsletter<\/span><\/span><\/span><\/span>\n\t<\/p>\n<span class=\"wpcf7-form-control-wrap recaptcha\" data-name=\"recaptcha\"><span data-sitekey=\"6LdfM4AUAAAAAJjsAucux5WVNA3hsk5KP0a03T_n\" class=\"wpcf7-form-control g-recaptcha wpcf7-recaptcha\"><\/span>\r\n<noscript>\r\n\t<div class=\"grecaptcha-noscript\">\r\n\t\t<iframe src=\"https:\/\/www.google.com\/recaptcha\/api\/fallback?k=6LdfM4AUAAAAAJjsAucux5WVNA3hsk5KP0a03T_n\" frameborder=\"0\" scrolling=\"no\" width=\"310\" height=\"430\">\r\n\t\t<\/iframe>\r\n\t\t<textarea name=\"g-recaptcha-response\" rows=\"3\" cols=\"40\" placeholder=\"reCaptcha Response Here\">\r\n\t\t<\/textarea>\r\n\t<\/div>\r\n<\/noscript>\r\n<\/span>\n<\/div>\n<hr class=\"noColor\" \/>\n<p><input class=\"wpcf7-form-control has-spinner wpcf7-submit\" type=\"submit\" value=\"Send\" \/>\n<\/p><div class=\"wpcf7-response-output\" aria-hidden=\"true\"><\/div>\n<\/form>\n<\/div>\n\n","protected":false},"excerpt":{"rendered":"<p>Van equipments for Citro\u00ebn Berlingo Berlingo Professional equipment solutions: The perfect integration between a vehicle and an equipped mobile workshop. Store Van offers van equipments for Citro\u00ebn Berlingo. The Citro\u00ebn.<\/p>\n","protected":false},"author":470,"featured_media":0,"parent":8368,"menu_order":0,"comment_status":"closed","ping_status":"closed","template":"pageSlider.php","meta":[],"acf":[],"yoast_head":"<!-- This site is optimized with the Yoast SEO plugin v20.11 - https:\/\/yoast.com\/wordpress\/plugins\/seo\/ -->\n<title>Van equipments for Citro\u00ebn Berlingo<\/title>\n<meta name=\"description\" content=\"Van equipment for Citro\u00ebn Berlingo. Contact us for a no-strings, personalised quotation for the fitting of your Citro\u00ebn Berlingo\" \/>\n<meta name=\"robots\" content=\"index, follow, max-snippet:-1, max-image-preview:large, max-video-preview:-1\" \/>\n<link rel=\"canonical\" href=\"https:\/\/www.storevan.com\/en\/fittings-van-equipment\/citroen\/berlingo\/\" \/>\n<meta property=\"og:locale\" content=\"en_US\" \/>\n<meta property=\"og:type\" content=\"article\" \/>\n<meta property=\"og:title\" content=\"Van equipments for Citro\u00ebn Berlingo\" \/>\n<meta property=\"og:description\" content=\"Van equipment for Citro\u00ebn Berlingo. Contact us for a no-strings, personalised quotation for the fitting of your Citro\u00ebn Berlingo\" \/>\n<meta property=\"og:url\" content=\"https:\/\/www.storevan.com\/en\/fittings-van-equipment\/citroen\/berlingo\/\" \/>\n<meta property=\"og:site_name\" content=\"Store Van\" \/>\n<meta property=\"article:modified_time\" content=\"2022-07-27T12:37:13+00:00\" \/>\n<meta property=\"og:image\" content=\"https:\/\/www.storevan.com\/wp-content\/uploads\/veicoli\/pianali-pannellature\/allestimenti-furgoni-piccoli-Safety-300x171.jpg\" \/>\n<meta name=\"twitter:label1\" content=\"Est. reading time\" \/>\n\t<meta name=\"twitter:data1\" content=\"2 minutes\" \/>\n<script type=\"application\/ld+json\" class=\"yoast-schema-graph\">{\"@context\":\"https:\/\/schema.org\",\"@graph\":[{\"@type\":\"WebPage\",\"@id\":\"https:\/\/www.storevan.com\/en\/fittings-van-equipment\/citroen\/berlingo\/\",\"url\":\"https:\/\/www.storevan.com\/en\/fittings-van-equipment\/citroen\/berlingo\/\",\"name\":\"Van equipments for Citro\u00ebn Berlingo\",\"isPartOf\":{\"@id\":\"https:\/\/www.storevan.com\/pl\/#website\"},\"datePublished\":\"2015-12-09T13:43:16+00:00\",\"dateModified\":\"2022-07-27T12:37:13+00:00\",\"description\":\"Van equipment for Citro\u00ebn Berlingo. Contact us for a no-strings, personalised quotation for the fitting of your Citro\u00ebn Berlingo\",\"breadcrumb\":{\"@id\":\"https:\/\/www.storevan.com\/en\/fittings-van-equipment\/citroen\/berlingo\/#breadcrumb\"},\"inLanguage\":\"en-US\",\"potentialAction\":[{\"@type\":\"ReadAction\",\"target\":[\"https:\/\/www.storevan.com\/en\/fittings-van-equipment\/citroen\/berlingo\/\"]}]},{\"@type\":\"BreadcrumbList\",\"@id\":\"https:\/\/www.storevan.com\/en\/fittings-van-equipment\/citroen\/berlingo\/#breadcrumb\",\"itemListElement\":[{\"@type\":\"ListItem\",\"position\":1,\"name\":\"Home\",\"item\":\"https:\/\/www.storevan.com\/en\/\"},{\"@type\":\"ListItem\",\"position\":2,\"name\":\"Fittings for commercial vehicles\",\"item\":\"https:\/\/www.storevan.com\/en\/fittings-van-equipment\/\"},{\"@type\":\"ListItem\",\"position\":3,\"name\":\"Citro\u00ebn\",\"item\":\"https:\/\/www.storevan.com\/en\/fittings-van-equipment\/citroen\/\"},{\"@type\":\"ListItem\",\"position\":4,\"name\":\"Berlingo\"}]},{\"@type\":\"WebSite\",\"@id\":\"https:\/\/www.storevan.com\/pl\/#website\",\"url\":\"https:\/\/www.storevan.com\/pl\/\",\"name\":\"Store Van\",\"description\":\"Van equipments\",\"potentialAction\":[{\"@type\":\"SearchAction\",\"target\":{\"@type\":\"EntryPoint\",\"urlTemplate\":\"https:\/\/www.storevan.com\/pl\/?s={search_term_string}\"},\"query-input\":\"required name=search_term_string\"}],\"inLanguage\":\"en-US\"}]}<\/script>\n<!-- \/ Yoast SEO plugin. -->","yoast_head_json":{"title":"Van equipments for Citro\u00ebn Berlingo","description":"Van equipment for Citro\u00ebn Berlingo. Contact us for a no-strings, personalised quotation for the fitting of your Citro\u00ebn Berlingo","robots":{"index":"index","follow":"follow","max-snippet":"max-snippet:-1","max-image-preview":"max-image-preview:large","max-video-preview":"max-video-preview:-1"},"canonical":"https:\/\/www.storevan.com\/en\/fittings-van-equipment\/citroen\/berlingo\/","og_locale":"en_US","og_type":"article","og_title":"Van equipments for Citro\u00ebn Berlingo","og_description":"Van equipment for Citro\u00ebn Berlingo. Contact us for a no-strings, personalised quotation for the fitting of your Citro\u00ebn Berlingo","og_url":"https:\/\/www.storevan.com\/en\/fittings-van-equipment\/citroen\/berlingo\/","og_site_name":"Store Van","article_modified_time":"2022-07-27T12:37:13+00:00","og_image":[{"url":"https:\/\/www.storevan.com\/wp-content\/uploads\/veicoli\/pianali-pannellature\/allestimenti-furgoni-piccoli-Safety-300x171.jpg"}],"twitter_misc":{"Est. reading time":"2 minutes"},"schema":{"@context":"https:\/\/schema.org","@graph":[{"@type":"WebPage","@id":"https:\/\/www.storevan.com\/en\/fittings-van-equipment\/citroen\/berlingo\/","url":"https:\/\/www.storevan.com\/en\/fittings-van-equipment\/citroen\/berlingo\/","name":"Van equipments for Citro\u00ebn Berlingo","isPartOf":{"@id":"https:\/\/www.storevan.com\/pl\/#website"},"datePublished":"2015-12-09T13:43:16+00:00","dateModified":"2022-07-27T12:37:13+00:00","description":"Van equipment for Citro\u00ebn Berlingo. Contact us for a no-strings, personalised quotation for the fitting of your Citro\u00ebn Berlingo","breadcrumb":{"@id":"https:\/\/www.storevan.com\/en\/fittings-van-equipment\/citroen\/berlingo\/#breadcrumb"},"inLanguage":"en-US","potentialAction":[{"@type":"ReadAction","target":["https:\/\/www.storevan.com\/en\/fittings-van-equipment\/citroen\/berlingo\/"]}]},{"@type":"BreadcrumbList","@id":"https:\/\/www.storevan.com\/en\/fittings-van-equipment\/citroen\/berlingo\/#breadcrumb","itemListElement":[{"@type":"ListItem","position":1,"name":"Home","item":"https:\/\/www.storevan.com\/en\/"},{"@type":"ListItem","position":2,"name":"Fittings for commercial vehicles","item":"https:\/\/www.storevan.com\/en\/fittings-van-equipment\/"},{"@type":"ListItem","position":3,"name":"Citro\u00ebn","item":"https:\/\/www.storevan.com\/en\/fittings-van-equipment\/citroen\/"},{"@type":"ListItem","position":4,"name":"Berlingo"}]},{"@type":"WebSite","@id":"https:\/\/www.storevan.com\/pl\/#website","url":"https:\/\/www.storevan.com\/pl\/","name":"Store Van","description":"Van equipments","potentialAction":[{"@type":"SearchAction","target":{"@type":"EntryPoint","urlTemplate":"https:\/\/www.storevan.com\/pl\/?s={search_term_string}"},"query-input":"required name=search_term_string"}],"inLanguage":"en-US"}]}},"_links":{"self":[{"href":"https:\/\/www.storevan.com\/en\/wp-json\/wp\/v2\/pages\/8374"}],"collection":[{"href":"https:\/\/www.storevan.com\/en\/wp-json\/wp\/v2\/pages"}],"about":[{"href":"https:\/\/www.storevan.com\/en\/wp-json\/wp\/v2\/types\/page"}],"author":[{"embeddable":true,"href":"https:\/\/www.storevan.com\/en\/wp-json\/wp\/v2\/users\/470"}],"replies":[{"embeddable":true,"href":"https:\/\/www.storevan.com\/en\/wp-json\/wp\/v2\/comments?post=8374"}],"version-history":[{"count":15,"href":"https:\/\/www.storevan.com\/en\/wp-json\/wp\/v2\/pages\/8374\/revisions"}],"predecessor-version":[{"id":146986,"href":"https:\/\/www.storevan.com\/en\/wp-json\/wp\/v2\/pages\/8374\/revisions\/146986"}],"up":[{"embeddable":true,"href":"https:\/\/www.storevan.com\/en\/wp-json\/wp\/v2\/pages\/8368"}],"wp:attachment":[{"href":"https:\/\/www.storevan.com\/en\/wp-json\/wp\/v2\/media?parent=8374"}],"curies":[{"name":"wp","href":"https:\/\/api.w.org\/{rel}","templated":true}]}}