{"id":8368,"date":"2015-12-14T09:48:07","date_gmt":"2015-12-14T08:48:07","guid":{"rendered":"https:\/\/www.storevan.com\/en\/fittings-van-equipment\/furgoni-citroen\/"},"modified":"2019-03-18T15:50:08","modified_gmt":"2019-03-18T15:50:08","slug":"citroen","status":"publish","type":"page","link":"https:\/\/www.storevan.com\/en\/fittings-van-equipment\/citroen\/","title":{"rendered":"Citro\u00ebn"},"content":{"rendered":"<h1 class=\"customblackTitleSmall\">Van equipments for Citro\u00ebn<\/h1>\n<p><img decoding=\"async\" loading=\"lazy\" class=\"lazyloaded alignright wp-image-43683 size-full\" title=\"Allestimenti furgone Citroen\" src=\"https:\/\/www.storevan.com\/wp-content\/uploads\/2017\/01\/HOME1-Allestimenti-CITROEN.png\" alt=\"Van equipments Citro\u00ebn\" width=\"116\" height=\"105\" data-lazy-src=\"https:\/\/www.storevan.com\/wp-content\/uploads\/2017\/01\/HOME1-Allestimenti-CITROEN.png\" data-was-processed=\"true\" \/>Store Van produces <strong>fittings for commercial vehicles<\/strong> <strong>Citro\u00ebn<\/strong>: Floor and panels; ladder and roof racks and and several <strong>van equipments<\/strong> following your specific professional needs.<\/p>\n<h3 class=\"customblackTitleExtraSmall\">SELECT YOUR Citro\u00ebn MODEL:<\/h3>\n<div class=\"one_fourth\">\n<p class=\"text-center\"><strong>NEMO\u00a02007<\/strong><\/p>\n<hr class=\"hidden-xs hidden-sm\"\/>\n<a href=\"https:\/\/www.storevan.com\/en\/fittings-van-equipment\/citroen\/nemo\/\" rel=\"attachment wp-att-5515\" class=\"txtOrange\" title=\"Van equipment Nemo\"><img decoding=\"async\" loading=\"lazy\" class=\"aligncenter size-full wp-image-40145\" src=\"https:\/\/www.storevan.com\/wp-content\/uploads\/2015\/12\/Allestimento-furgoni-Citroen-Nemo-2007-1.jpg\" alt=\"Van equipment for Citro\u00ebn Nemo\" width=\"350\" height=\"220\" srcset=\"https:\/\/www.storevan.com\/wp-content\/uploads\/2015\/12\/Allestimento-furgoni-Citroen-Nemo-2007-1.jpg 350w, https:\/\/www.storevan.com\/wp-content\/uploads\/2015\/12\/Allestimento-furgoni-Citroen-Nemo-2007-1-300x189.jpg 300w\" sizes=\"(max-width: 350px) 100vw, 350px\" \/><br \/>\nVan equipment Nemo <i class=\"fa fa-angle-double-right\"><\/i><\/a><br \/>\n<a href=\"https:\/\/www.storevan.com\/en\/fittings-van-equipment\/citroen\/nemo\/floor-panels\/\" class=\"txtOrange\" title=\"Van flooring and panelling Nemo\">Van flooring and panelling <i class=\"fa fa-angle-double-right\"><\/i><\/a><br \/>\n<a href=\"https:\/\/www.storevan.com\/en\/fittings-van-equipment\/citroen\/nemo\/roof-racks\/\" class=\"txtOrange\" title=\"Roof and ladder racks Nemo\">Roof and ladder racks <i class=\"fa fa-angle-double-right\"><\/i><\/a> <\/p>\n<hr noshade=\"noshade\" size=\"1\" class=\"visible-xs\" \/>\n<\/div>\n<div class=\"one_fourth\">\n<p class=\"text-center\"><strong>BERLINGO 2018<\/strong><\/p>\n<hr class=\"hidden-xs hidden-sm\"\/>\n<a href=\"https:\/\/www.storevan.com\/en\/fittings-van-equipment\/citroen\/berlingo\/\" class=\"txtOrange\" title=\"Van equipment Berlingo\"><img decoding=\"async\" loading=\"lazy\" src=\"https:\/\/www.storevan.com\/wp-content\/uploads\/2019\/03\/Citroen-Berlingo-2018.jpg\" alt=\"Van equipment for Citro\u00ebn Berlingo\" width=\"350\" height=\"220\" class=\"aligncenter size-full wp-image-99301\" srcset=\"https:\/\/www.storevan.com\/wp-content\/uploads\/2019\/03\/Citroen-Berlingo-2018.jpg 350w, https:\/\/www.storevan.com\/wp-content\/uploads\/2019\/03\/Citroen-Berlingo-2018-300x189.jpg 300w\" sizes=\"(max-width: 350px) 100vw, 350px\" \/><br \/>\nVan equipment Berlingo <i class=\"fa fa-angle-double-right\"><\/i><\/a><br \/>\n<a href=\"https:\/\/www.storevan.com\/en\/fittings-van-equipment\/citroen\/berlingo\/floor-panels\/\" class=\"txtOrange\" title=\"Van flooring and panelling Berlingo\">Van flooring and panelling <i class=\"fa fa-angle-double-right\"><\/i><\/a><br \/>\n<a href=\"https:\/\/www.storevan.com\/en\/fittings-van-equipment\/citroen\/berlingo\/ladder-holders-roof-racks\/\" class=\"txtOrange\" title=\"Roof and ladder racks Berlingo\">Roof and ladder racks <i class=\"fa fa-angle-double-right\"><\/i><\/a> <\/p>\n<hr noshade=\"noshade\" size=\"1\" class=\"visible-xs\" \/>\n<\/div>\n<div class=\"one_fourth\">\n<p class=\"text-center\"><strong>JUMPER\u00a02014<\/strong><\/p>\n<hr class=\"hidden-xs hidden-sm\"\/>\n<a href=\"https:\/\/www.storevan.com\/en\/fittings-van-equipment\/citroen\/jumper\/\" class=\"txtOrange\" title=\"Van equipment Jumper\"><img decoding=\"async\" loading=\"lazy\" class=\"aligncenter size-full wp-image-40139\" src=\"https:\/\/www.storevan.com\/wp-content\/uploads\/2015\/12\/Allestimento-furgoni-Citroen-Jumper-2015-1.jpg\" alt=\"Van equipment for Citro\u00ebn Jumper\" width=\"350\" height=\"220\" srcset=\"https:\/\/www.storevan.com\/wp-content\/uploads\/2015\/12\/Allestimento-furgoni-Citroen-Jumper-2015-1.jpg 350w, https:\/\/www.storevan.com\/wp-content\/uploads\/2015\/12\/Allestimento-furgoni-Citroen-Jumper-2015-1-300x189.jpg 300w\" sizes=\"(max-width: 350px) 100vw, 350px\" \/><br \/>\nVan equipment Jumper <i class=\"fa fa-angle-double-right\"><\/i><\/a><br \/>\n<a href=\"https:\/\/www.storevan.com\/en\/fittings-van-equipment\/citroen\/jumper\/floor-panels\/\" class=\"txtOrange\" title=\"Van flooring and panelling Jumper\">Van flooring and panelling <i class=\"fa fa-angle-double-right\"><\/i><\/a><br \/>\n<a href=\"https:\/\/www.storevan.com\/en\/fittings-van-equipment\/citroen\/jumper\/ladder-holders-roof-racks\/\" class=\"txtOrange\" title=\"Roof and ladder racks Jumper\">Roof and ladder racks <i class=\"fa fa-angle-double-right\"><\/i><\/a> <\/p>\n<hr noshade=\"noshade\" size=\"1\" class=\"visible-xs\" \/>\n<\/div>\n<div class=\"one_fourth last\">\n<p class=\"text-center\"><strong>JUMPY\u00a02016<\/strong><\/p>\n<hr class=\"hidden-xs hidden-sm\"\/>\n<a href=\"https:\/\/www.storevan.com\/en\/fittings-van-equipment\/citroen\/jumpy-2016\/\" class=\"txtOrange\" title=\"Van equipment Jumpy 2016\"><img decoding=\"async\" loading=\"lazy\" class=\"aligncenter wp-image-43109 size-full\" src=\"https:\/\/www.storevan.com\/wp-content\/uploads\/2015\/12\/Allestimento-furgoni-Citroen-Jumpy-2016.jpg\" alt=\"Van equipment for Citro\u00ebn Jumpy 2016\" width=\"350\" height=\"220\" srcset=\"https:\/\/www.storevan.com\/wp-content\/uploads\/2015\/12\/Allestimento-furgoni-Citroen-Jumpy-2016.jpg 350w, https:\/\/www.storevan.com\/wp-content\/uploads\/2015\/12\/Allestimento-furgoni-Citroen-Jumpy-2016-300x189.jpg 300w\" sizes=\"(max-width: 350px) 100vw, 350px\" \/><br \/>\nVan equipment Jumpy 2016 <i class=\"fa fa-angle-double-right\"><\/i><\/a><br \/>\n<a href=\"https:\/\/www.storevan.com\/en\/fittings-van-equipment\/citroen\/jumpy-2016\/floor-panels\/\" class=\"txtOrange\" title=\"Van flooring and panelling Jumpy 2016\">Van flooring and panelling <i class=\"fa fa-angle-double-right\"><\/i><\/a><br \/>\n<a href=\"https:\/\/www.storevan.com\/en\/fittings-van-equipment\/citroen\/jumpy-2016\/ladder-holders-roof-racks\/\" class=\"txtOrange\" title=\"Roof and ladder racks Jumpy 2016\">Roof and ladder racks <i class=\"fa fa-angle-double-right\"><\/i><\/a> <\/p>\n<hr noshade=\"noshade\" size=\"1\" class=\"visible-xs\" \/>\n<\/div><div class=\"clearboth\"><\/div>\n","protected":false},"excerpt":{"rendered":"<p>Van equipments for Citro\u00ebn Store Van produces fittings for commercial vehicles Citro\u00ebn: Floor and panels; ladder and roof racks and and several van equipments following your specific professional needs. SELECT.<\/p>\n","protected":false},"author":470,"featured_media":0,"parent":7336,"menu_order":0,"comment_status":"closed","ping_status":"closed","template":"","meta":[],"acf":[],"yoast_head":"<!-- This site is optimized with the Yoast SEO plugin v20.11 - https:\/\/yoast.com\/wordpress\/plugins\/seo\/ -->\n<title>Van equipments for Citro\u00ebn<\/title>\n<meta name=\"description\" content=\"Store Van produces van equipments for Citro\u00ebn: fittings for commercial vehicles Citro\u00ebn. Floor and panels; ladder and roof racks and ...\" \/>\n<meta name=\"robots\" content=\"index, follow, max-snippet:-1, max-image-preview:large, max-video-preview:-1\" \/>\n<link rel=\"canonical\" href=\"https:\/\/www.storevan.com\/en\/fittings-van-equipment\/citroen\/\" \/>\n<meta property=\"og:locale\" content=\"en_US\" \/>\n<meta property=\"og:type\" content=\"article\" \/>\n<meta property=\"og:title\" content=\"Van equipments for Citro\u00ebn\" \/>\n<meta property=\"og:description\" content=\"Store Van produces van equipments for Citro\u00ebn: fittings for commercial vehicles Citro\u00ebn. Floor and panels; ladder and roof racks and ...\" \/>\n<meta property=\"og:url\" content=\"https:\/\/www.storevan.com\/en\/fittings-van-equipment\/citroen\/\" \/>\n<meta property=\"og:site_name\" content=\"Store Van\" \/>\n<meta property=\"article:modified_time\" content=\"2019-03-18T15:50:08+00:00\" \/>\n<meta property=\"og:image\" content=\"https:\/\/www.storevan.com\/wp-content\/uploads\/2017\/01\/HOME1-Allestimenti-CITROEN.png\" \/>\n<meta name=\"twitter:label1\" content=\"Est. reading time\" \/>\n\t<meta name=\"twitter:data1\" content=\"1 minute\" \/>\n<script type=\"application\/ld+json\" class=\"yoast-schema-graph\">{\"@context\":\"https:\/\/schema.org\",\"@graph\":[{\"@type\":\"WebPage\",\"@id\":\"https:\/\/www.storevan.com\/en\/fittings-van-equipment\/citroen\/\",\"url\":\"https:\/\/www.storevan.com\/en\/fittings-van-equipment\/citroen\/\",\"name\":\"Van equipments for Citro\u00ebn\",\"isPartOf\":{\"@id\":\"https:\/\/www.storevan.com\/pl\/#website\"},\"datePublished\":\"2015-12-14T08:48:07+00:00\",\"dateModified\":\"2019-03-18T15:50:08+00:00\",\"description\":\"Store Van produces van equipments for Citro\u00ebn: fittings for commercial vehicles Citro\u00ebn. Floor and panels; ladder and roof racks and ...\",\"breadcrumb\":{\"@id\":\"https:\/\/www.storevan.com\/en\/fittings-van-equipment\/citroen\/#breadcrumb\"},\"inLanguage\":\"en-US\",\"potentialAction\":[{\"@type\":\"ReadAction\",\"target\":[\"https:\/\/www.storevan.com\/en\/fittings-van-equipment\/citroen\/\"]}]},{\"@type\":\"BreadcrumbList\",\"@id\":\"https:\/\/www.storevan.com\/en\/fittings-van-equipment\/citroen\/#breadcrumb\",\"itemListElement\":[{\"@type\":\"ListItem\",\"position\":1,\"name\":\"Home\",\"item\":\"https:\/\/www.storevan.com\/en\/\"},{\"@type\":\"ListItem\",\"position\":2,\"name\":\"Fittings for commercial vehicles\",\"item\":\"https:\/\/www.storevan.com\/en\/fittings-van-equipment\/\"},{\"@type\":\"ListItem\",\"position\":3,\"name\":\"Citro\u00ebn\"}]},{\"@type\":\"WebSite\",\"@id\":\"https:\/\/www.storevan.com\/pl\/#website\",\"url\":\"https:\/\/www.storevan.com\/pl\/\",\"name\":\"Store Van\",\"description\":\"Van equipments\",\"potentialAction\":[{\"@type\":\"SearchAction\",\"target\":{\"@type\":\"EntryPoint\",\"urlTemplate\":\"https:\/\/www.storevan.com\/pl\/?s={search_term_string}\"},\"query-input\":\"required name=search_term_string\"}],\"inLanguage\":\"en-US\"}]}<\/script>\n<!-- \/ Yoast SEO plugin. -->","yoast_head_json":{"title":"Van equipments for Citro\u00ebn","description":"Store Van produces van equipments for Citro\u00ebn: fittings for commercial vehicles Citro\u00ebn. Floor and panels; ladder and roof racks and ...","robots":{"index":"index","follow":"follow","max-snippet":"max-snippet:-1","max-image-preview":"max-image-preview:large","max-video-preview":"max-video-preview:-1"},"canonical":"https:\/\/www.storevan.com\/en\/fittings-van-equipment\/citroen\/","og_locale":"en_US","og_type":"article","og_title":"Van equipments for Citro\u00ebn","og_description":"Store Van produces van equipments for Citro\u00ebn: fittings for commercial vehicles Citro\u00ebn. Floor and panels; ladder and roof racks and ...","og_url":"https:\/\/www.storevan.com\/en\/fittings-van-equipment\/citroen\/","og_site_name":"Store Van","article_modified_time":"2019-03-18T15:50:08+00:00","og_image":[{"url":"https:\/\/www.storevan.com\/wp-content\/uploads\/2017\/01\/HOME1-Allestimenti-CITROEN.png"}],"twitter_misc":{"Est. reading time":"1 minute"},"schema":{"@context":"https:\/\/schema.org","@graph":[{"@type":"WebPage","@id":"https:\/\/www.storevan.com\/en\/fittings-van-equipment\/citroen\/","url":"https:\/\/www.storevan.com\/en\/fittings-van-equipment\/citroen\/","name":"Van equipments for Citro\u00ebn","isPartOf":{"@id":"https:\/\/www.storevan.com\/pl\/#website"},"datePublished":"2015-12-14T08:48:07+00:00","dateModified":"2019-03-18T15:50:08+00:00","description":"Store Van produces van equipments for Citro\u00ebn: fittings for commercial vehicles Citro\u00ebn. Floor and panels; ladder and roof racks and ...","breadcrumb":{"@id":"https:\/\/www.storevan.com\/en\/fittings-van-equipment\/citroen\/#breadcrumb"},"inLanguage":"en-US","potentialAction":[{"@type":"ReadAction","target":["https:\/\/www.storevan.com\/en\/fittings-van-equipment\/citroen\/"]}]},{"@type":"BreadcrumbList","@id":"https:\/\/www.storevan.com\/en\/fittings-van-equipment\/citroen\/#breadcrumb","itemListElement":[{"@type":"ListItem","position":1,"name":"Home","item":"https:\/\/www.storevan.com\/en\/"},{"@type":"ListItem","position":2,"name":"Fittings for commercial vehicles","item":"https:\/\/www.storevan.com\/en\/fittings-van-equipment\/"},{"@type":"ListItem","position":3,"name":"Citro\u00ebn"}]},{"@type":"WebSite","@id":"https:\/\/www.storevan.com\/pl\/#website","url":"https:\/\/www.storevan.com\/pl\/","name":"Store Van","description":"Van equipments","potentialAction":[{"@type":"SearchAction","target":{"@type":"EntryPoint","urlTemplate":"https:\/\/www.storevan.com\/pl\/?s={search_term_string}"},"query-input":"required name=search_term_string"}],"inLanguage":"en-US"}]}},"_links":{"self":[{"href":"https:\/\/www.storevan.com\/en\/wp-json\/wp\/v2\/pages\/8368"}],"collection":[{"href":"https:\/\/www.storevan.com\/en\/wp-json\/wp\/v2\/pages"}],"about":[{"href":"https:\/\/www.storevan.com\/en\/wp-json\/wp\/v2\/types\/page"}],"author":[{"embeddable":true,"href":"https:\/\/www.storevan.com\/en\/wp-json\/wp\/v2\/users\/470"}],"replies":[{"embeddable":true,"href":"https:\/\/www.storevan.com\/en\/wp-json\/wp\/v2\/comments?post=8368"}],"version-history":[{"count":9,"href":"https:\/\/www.storevan.com\/en\/wp-json\/wp\/v2\/pages\/8368\/revisions"}],"predecessor-version":[{"id":99331,"href":"https:\/\/www.storevan.com\/en\/wp-json\/wp\/v2\/pages\/8368\/revisions\/99331"}],"up":[{"embeddable":true,"href":"https:\/\/www.storevan.com\/en\/wp-json\/wp\/v2\/pages\/7336"}],"wp:attachment":[{"href":"https:\/\/www.storevan.com\/en\/wp-json\/wp\/v2\/media?parent=8368"}],"curies":[{"name":"wp","href":"https:\/\/api.w.org\/{rel}","templated":true}]}}